{"id":2849,"date":"2025-08-07T15:33:01","date_gmt":"2025-08-07T13:33:01","guid":{"rendered":"https:\/\/www.gesundheit-im-blick.at\/brustkrebs\/?page_id=2849"},"modified":"2026-03-02T12:25:19","modified_gmt":"2026-03-02T11:25:19","slug":"fruherkennung","status":"publish","type":"page","link":"https:\/\/www.gesundheit-im-blick.at\/brustkrebs\/fruherkennung\/","title":{"rendered":"Fr\u00fcherkennung"},"content":{"rendered":"\n<section class=\"mh-hero-5 mh-hero-5--default mh-hero-5--position-center-left mh-hero-5--40d52007fc9f80222a9dfd20ec35e197 mh-hero-5--align-full\">\n        <figure class=\"mh-hero-5__image mh-image mh-image--55ec84f339e15b668688887302c60481 with-aspect-ratio with-aspect-ratio--custom-only-large-screen\">\n        <div class=\"figure-outer\">\n            <div class=\"figure-inner\">\n                                            <img decoding=\"async\"\n        class=\"is-full-width\"\n        src=\"https:\/\/www.gesundheit-im-blick.at\/brustkrebs\/wp-content\/uploads\/sites\/578\/2025\/09\/Fruherkennung-banner.jpg?w=2048\"\n        width=\"2048\"\n        height=\"664\"\n        loading=\"lazy\"\n        alt=\"Fru\u0308herkennung-banner\"\n            \/>\n                                <\/div>\n        <\/div>\n            <\/figure>\n    \n\n<article class='mh-hero-5-content mh-hero-5-content--d27c1b844cefac9b78a2fed6aaef2915 mh-hero-5-content--default'>\n    \n<h1  class=\"mh-hero-5-content__title mh-heading mh-heading--left mh-heading--8d2d4555e7aa6c2b0630e896988521c1\"><strong><strong>Warum ist <mark style=\"background-color:rgba(0, 0, 0, 0);color:#c9689e\" class=\"has-inline-color\">Fr\u00fcherkennung<\/mark> so wichtig?<\/strong><\/strong><\/h1>\n\n\n<p\n    class=\"mh-hero-5-content__text mh-paragraph mh-paragraph--left mh-paragraph--31dbf18fe9f11eaccad3a87dcff460fc\"\n    >\n    Brustkrebs verursacht oft lange keine Beschwerden. Umso wichtiger ist es, Ver\u00e4nderungen fr\u00fch zu bemerken und \u00e4rztlich abkl\u00e4ren zu lassen.\u00a0 Je fr\u00fcher ein Tumor entdeckt wird, desto besser sind die Heilungschancen und desto schonender k\u00f6nnen die Therapien gestaltet werden. <\/p>\n\n\n<div  class=\"mh-links mh-links--justified-start\">\n\n<a\n  class=\"mh-button mh-button--17b76f0980f3895c8a7b391f0844b3c4 mh-button--filled mh-button--fullwidth mh-button--rounded\"\n  href=\"https:\/\/www.gesundheit-im-blick.at\/brustkrebs\/fruherkennung\/#brust-selbst-untersuchen\"\n  target=\"_self\"\n  rel=\"\"\n      aria-label=\"Selbstuntersuchung \u2013 so geht\u2019s\"\n      >\n\n      <span class=\"mh-anchor-label\">\n      <span class=\"\">Selbstuntersuchung \u2013 so geht\u2019s<\/span>    <\/span>\n      <\/a>\n\n\n<\/div>\n\n<div  class=\"mh-links mh-links--justified-start\">\n\n<a\n  class=\"mh-button mh-button--208acba7029abfae74adf2ee069f0bb7 mh-button--custom mh-button--fullwidth mh-button--rounded\"\n  href=\"#untersuchung-ab\"\n  target=\"_self\"\n  rel=\"\"\n      aria-label=\"Wie l\u00e4uft die \u00e4rztliche Untersuchung ab?\"\n      >\n\n      <span class=\"mh-anchor-label\">\n      <span class=\"\">Wie l\u00e4uft die \u00e4rztliche Untersuchung ab?<\/span>    <\/span>\n      <\/a>\n\n\n<\/div>\n<\/article>\n\n<\/section>\n\n\n<hr class=\"mh-spacer mh-spacer--e320d7886ceb523849737b87d37993ee\" aria-hidden=\"true\" \/>\n\n\n<div id=\"diagnose\" class=\"mh-content-19 mh-element mh-element--432db5eb7a2be8a037fc7ae3ee6072a6 mh-element--align-full\">\n    <div class=\"mh-container\">\n        \n<div class=\"mh-columns mh-column--d63bf75834773e581ae5c5a507596cc5 mh-columns--gutter-m\">\n    <div class=\"mh-columns-inner\">\n        \n<div class=\"mh-column mh-column--0c15a888e85b5c738a68b8ad60e03939 mh-column--12 mh-column--m-12 mh-column--l-12\">\n    \n<h2  id=\"fruherkennung-kann-leben-retten\" class=\"mh-heading mh-heading--center mh-heading--align-center mh-heading--7720127551b491b486eb33fa749d7bef\"><strong><strong><mark style=\"background-color:rgba(0, 0, 0, 0);color:#c9689e\" class=\"has-inline-color\">Fr\u00fcherkennung<\/mark> kann Leben retten<\/strong><\/strong><\/h2>\n\n\n<p\n    class=\"mh-paragraph mh-paragraph--center mh-paragraph--b1fbb93d3c2ac731d0c919929a7adca3\"\n    >\n    Regelm\u00e4\u00dfige Selbstuntersuchungen und das staatliche Mammographie-Screening in \u00d6sterreich k\u00f6nnen dazu beitragen, Brustkrebs fr\u00fchzeitig zu erkennen \u2013 und Leben zu retten. Zur Fr\u00fcherkennung stehen verschiedene Methoden zur Verf\u00fcgung:<\/p>\n\n\n<div class=\"mh-columns mh-columns--align-full mh-column--7a75b7e2f7ab66cbf987ee45979944a5 mh-columns--gutter-m\">\n    <div class=\"mh-columns-inner\">\n        \n<div class=\"mh-column mh-column--01e8470322ecd1e77daf740a2682093d mh-column--12 mh-column--m-4 mh-column--l-4\">\n    \n    <figure class=\"mh-image mh-image--align-center mh-image--5c74170dd2c2156ac789c856cf7ebd3d\" >\n                            <img decoding=\"async\"\n        class=\"\"\n        src=\"https:\/\/www.gesundheit-im-blick.at\/brustkrebs\/wp-content\/uploads\/sites\/578\/2025\/09\/Mammographie-icon.svg?w=120\"\n        width=\"\"\n        height=\"\"\n        loading=\"lazy\"\n        alt=\"Mammographie - icon\"\n            \/>\n                        <\/figure>\n\n\n<h3  class=\"mh-heading mh-heading--center mh-heading--align-center mh-heading--b60c098f8d3285c117d437023de139b3\"><strong><strong><strong>Mammographie<\/strong><\/strong><\/strong><\/h3>\n\n\n<p\n    class=\"mh-paragraph mh-paragraph--center mh-paragraph--24a520e81d3d5f9635a9256ce4a1e430\"\n    >\n    Standardverfahren im Screeningprogramm \u00d6sterreichs<\/p>\n\n<\/div>\n\n\n<div class=\"mh-column mh-column--8a18d35724025c27b2e5f16d2e0e2437 mh-column--12 mh-column--m-4 mh-column--l-4\">\n    \n    <figure class=\"mh-image mh-image--align-center mh-image--fc2053eab486b362dc2a81b92d5011ba\" >\n                            <img decoding=\"async\"\n        class=\"\"\n        src=\"https:\/\/www.gesundheit-im-blick.at\/brustkrebs\/wp-content\/uploads\/sites\/578\/2025\/09\/Arztliche-Tastuntersuchung-icon.svg?w=120\"\n        width=\"\"\n        height=\"\"\n        loading=\"lazy\"\n        alt=\"A\u0308rztliche Tastuntersuchung - icon\"\n            \/>\n                        <\/figure>\n\n\n<h3  class=\"mh-heading mh-heading--center mh-heading--f4e8914fecdc07d3a7a457ef7b090f78\"><strong>\u00c4rztliche Tastuntersuchung<\/strong><\/h3>\n\n\n<p\n    class=\"mh-content-19__text mh-paragraph mh-paragraph--center mh-paragraph--4c42369cc9da277331977dc41eaf4e1f\"\n    >\n    Teil gyn\u00e4kologischer Vorsorgeuntersuchungen<\/p>\n\n<\/div>\n\n\n<div class=\"mh-column mh-column--648c2d4326405b3454dc3adadbf7ad0f mh-column--12 mh-column--m-4 mh-column--l-4\">\n    \n    <figure class=\"mh-image mh-image--align-center mh-image--49cd2549d7218e8fabe3ecf50f8914e8\" >\n                            <img decoding=\"async\"\n        class=\"\"\n        src=\"https:\/\/www.gesundheit-im-blick.at\/brustkrebs\/wp-content\/uploads\/sites\/578\/2025\/09\/Selbstuntersuchung-icon.svg?w=120\"\n        width=\"\"\n        height=\"\"\n        loading=\"lazy\"\n        alt=\"Selbstuntersuchung - icon\"\n            \/>\n                        <\/figure>\n\n\n<h3  class=\"mh-heading mh-heading--center mh-heading--42d455818409c8cfadb282d30fbec40d\"><strong>Selbstuntersuchung<\/strong><\/h3>\n\n\n<p\n    class=\"mh-content-19__text mh-paragraph mh-paragraph--center mh-paragraph--480d325c41a24c4f8d675a91690486e7\"\n    >\n    monatliche Kontrolle durch die Frau selbst<\/p>\n\n<\/div>\n\n\n<div class=\"mh-column mh-column--254d5a83ac11acdf7fa32adff9f7d4d6 mh-column--12 mh-column--m-4 mh-column--l-4\">\n    \n    <figure class=\"mh-image mh-image--align-center mh-image--f2b0faefb72979faeaed410e1c434385\" >\n                            <img decoding=\"async\"\n        class=\"\"\n        src=\"https:\/\/www.gesundheit-im-blick.at\/brustkrebs\/wp-content\/uploads\/sites\/578\/2025\/09\/Ultraschall-icon.svg?w=120\"\n        width=\"\"\n        height=\"\"\n        loading=\"lazy\"\n        alt=\"Ultraschall - icon\"\n            \/>\n                        <\/figure>\n\n\n<h3  class=\"mh-heading mh-heading--center mh-heading--4c1c4b7a9dbdcfa50735cc5708f24f3d\"><strong><strong>Ultraschall<\/strong><\/strong><\/h3>\n\n\n<p\n    class=\"mh-content-19__text mh-paragraph mh-paragraph--center mh-paragraph--af48b54fed93a10b51ae4929a2ae1fd2\"\n    >\n    besonders hilfreich bei dichtem Brustgewebe<\/p>\n\n<\/div>\n\n\n<div class=\"mh-column mh-column--5e5258616c1f54ea5a5d302f0ff1d13d mh-column--12 mh-column--m-4 mh-column--l-4\">\n    \n    <figure class=\"mh-image mh-image--align-center mh-image--bc1d737baf453d452a97ddb8d5119e80\" >\n                            <img decoding=\"async\"\n        class=\"\"\n        src=\"https:\/\/www.gesundheit-im-blick.at\/brustkrebs\/wp-content\/uploads\/sites\/578\/2025\/09\/MRT-icon.svg?w=120\"\n        width=\"\"\n        height=\"\"\n        loading=\"lazy\"\n        alt=\"MRT - icon\"\n            \/>\n                        <\/figure>\n\n\n<h3  class=\"mh-heading mh-heading--center mh-heading--f07f042e9b1d95e683e17ffaf1f0ae3f\"><strong><strong>MRT<\/strong><\/strong><\/h3>\n\n\n<p\n    class=\"mh-content-19__text mh-paragraph mh-paragraph--center mh-paragraph--f30f557599facce8d41afc3be227db48\"\n    >\n    \u00a0vor allem f\u00fcr Frauen mit stark erh\u00f6htem Risiko, z. B. BRCA-Mutationen<\/p>\n\n<\/div>\n\n    <\/div>\n<\/div>\n\n<\/div>\n\n    <\/div>\n<\/div>\n\n    <\/div>\n<\/div>\n\n\n<div class=\"mh-columns mh-column--b7aa10ed2597b44ec19974a14c77a6f9 mh-columns--gutter-m\">\n    <div class=\"mh-columns-inner\">\n        \n<div class=\"mh-column mh-column--3dc1dc108e79127c13252177f9fbda06 mh-column--12 mh-column--m-12 mh-column--l-12\">\n    \n<hr class=\"mh-spacer mh-spacer--b03d38d148b1613f17cbb782e7a7abae\" aria-hidden=\"true\" \/>\n\n\n<h2  id=\"brust-selbst-untersuchen\" class=\"mh-heading mh-heading--center mh-heading--fbdae0319e8d94b6834b082728905c6b\"><strong><strong><strong>Wie kann ich meine Brust <mark style=\"background-color:rgba(0, 0, 0, 0);color:#c9689e\" class=\"has-inline-color\">selbst untersuchen<\/mark>?<\/strong><\/strong><\/strong><\/h2>\n\n\n<p\n    class=\"mh-paragraph mh-paragraph--center mh-paragraph--ae67d233c86fb68bee0730a8be40c637\"\n    >\n    Die Selbstuntersuchung ist eine einfache Ma\u00dfnahme, um Ver\u00e4nderungen fr\u00fch zu erkennen. Frauen sollten monatlich ihre Brust abtasten und auf Knoten, Verh\u00e4rtungen oder Hautver\u00e4nderungen achten. Sie ersetzt keine \u00e4rztliche Kontrolle, ist aber ein wichtiger erster Schritt.<\/p>\n\n\n<div class=\"mh-columns mh-column--257c51fe80dda0a2ca463187f7645544 mh-columns--gutter-m\">\n    <div class=\"mh-columns-inner\">\n        \n<div class=\"mh-column mh-column--4c396f6a35845176f4d772645ed5d404 mh-column--12 mh-column--m-12 mh-column--l-12\">\n    \n<div class=\"mh-columns mh-columns--align-full mh-columns--vertical-alignment-center mh-column--0e8eda5f36685de80af571cb967ee28e mh-columns--gutter-m\">\n    <div class=\"mh-columns-inner\">\n        \n<div class=\"mh-column mh-column--714d805150a8db7acd7fd735a2f1cd0b mh-column--9 mh-column--m-4 mh-column--l-4\">\n    \n    <figure class=\"mh-image mh-image--c827e11d86b44db5e016d118c12873be with-aspect-ratio with-aspect-ratio--square\">\n        <div class=\"figure-outer\">\n            <div class=\"figure-inner\">\n                                            <img decoding=\"async\"\n        class=\"\"\n        src=\"https:\/\/www.gesundheit-im-blick.at\/brustkrebs\/wp-content\/uploads\/sites\/578\/2025\/09\/Wie-kann-ich-meine-Brust-selbst-untersuchen_.svg?w=323\"\n        width=\"\"\n        height=\"\"\n        loading=\"lazy\"\n        alt=\"Wie kann ich meine Brust selbst untersuchen\"\n            \/>\n                                <\/div>\n        <\/div>\n            <\/figure>\n\n<\/div>\n\n\n<div class=\"mh-column mh-column--11825abccee192f2b9bfdf9038efc915 mh-column--12 mh-column--m-8 mh-column--l-8\">\n    \n\n<ul class=\"mh-v2-clist mh-v2-clist--9e3562c90a0846eee60ccd12507bbba1 mh-v2-clist--dot\"  >\n\n\n<li>\n    Knoten    <\/li>\n\n\n\n<li>\n    Gr\u00f6\u00dfenunterschiede der Brust    <\/li>\n\n\n\n<li>\n    Hautauf\u00e4lligkeiten (z. B. Dellenbildungen, Ver\u00e4nderung der Hautfarbe)    <\/li>\n\n\n\n<li>\n    Einziehungen (z. B. der Brustwarze)    <\/li>\n\n\n\n<li>\n    Sekretartige Absonderungen    <\/li>\n\n\n\n<li>\n    Verh\u00e4rtungen in der Brust (z. B. Knoten)    <\/li>\n\n<\/ul>\n\n<\/div>\n\n    <\/div>\n<\/div>\n\n<\/div>\n\n    <\/div>\n<\/div>\n\n\n<div class=\"mh-columns mh-column--2a11b2de14db1060a6b403032a6640f7 mh-columns--gutter-m\">\n    <div class=\"mh-columns-inner\">\n        \n<div class=\"mh-column mh-column--b294e555374c0212ef70b5848e7e2da7 mh-column--12 mh-column--m-12 mh-column--l-12\">\n    \n\n<p\n    class=\"mh-paragraph mh-paragraph--center mh-paragraph--a18e2c51027af10327eeddac2e776263\"\n    >\n    <strong>Vor dem Spiegel<\/strong><\/p>\n\n\n<div class=\"mh-columns mh-columns--align-full mh-column--982052024b89473b33175b7baf713f12 mh-columns--gutter-m\">\n    <div class=\"mh-columns-inner\">\n        \n<div class=\"mh-column mh-column--7b6881d79c3c419e61657c53a1b1b872 mh-column--12 mh-column--m-4 mh-column--l-4\">\n    \n    <figure class=\"mh-image mh-image--be2006273ab4b9be4b1c82bb06f4a5a9 with-aspect-ratio with-aspect-ratio--square\">\n        <div class=\"figure-outer\">\n            <div class=\"figure-inner\">\n                                            <img decoding=\"async\"\n        class=\"\"\n        src=\"https:\/\/www.gesundheit-im-blick.at\/brustkrebs\/wp-content\/uploads\/sites\/578\/2025\/09\/Vor-dem-Spiegel-1.svg?w=323\"\n        width=\"\"\n        height=\"\"\n        loading=\"lazy\"\n        alt=\"Vor dem Spiegel 1\"\n            \/>\n                                <\/div>\n        <\/div>\n            <\/figure>\n\n\n<hr class=\"mh-spacer mh-spacer--b74a05863f213a92f755cc16f243a726\" aria-hidden=\"true\" \/>\n\n\n\n<p\n    class=\"mh-content-19__text mh-paragraph mh-paragraph--center mh-paragraph--833069e14804a197c0d6afceeca22482\"\n    >\n    Stellen Sie sich zun\u00e4chst mit anlegenden Armen vor den Spiegel. \u00dcberpru\u0308fen Sie Ihre Bru\u0308ste auf optisch erkennbare Auff\u00e4lligkeiten.<\/p>\n\n<\/div>\n\n\n<div class=\"mh-column mh-column--e1c949bc06048cea2b49af02131b26ad mh-column--12 mh-column--m-4 mh-column--l-4\">\n    \n    <figure class=\"mh-image mh-image--76b9d3f6847e066d366ef16739276616 with-aspect-ratio with-aspect-ratio--square\">\n        <div class=\"figure-outer\">\n            <div class=\"figure-inner\">\n                                            <img decoding=\"async\"\n        class=\"\"\n        src=\"https:\/\/www.gesundheit-im-blick.at\/brustkrebs\/wp-content\/uploads\/sites\/578\/2025\/09\/Vor-dem-Spiegel-02.svg?w=323\"\n        width=\"\"\n        height=\"\"\n        loading=\"lazy\"\n        alt=\"Vor dem Spiegel 02\"\n            \/>\n                                <\/div>\n        <\/div>\n            <\/figure>\n\n\n<hr class=\"mh-spacer mh-spacer--b74a05863f213a92f755cc16f243a726\" aria-hidden=\"true\" \/>\n\n\n\n<p\n    class=\"mh-content-19__text mh-paragraph mh-paragraph--center mh-paragraph--0763f64f50a4741516442af5ebf0a577\"\n    >\n    Heben Sie anschlie\u00dfend beide H\u00e4nde an und verschr\u00e4nken Sie diese hinter dem Kopf.<\/p>\n\n<\/div>\n\n\n<div class=\"mh-column mh-column--73005c53a4e8cd53167e5c8b5817ecf3 mh-column--12 mh-column--m-4 mh-column--l-4\">\n    \n    <figure class=\"mh-image mh-image--080e955d7aa649fc3c2c75569d54bef4 with-aspect-ratio with-aspect-ratio--square\">\n        <div class=\"figure-outer\">\n            <div class=\"figure-inner\">\n                                            <img decoding=\"async\"\n        class=\"\"\n        src=\"https:\/\/www.gesundheit-im-blick.at\/brustkrebs\/wp-content\/uploads\/sites\/578\/2025\/09\/Vor-dem-Spiegel-03.svg?w=324\"\n        width=\"\"\n        height=\"\"\n        loading=\"lazy\"\n        alt=\"Vor dem Spiegel 03\"\n            \/>\n                                <\/div>\n        <\/div>\n            <\/figure>\n\n\n<hr class=\"mh-spacer mh-spacer--b74a05863f213a92f755cc16f243a726\" aria-hidden=\"true\" \/>\n\n\n\n<p\n    class=\"mh-content-19__text mh-paragraph mh-paragraph--center mh-paragraph--c1b89829652cb432b83fadbb87e93227\"\n    >\n    Stemmen Sie danach leicht nach vorne gebeugt beide H\u00e4nde in die Hu\u0308fte. Achten Sie auf optische Ver\u00e4nderungen Ihrer Brust.<\/p>\n\n<\/div>\n\n    <\/div>\n<\/div>\n\n<\/div>\n\n    <\/div>\n<\/div>\n\n\n<div class=\"mh-columns mh-column--67016e4d72bdf1570ba986c19bd9127b mh-columns--gutter-m\">\n    <div class=\"mh-columns-inner\">\n        \n<div class=\"mh-column mh-column--b7264df609697b81f2035f080785f5a5 mh-column--12 mh-column--m-12 mh-column--l-12\">\n    \n\n<p\n    class=\"mh-paragraph mh-paragraph--center mh-paragraph--c3d8e368b6349a492fa5c3118624587e\"\n    >\n    <strong>Unter der Dusche<\/strong><\/p>\n\n\n<div class=\"mh-columns mh-columns--align-full mh-column--c2eae11f56c681128620b4cd5a2cb13d mh-columns--gutter-m\">\n    <div class=\"mh-columns-inner\">\n        \n<div class=\"mh-column mh-column--a322e8b6a3df2b765b1e5c21f3270d1a mh-column--12 mh-column--m-4 mh-column--l-4\">\n    \n    <figure class=\"mh-image mh-image--640d10a74a1a9b10687b05e961605143 with-aspect-ratio with-aspect-ratio--square\">\n        <div class=\"figure-outer\">\n            <div class=\"figure-inner\">\n                                            <img decoding=\"async\"\n        class=\"\"\n        src=\"https:\/\/www.gesundheit-im-blick.at\/brustkrebs\/wp-content\/uploads\/sites\/578\/2025\/09\/Unter-der-Dusche-01.svg?w=323\"\n        width=\"\"\n        height=\"\"\n        loading=\"lazy\"\n        alt=\"Unter der Dusche 01\"\n            \/>\n                                <\/div>\n        <\/div>\n            <\/figure>\n\n\n<hr class=\"mh-spacer mh-spacer--b74a05863f213a92f755cc16f243a726\" aria-hidden=\"true\" \/>\n\n\n\n<p\n    class=\"mh-content-19__text mh-paragraph mh-paragraph--center mh-paragraph--304b737c841760290b1c3f1d861b60dc\"\n    >\n    Unter der Dusche f\u00e4llt das Abtasten der Br\u00fcste f\u00fcr viele Frauen einfacher, da die Haut nass ist. Heben Sie Ihren linken Arm und legen Sie die Hand hinter den Kopf.<\/p>\n\n<\/div>\n\n\n<div class=\"mh-column mh-column--94eeb2bfeba053313d67f4cfd19b2f60 mh-column--12 mh-column--m-4 mh-column--l-4\">\n    \n    <figure class=\"mh-image mh-image--fa09ab2f12117722f5be28bd66013352 with-aspect-ratio with-aspect-ratio--square\">\n        <div class=\"figure-outer\">\n            <div class=\"figure-inner\">\n                                            <img decoding=\"async\"\n        class=\"\"\n        src=\"https:\/\/www.gesundheit-im-blick.at\/brustkrebs\/wp-content\/uploads\/sites\/578\/2025\/09\/Unter-der-Dusche-02.svg?w=323\"\n        width=\"\"\n        height=\"\"\n        loading=\"lazy\"\n        alt=\"Unter der Dusche 02\"\n            \/>\n                                <\/div>\n        <\/div>\n            <\/figure>\n\n\n<hr class=\"mh-spacer mh-spacer--b74a05863f213a92f755cc16f243a726\" aria-hidden=\"true\" \/>\n\n\n\n<p\n    class=\"mh-content-19__text mh-paragraph mh-paragraph--center mh-paragraph--b22dae1d8e962614eee8515953ab4ed3\"\n    >\n    Legen Sie die rechte Hand flach auf die linke Brust. Tasten Sie Ihre gesamte Brust und Achselh\u00f6hle mit drei Ihrer mittleren Fingerendglieder in kleinen Kreisen von innen nach au\u00dfen oder in Auf- und Abbewegungen ab \u2013 mit leichtem, mittlerem und starkem Druck.<\/p>\n\n<\/div>\n\n\n<div class=\"mh-column mh-column--2e3abe02cb3ef922bd8dfff3334431c6 mh-column--12 mh-column--m-4 mh-column--l-4\">\n    \n    <figure class=\"mh-image mh-image--1ef449bbba0454a0b02cfd62d7afa3d2 with-aspect-ratio with-aspect-ratio--square\">\n        <div class=\"figure-outer\">\n            <div class=\"figure-inner\">\n                                            <img decoding=\"async\"\n        class=\"\"\n        src=\"https:\/\/www.gesundheit-im-blick.at\/brustkrebs\/wp-content\/uploads\/sites\/578\/2025\/09\/Unter-der-Dusche-03.svg?w=324\"\n        width=\"\"\n        height=\"\"\n        loading=\"lazy\"\n        alt=\"Unter der Dusche 03\"\n            \/>\n                                <\/div>\n        <\/div>\n            <\/figure>\n\n\n<hr class=\"mh-spacer mh-spacer--b74a05863f213a92f755cc16f243a726\" aria-hidden=\"true\" \/>\n\n\n\n<p\n    class=\"mh-content-19__text mh-paragraph mh-paragraph--center mh-paragraph--14c0770feaadf677c51d9872efa37f78\"\n    >\n    Wiederholen Sie das Ganze mit der linken Hand und der rechten Brust.<\/p>\n\n<\/div>\n\n    <\/div>\n<\/div>\n\n<\/div>\n\n    <\/div>\n<\/div>\n\n\n<div class=\"mh-columns mh-column--8f0fc87b0ee1ebccdee763912447ef63 mh-columns--gutter-m\">\n    <div class=\"mh-columns-inner\">\n        \n<div class=\"mh-column mh-column--19bf4dc6552b87da0bdc7c85efd7bf7f mh-column--12 mh-column--m-12 mh-column--l-12\">\n    \n\n<p\n    class=\"mh-paragraph mh-paragraph--center mh-paragraph--0a0ec83764b499a46134917ae6cb5f64\"\n    >\n    <strong>Auf dem Bett<\/strong><\/p>\n\n\n<div class=\"mh-columns mh-columns--align-full mh-column--8271d41364ce1a3e17c288fcb1719d56 mh-columns--gutter-m\">\n    <div class=\"mh-columns-inner\">\n        \n<div class=\"mh-column mh-column--918e1723af814756b1ecee5ce8839922 mh-column--12 mh-column--m-4 mh-column--l-4\">\n    \n    <figure class=\"mh-image mh-image--f3aa70d7b16f880668be2ee2ac211de8 with-aspect-ratio with-aspect-ratio--square\">\n        <div class=\"figure-outer\">\n            <div class=\"figure-inner\">\n                                            <img decoding=\"async\"\n        class=\"\"\n        src=\"https:\/\/www.gesundheit-im-blick.at\/brustkrebs\/wp-content\/uploads\/sites\/578\/2025\/09\/Auf-dem-Bett-01.svg?w=323\"\n        width=\"\"\n        height=\"\"\n        loading=\"lazy\"\n        alt=\"Auf dem Bett 01\"\n            \/>\n                                <\/div>\n        <\/div>\n            <\/figure>\n\n\n<hr class=\"mh-spacer mh-spacer--b74a05863f213a92f755cc16f243a726\" aria-hidden=\"true\" \/>\n\n\n\n<p\n    class=\"mh-content-19__text mh-paragraph mh-paragraph--center mh-paragraph--11b2a7d66daf211e1102c43f40c699c8\"\n    >\n    Legen Sie sich flach auf den R\u00fccken mit einem Kissen oder einem gefalteten Handtuch unter der linken Schulter und dem linken Arm \u00fcber dem Kopf.<\/p>\n\n<\/div>\n\n\n<div class=\"mh-column mh-column--f80820732cfa438277605a86d5c58729 mh-column--12 mh-column--m-4 mh-column--l-4\">\n    \n    <figure class=\"mh-image mh-image--b16900758e33eb767624ea18b12ef158 with-aspect-ratio with-aspect-ratio--square\">\n        <div class=\"figure-outer\">\n            <div class=\"figure-inner\">\n                                            <img decoding=\"async\"\n        class=\"\"\n        src=\"https:\/\/www.gesundheit-im-blick.at\/brustkrebs\/wp-content\/uploads\/sites\/578\/2025\/09\/Auf-dem-Bett-02.svg?w=323\"\n        width=\"\"\n        height=\"\"\n        loading=\"lazy\"\n        alt=\"Auf dem Bett 02\"\n            \/>\n                                <\/div>\n        <\/div>\n            <\/figure>\n\n\n<hr class=\"mh-spacer mh-spacer--b74a05863f213a92f755cc16f243a726\" aria-hidden=\"true\" \/>\n\n\n\n<p\n    class=\"mh-content-19__text mh-paragraph mh-paragraph--center mh-paragraph--c88ffd355d50c138b196a66ce86acb50\"\n    >\n    Legen Sie die linke Hand flach auf die rechte Brust. Tasten Sie Ihre gesamte Brust und Achselh\u00f6hle mit drei Ihrer mittleren Fingerendglieder in kleinen Kreisen von innen nach au\u00dfen oder in Auf- und Abbewegungen ab \u2013 mit leichtem, mittlerem und starkem Druck.<\/p>\n\n<\/div>\n\n\n<div class=\"mh-column mh-column--60ca7b59bfc490fde67ccc817ced988f mh-column--12 mh-column--m-4 mh-column--l-4\">\n    \n    <figure class=\"mh-image mh-image--7947d18af9d572a072f8c758877e3915 with-aspect-ratio with-aspect-ratio--square\">\n        <div class=\"figure-outer\">\n            <div class=\"figure-inner\">\n                                            <img decoding=\"async\"\n        class=\"\"\n        src=\"https:\/\/www.gesundheit-im-blick.at\/brustkrebs\/wp-content\/uploads\/sites\/578\/2025\/09\/Auf-dem-Bett-03.svg?w=324\"\n        width=\"\"\n        height=\"\"\n        loading=\"lazy\"\n        alt=\"Auf dem Bett 03\"\n            \/>\n                                <\/div>\n        <\/div>\n            <\/figure>\n\n\n<hr class=\"mh-spacer mh-spacer--b74a05863f213a92f755cc16f243a726\" aria-hidden=\"true\" \/>\n\n\n\n<p\n    class=\"mh-content-19__text mh-paragraph mh-paragraph--center mh-paragraph--ca43ea21c9fac7fd9dded10959b35ab1\"\n    >\n    Wiederholen Sie das Gleiche auf der anderen Seite mit der rechten Hand und der linken Brust.<\/p>\n\n<\/div>\n\n    <\/div>\n<\/div>\n\n<\/div>\n\n    <\/div>\n<\/div>\n\n<\/div>\n\n    <\/div>\n<\/div>\n\n\n<hr class=\"mh-spacer mh-spacer--9d50d31cb6c3cd803a932836350b83ce\" aria-hidden=\"true\" \/>\n\n\n<div class=\"mh-element mh-element--0a82ad54be9de493c04f27b9b42f17df mh-element--align-full\">\n    <div class=\"mh-container\">\n        \n<div class=\"mh-columns mh-columns--vertical-alignment-center mh-column--f2cb5a8bb751c06470954cccfe18614c mh-columns--gutter-m\">\n    <div class=\"mh-columns-inner\">\n        \n<div class=\"mh-column mh-column--e1d49bdc8f06037ae916d88a85d790e1 mh-column--12 mh-column--m-6 mh-column--l-4\">\n    \n    <figure class=\"mh-image mh-image--447336e9acb8cbd4cbf2999517ef9c66\" >\n                            <img decoding=\"async\"\n        class=\"\"\n        src=\"https:\/\/www.gesundheit-im-blick.at\/brustkrebs\/wp-content\/uploads\/sites\/578\/2025\/09\/AT_TNBC_Brochure_Patienten-Broschure-preview-mockup-8.jpg?w=2000\"\n        width=\"2000\"\n        height=\"1428\"\n        loading=\"lazy\"\n        alt=\"Brustkrebsfruherkennungsbroschure-Deutsch-Englisch-Turkisch-Extension-2023-preview\"\n            \/>\n                        <\/figure>\n\n<\/div>\n\n\n<div class=\"mh-column mh-column--9d127e233dcd66ae9868be001ac2c08a mh-column--12 mh-column--m-12 mh-column--l-8\">\n    \n<h2  class=\"mh-heading mh-heading--left mh-heading--109b6dcb78e4e0743cb33ea4f98cdede\"><strong><strong>Jetzt Anleitung zur <mark style=\"background-color:rgba(0, 0, 0, 0);color:#c9689e\" class=\"has-inline-color\">Selbstuntersuchung<\/mark> herunterladen oder kostenlos bestellen<\/strong><\/strong><\/h2>\n\n<hr class=\"mh-spacer mh-spacer--5026f583dbd8c5bcb5a988ed5996faad\" aria-hidden=\"true\" \/>\n\n\n<div class=\"mh-columns mh-columns--align-center mh-column--796be0d86d701038d6844956b76a3543 mh-columns--gutter-m\">\n    <div class=\"mh-columns-inner\">\n        \n<div class=\"mh-column mh-column--71f34dcbfc7d749b1af654e94d3a0c70 mh-column--12 mh-column--m-6 mh-column--l-6\">\n    \n<div  class=\"mh-links mh-links--justified-start\">\n\n<a\n  class=\"mh-button mh-button--ace955c7b8a46d88cf56e908a311b9da mh-button--custom mh-button--fullwidth\"\n  href=\"https:\/\/www.gesundheit-im-blick.at\/brustkrebs\/wp-content\/uploads\/sites\/578\/2025\/09\/Brustkrebsfruherkennungsbroschure-Deutsch.pdf\"\n  target=\"_blank\"\n  rel=\"noreferrer noopener\"\n      aria-label=\"Download Deutsch\"\n      >\n\n      <span class=\"mh-anchor-label\">\n      <span class=\"\">Download Deutsch<\/span>    <\/span>\n      <\/a>\n\n\n<\/div>\n<\/div>\n\n\n<div class=\"mh-column mh-column--4abe7bf04c595c312186063e48c700ad mh-column--12 mh-column--m-6 mh-column--l-6\">\n    \n<div  class=\"mh-links mh-links--justified-start\">\n\n<a\n  class=\"mh-button mh-button--b9015bf872269ae1d6125a67e0a13702 mh-button--custom mh-button--fullwidth\"\n  href=\"https:\/\/www.gesundheit-im-blick.at\/brustkrebs\/wp-content\/uploads\/sites\/578\/2025\/09\/Brustkrebsfruherkennungsbroschure-English.pdf\"\n  target=\"_blank\"\n  rel=\"noreferrer noopener\"\n      aria-label=\"Download Englisch\"\n      >\n\n      <span class=\"mh-anchor-label\">\n      <span class=\"\">Download Englisch<\/span>    <\/span>\n      <\/a>\n\n\n<\/div>\n<\/div>\n\n\n<div class=\"mh-column mh-column--7ef40e2a432b367816428df133cc547e mh-column--12 mh-column--m-6 mh-column--l-6\">\n    \n<div  class=\"mh-links mh-links--justified-start\">\n\n<a\n  class=\"mh-button mh-button--e1d8e6a9e0329aec8dc3a1bcff1e2643 mh-button--custom mh-button--fullwidth\"\n  href=\"https:\/\/www.gesundheit-im-blick.at\/brustkrebs\/wp-content\/uploads\/sites\/578\/2025\/09\/Brustkrebsfruherkennungsbroschure-Turkisch.pdf\"\n  target=\"_blank\"\n  rel=\"noreferrer noopener\"\n      aria-label=\"Download Turkisch\"\n      >\n\n      <span class=\"mh-anchor-label\">\n      <span class=\"\">Download Turkisch<\/span>    <\/span>\n      <\/a>\n\n\n<\/div>\n<\/div>\n\n\n<div class=\"mh-column mh-column--5cd65109ff1cfc596cd6b121dd7b9b52 mh-column--12 mh-column--m-6 mh-column--l-6\">\n    \n<div  class=\"mh-links mh-links--justified-start\">\n\n<a\n  class=\"mh-button mh-button--74759dfb515564a24b6f0b631cf8d885 mh-button--custom mh-button--fullwidth\"\n  href=\"https:\/\/www.gesundheit-im-blick.at\/brustkrebs\/wp-content\/uploads\/sites\/578\/2025\/09\/PRINT-AR-Brustbroschure-140x140-2025-PDFx4.pdf\"\n  target=\"_blank\"\n  rel=\"noreferrer noopener\"\n      aria-label=\"Download Arabisch\"\n      >\n\n      <span class=\"mh-anchor-label\">\n      <span class=\"\">Download Arabisch<\/span>    <\/span>\n      <\/a>\n\n\n<\/div>\n<\/div>\n\n    <\/div>\n<\/div>\n\n<\/div>\n\n    <\/div>\n<\/div>\n\n    <\/div>\n<\/div>\n\n\n<div class=\"mh-element mh-element--d8064ba49f1755bc42610d9eb921a6f5 mh-element--align-full\">\n    <div class=\"mh-container\">\n        \n\n<div class=\"mh-slider--align-center\">\n    <div\n        class=\"mh-slider mh-slider--slider mh-slider--9d2984fbb09d1edfb2826de647fad686\"\n        data-slider-selector-container=\".mh-slider\"\n        data-options=\"{&quot;type&quot;:&quot;slider&quot;,&quot;perView&quot;:1,&quot;autoplay&quot;:false,&quot;hoverpause&quot;:false,&quot;animationDuration&quot;:400,&quot;rewind&quot;:true,&quot;rewindDuration&quot;:800,&quot;animationTimingFunc&quot;:&quot;ease&quot;,&quot;direction&quot;:&quot;ltr&quot;,&quot;keyboard&quot;:true,&quot;bound&quot;:true,&quot;swipeThreshold&quot;:false,&quot;breakpoints&quot;:{&quot;1199&quot;:{&quot;perView&quot;:1}},&quot;focusAt&quot;:&quot;center&quot;}\"\n        data-slides=\"3\"\n        data-is-paused=\"false\"\n        style=\"visibility: hidden;\"\n    >\n        <div class=\"mh-slider-track\" data-glide-el=\"track\">\n            <div class=\"mh-slider-slides\">\n                <div class=\"mh-slider-slide\"><div class=\"mh-columns mh-columns--align-center mh-columns--vertical-alignment-center mh-column--f4625be06d67fee4d49e4e010cf7c83a mh-columns--gutter-m\">\n    <div class=\"mh-columns-inner\">\n        \n<div class=\"mh-column mh-column--0113ef05a457c4fa35fb41fbff29a562 mh-column--12 mh-column--m-5 mh-column--l-5\">\n    \n<h2  class=\"mh-heading mh-heading--b5a5d809a83bf323e24012aab3597dea\"><strong><mark style=\"background-color:rgba(0, 0, 0, 0);color:#c9689e\" class=\"has-inline-color\">O\u00c4 Dr. Carmen Leser <\/mark>spricht \u00fcber Fr\u00fcherkennung von Brustkrebs und deren Wichtigkeit.<\/strong><\/h2>\n<\/div>\n\n\n<div class=\"mh-column mh-column--0d8092d46d94e56fb6404bc8886729c8 mh-column--12 mh-column--m-7 mh-column--l-7\">\n    \n\n<div  class=\"inpsyde-brightcove__player\" style=\"position: relative\">\n\n    \n    <video-js class=\"video-js vjs-16-9\" data-embed=\"default\" data-player=\"wpDhMYhEmz\" data-account=\"4090876667001\" data-video-id=\"6380052311112\" aria-label=\"Dr. Carmen Leser\" controls><\/video-js>\n\n    \n    <script src=\"https:\/\/players.brightcove.net\/4090876667001\/wpDhMYhEmz_default\/index.min.js\"><\/script>\n<\/div>\n<\/div>\n\n    <\/div>\n<\/div>\n<\/div><div class=\"mh-slider-slide\"><div class=\"mh-columns mh-columns--align-center mh-columns--vertical-alignment-center mh-column--c1785aa476479e72752325aa5be4b698 mh-columns--gutter-m\">\n    <div class=\"mh-columns-inner\">\n        \n<div class=\"mh-column mh-column--7f860797fd888b43f2eff753d036361b mh-column--12 mh-column--m-5 mh-column--l-5\">\n    \n<h2  class=\"mh-heading mh-heading--e89015a9c3e3427d3a3575a8a398bc16\"><strong><mark style=\"background-color:rgba(0, 0, 0, 0);color:#c9689e\" class=\"has-inline-color\">BCN Danijela Dohnal-Suvajac<\/mark> zu Triple-Negativem Brustkrebs (alt. TNBC) und Auswirkungen auf Kinderwunsch.<\/strong><\/h2>\n<\/div>\n\n\n<div class=\"mh-column mh-column--64408c6dacfe90b888f3de800eace05c mh-column--12 mh-column--m-7 mh-column--l-7\">\n    \n\n<div  class=\"inpsyde-brightcove__player\" style=\"position: relative\">\n\n    \n    <video-js class=\"video-js vjs-16-9\" data-embed=\"default\" data-player=\"wpDhMYhEmz\" data-account=\"4090876667001\" data-video-id=\"6382272781112\" aria-label=\"Dr. Carmen Leser\" controls><\/video-js>\n\n    \n    <script src=\"https:\/\/players.brightcove.net\/4090876667001\/wpDhMYhEmz_default\/index.min.js\"><\/script>\n<\/div>\n<\/div>\n\n    <\/div>\n<\/div>\n<\/div><div class=\"mh-slider-slide\"><div class=\"mh-columns mh-columns--align-center mh-columns--vertical-alignment-center mh-column--9c70992ad8b9ff24dff1566cc0b1cb31 mh-columns--gutter-m\">\n    <div class=\"mh-columns-inner\">\n        \n<div class=\"mh-column mh-column--f2ebd17639b62586503a6e509567c571 mh-column--12 mh-column--m-5 mh-column--l-5\">\n    \n<h2  class=\"mh-heading mh-heading--803da633f315555e37623cb658641ded\"><strong><mark style=\"background-color:rgba(0, 0, 0, 0);color:#c9689e\" class=\"has-inline-color\">BCN Lisa Wiedermann<\/mark> erkl\u00e4rt: Warnsignale fr\u00fchzeitig erkennen, Brustzentrum aufsuchen.<\/strong><\/h2>\n<\/div>\n\n\n<div class=\"mh-column mh-column--8261925bdcdc9631616c198b51a2f449 mh-column--12 mh-column--m-7 mh-column--l-7\">\n    \n\n<div  class=\"inpsyde-brightcove__player\" style=\"position: relative\">\n\n    \n    <video-js class=\"video-js vjs-16-9\" data-embed=\"default\" data-player=\"wpDhMYhEmz\" data-account=\"4090876667001\" data-video-id=\"6382273356112\" aria-label=\"Dr. Carmen Leser\" controls><\/video-js>\n\n    \n    <script src=\"https:\/\/players.brightcove.net\/4090876667001\/wpDhMYhEmz_default\/index.min.js\"><\/script>\n<\/div>\n<\/div>\n\n    <\/div>\n<\/div>\n<\/div>            <\/div>\n        <\/div>\n\n        \n    <div class=\"mh-slider-control-panel mh-slider-control-panel--783f0bac97d7adc6239be31bed554329\">\n                    <div class=\"mh-slider-navigation\" data-glide-el=\"controls[nav]\"><\/div>\n        \n                    <div class=\"mh-slider-controls\" data-is-paused=\"false\" data-glide-el=\"controls\">\n                <button\n                    class=\"mh-slider-control mh-slider-control--previous\"\n                    data-glide-dir=\"&lt;\"\n                >\n                    <span class=\"screen-reader-text\">\n                        Previous Slide                    <\/span>\n                    \n<svg width=\"1em\" height=\"1em\" class=\"mh-icon mh-icon--kind-slider mh-icon--name-arrow mh-icon--arrow\" role=\"img\" aria-hidden=\"true\">\n    \n    \n    <use xlink:href=\"https:\/\/www.gesundheit-im-blick.at\/brustkrebs\/wp-content\/themes\/cex-wpvip-mh-theme-3.1\/modules\/theme\/resources\/icons\/svg\/slider\/arrow.svg#arrow\"><\/use>\n<\/svg>\n                <\/button>\n                                <button class=\"mh-slider-control mh-slider-control--next\" data-glide-dir=\"&gt;\">\n                    <span class=\"screen-reader-text\">\n                        Next Slide                    <\/span>\n                    \n<svg width=\"1em\" height=\"1em\" class=\"mh-icon mh-icon--kind-slider mh-icon--name-arrow mh-icon--arrow\" role=\"img\" aria-hidden=\"true\">\n    \n    \n    <use xlink:href=\"https:\/\/www.gesundheit-im-blick.at\/brustkrebs\/wp-content\/themes\/cex-wpvip-mh-theme-3.1\/modules\/theme\/resources\/icons\/svg\/slider\/arrow.svg#arrow\"><\/use>\n<\/svg>\n                <\/button>\n            <\/div>\n            <\/div>\n    <\/div>\n<\/div>\n\n    <\/div>\n<\/div>\n\n\n<div class=\"mh-element mh-element--f5aa3196a8939875c9c7cda4d5b49153 mh-element--align-full\">\n    <div class=\"mh-container\">\n        \n<div class=\"mh-columns mh-columns--vertical-alignment-center mh-column--c522de4353271bdf96f246ef5b5ad816 mh-columns--gutter-m\">\n    <div class=\"mh-columns-inner\">\n        \n<div class=\"mh-column mh-column--0755bdfd494bbd42d14b691093028747 mh-column--12 mh-column--m-6 mh-column--l-4\">\n    \n    <figure class=\"mh-image mh-image--248dd6ae41ca22bfa1523ebf0002a7a5\" >\n                            <img decoding=\"async\"\n        class=\"\"\n        src=\"https:\/\/www.gesundheit-im-blick.at\/brustkrebs\/wp-content\/uploads\/sites\/578\/2025\/09\/Mammographie-Illustration.svg?w=440\"\n        width=\"\"\n        height=\"\"\n        loading=\"lazy\"\n        alt=\"Mammographie Illustration\"\n            \/>\n                        <\/figure>\n\n<\/div>\n\n\n<div class=\"mh-column mh-column--e0f565cbe4f43880953bb3f54ef6717b mh-column--12 mh-column--m-12 mh-column--l-8\">\n    \n<h2  class=\"mh-heading mh-heading--left mh-heading--eaff793a064323daf7bb557fde77e890\"><strong><mark style=\"background-color:rgba(0, 0, 0, 0);color:#c9689e\" class=\"has-inline-color\">Mammographie-Screening<\/mark> in \u00d6sterreich<\/strong><\/h2>\n\n\n<p\n    class=\"mh-paragraph mh-paragraph--left mh-paragraph--87fccc2bb1446760fbbf6a32f6acf057\"\n    >\n    In \u00d6sterreich sind Frauen zwischen 45 und 74 Jahren alle zwei Jahre zur Mammografie eingeladen. Ab 40 sowie \u00fcber 74 Jahren ist eine Teilnahme freiwillig. F\u00fcr Frauen mit famili\u00e4rem Risiko kann eine genetische Beratung sinnvoll sein. Die Untersuchung erfolgt in zertifizierten Radiologie-Instituten. Jede Aufnahme wird im Vier-Augen-Prinzip von zwei Fach\u00e4rzt:innen befundet. Bei unklaren Befunden wird eine dritte Meinung eingeholt. Diese Qualit\u00e4tssicherung garantiert eine hohe diagnostische Sicherheit.<\/p>\n\n\n<hr class=\"mh-spacer mh-spacer--b74a05863f213a92f755cc16f243a726\" aria-hidden=\"true\" \/>\n\n\n\n<p\n    class=\"mh-paragraph mh-paragraph--left mh-paragraph--eaa48edfa60e26de9027e7de467d994e\"\n    >\n    <strong>Ab wann soll ich zur Mammografie gehen?<\/strong><\/p>\n\n\n\n<p\n    class=\"mh-paragraph mh-paragraph--left mh-paragraph--17126d4913187adc9aec27196f36b01b\"\n    >\n    <mark style=\"background-color:rgba(0, 0, 0, 0);color:#c9689e\" class=\"has-inline-color\">\u2713<\/mark> Zwischen 45 und 74 alle zwei Jahre, optional ab 40. <\/p>\n\n\n\n<p><mark style=\"background-color:rgba(0, 0, 0, 0);color:#c9689e\" class=\"has-inline-color\">\u2713<\/mark> Bei famili\u00e4rem Risiko auch fr\u00fcher nach \u00e4rztlicher Empfehlung.<\/p>\n\n<\/div>\n\n    <\/div>\n<\/div>\n\n    <\/div>\n<\/div>\n\n\n<div class=\"mh-element mh-element--30414ecfc3f5fdb33ea6cc86eb414ca3 mh-element--align-full\">\n    <div class=\"mh-container\">\n        \n<div class=\"mh-columns mh-column--b25a9962f0bdedcf626c43fa32fa0a74 mh-columns--gutter-m\">\n    <div class=\"mh-columns-inner\">\n        \n<div class=\"mh-column mh-column--5c00df06914b30bfd43cdae56664d065 mh-column--12 mh-column--m-12 mh-column--l-12\">\n    \n<div class=\"mh-columns mh-columns--align-full mh-column--b66fe581facfcf440332020bbe1f37ff mh-columns--gutter-m\">\n    <div class=\"mh-columns-inner\">\n        \n<div class=\"mh-column mh-column--08f68785b1f5930bea9cd9975ef6f487 mh-column--12 mh-column--m-12 mh-column--l-12\">\n    \n<h2  id=\"untersuchung-ab\" class=\"mh-heading mh-heading--center mh-heading--0386fdd0f8b437993e4758576611bab8\"><strong><strong>Wie l\u00e4uft die \u00e4rztliche <mark style=\"background-color:rgba(0, 0, 0, 0);color:#c9689e\" class=\"has-inline-color\">Untersuchung ab<\/mark>?<\/strong><\/strong><\/h2>\n\n\n<p\n    class=\"mh-paragraph mh-paragraph--center mh-paragraph--e24d2ca26b73d1037b5c80635b1db292\"\n    >\n    Die Tastuntersuchung durch \u00c4rzt:innen ist Teil der gyn\u00e4kologischen Vorsorge. Sie erm\u00f6glicht die Erkennung von Ver\u00e4nderungen, die Patientinnen selbst nicht bemerken. Ein auff\u00e4lliger Befund bedeutet nicht automatisch Brustkrebs. Weitere Schritte wie Mammographie oder Ultraschall folgen bei Bedarf.<\/p>\n\n\n<div  class=\"mh-links mh-links--justified-center\">\n\n<a\n  class=\"mh-button mh-button--center mh-button--e303eaf772b6f09041d0bcebf13b51d1 mh-button--ghost mh-button--rounded\"\n  href=\"https:\/\/www.gesundheit-im-blick.at\/brustkrebs\/diagnose\/\"\n  target=\"_self\"\n  rel=\"\"\n      aria-label=\"Mehr zur Diagnose\"\n      >\n\n      <span class=\"mh-anchor-label\">\n      <span class=\"\">Mehr zur Diagnose<\/span>    <\/span>\n      <\/a>\n\n\n<\/div>\n<\/div>\n\n    <\/div>\n<\/div>\n\n<\/div>\n\n\n<div class=\"mh-column mh-column--091a0ed8ce8ab5711e6cd0e0e6a60d48 mh-column--12 mh-column--m-12 mh-column--l-12\">\n    \n<div class=\"mh-columns mh-columns--align-full mh-column--22f09c8556f793b8a287587964d7362a mh-columns--gutter-m\">\n    <div class=\"mh-columns-inner\">\n        \n<div class=\"mh-column mh-column--69d3f778ba59c8364fb5288ddf8ec796 mh-column--12 mh-column--m-4 mh-column--l-4\">\n    \n    <figure class=\"mh-image mh-image--dcb3bbc4d3db7323896d50c7691684a6 with-aspect-ratio with-aspect-ratio--169\">\n        <div class=\"figure-outer\">\n            <div class=\"figure-inner\">\n                                            <img decoding=\"async\"\n        class=\"\"\n        src=\"https:\/\/www.gesundheit-im-blick.at\/brustkrebs\/wp-content\/uploads\/sites\/578\/2025\/10\/Fruh-erkennen-besser-handeln_opt.jpg?w=1195\"\n        width=\"1195\"\n        height=\"677\"\n        loading=\"lazy\"\n        alt=\"Fru\u0308h-erkennen-besser-handeln\"\n            \/>\n                                <\/div>\n        <\/div>\n            <\/figure>\n\n\n<div class=\"mh-columns mh-column--8a2ee8d849a5280b44cae4914c71cd43 mh-columns--gutter-m\">\n    <div class=\"mh-columns-inner\">\n        \n<div class=\"mh-column mh-column--fe3c24837b51adfd56284ab851240d48 mh-column--12 mh-column--m-12 mh-column--l-12\">\n    \n<hr class=\"mh-spacer mh-spacer--05e3702d509c31d0a74e6afbf665d273\" aria-hidden=\"true\" \/>\n\n\n<h3  class=\"mh-heading mh-heading--center mh-heading--76dd7995e14ff340bd1964a89e5a520b\"><strong><strong>Fr\u00fch erkennen \u2013 besser handeln<\/strong><\/strong><\/h3>\n\n\n<p\n    class=\"mh-paragraph mh-paragraph--center mh-paragraph--14acdc24ff62bfc1c15ebb6f33f39ac4\"\n    >\n    Je fr\u00fcher Brustkrebs erkannt wird, desto besser sind die Heilungschancen. Vereinbaren Sie bei Auff\u00e4lligkeiten umgehend einen Termin bei Ihrer Frauen\u00e4rztin oder Ihrem Frauenarzt.<\/p>\n\n<\/div>\n\n    <\/div>\n<\/div>\n\n<\/div>\n\n\n<div class=\"mh-column mh-column--91efd8d30b3c676c7a427ebd46bd986f mh-column--12 mh-column--m-4 mh-column--l-4\">\n    \n    <figure class=\"mh-image mh-image--cc1bdd893f209a25ad0694d318d3fca7 with-aspect-ratio with-aspect-ratio--169\">\n        <div class=\"figure-outer\">\n            <div class=\"figure-inner\">\n                                            <img decoding=\"async\"\n        class=\"\"\n        src=\"https:\/\/www.gesundheit-im-blick.at\/brustkrebs\/wp-content\/uploads\/sites\/578\/2025\/09\/Risikofaktoren-verstehen.png?w=1594\"\n        width=\"1594\"\n        height=\"902\"\n        loading=\"lazy\"\n        alt=\"Risikofaktoren verstehen\"\n            \/>\n                                <\/div>\n        <\/div>\n            <\/figure>\n\n\n<hr class=\"mh-spacer mh-spacer--05e3702d509c31d0a74e6afbf665d273\" aria-hidden=\"true\" \/>\n\n\n<div class=\"mh-columns mh-column--5192770e8aafac47c15512b52ce01469 mh-columns--gutter-m\">\n    <div class=\"mh-columns-inner\">\n        \n<div class=\"mh-column mh-column--f5592cda2cf4f389c557808c04ff0783 mh-column--12 mh-column--m-12 mh-column--l-12\">\n    \n<h3  class=\"mh-heading mh-heading--center mh-heading--30db87efe0bf3bb2257f9af843f09cb3\"><strong><strong>Risikofaktoren verstehen<\/strong><\/strong><\/h3>\n\n\n<p\n    class=\"mh-content-19__text mh-paragraph mh-paragraph--center mh-paragraph--1c23bc5fdc346ba42bff81bff1433a01\"\n    >\n    Die genauen Ursachen von Brustkrebs sind vielf\u00e4ltig. Alter, hormonelle Einfl\u00fcsse und genetische Faktoren spielen eine Rolle. Bei famili\u00e4rem Risiko kann eine genetische Beratung hilfreich sein.<\/p>\n\n<\/div>\n\n    <\/div>\n<\/div>\n\n<\/div>\n\n\n<div class=\"mh-column mh-column--d14a59b8e0257b8673abff5f288e7b0e mh-column--12 mh-column--m-4 mh-column--l-4\">\n    \n    <figure class=\"mh-image mh-image--247c8a824031375aee7216f1f5621028 with-aspect-ratio with-aspect-ratio--169\">\n        <div class=\"figure-outer\">\n            <div class=\"figure-inner\">\n                                            <img decoding=\"async\"\n        class=\"\"\n        src=\"https:\/\/www.gesundheit-im-blick.at\/brustkrebs\/wp-content\/uploads\/sites\/578\/2025\/09\/Kann-Brustkrebs-auch-Manner-betreffen_.png?w=1594\"\n        width=\"1594\"\n        height=\"902\"\n        loading=\"lazy\"\n        alt=\"Kann Brustkrebs auch Ma\u0308nner betreffen\"\n            \/>\n                                <\/div>\n        <\/div>\n            <\/figure>\n\n\n<hr class=\"mh-spacer mh-spacer--05e3702d509c31d0a74e6afbf665d273\" aria-hidden=\"true\" \/>\n\n\n<div class=\"mh-columns mh-column--66ed121f17ae297675439f03c8e71599 mh-columns--gutter-m\">\n    <div class=\"mh-columns-inner\">\n        \n<div class=\"mh-column mh-column--b0676e05e407ab9c6f43655853a45d11 mh-column--12 mh-column--m-12 mh-column--l-12\">\n    \n<h3  class=\"mh-heading mh-heading--center mh-heading--f462c471ebfbe0ab79d86ad65530085b\"><strong><strong>Kann Brustkrebs auch M\u00e4nner betreffen?<\/strong><\/strong><\/h3>\n\n\n<p\n    class=\"mh-content-19__text mh-paragraph mh-paragraph--center mh-paragraph--69269d2175ce702adaa1af27a3e15765\"\n    >\n    Ja, auch M\u00e4nner k\u00f6nnen an Brustkrebs erkranken \u2013 wenn auch selten. Eine einseitige Verh\u00e4rtung oder Ver\u00e4nderung sollte \u00e4rztlich untersucht werden.<\/p>\n\n<\/div>\n\n    <\/div>\n<\/div>\n\n<\/div>\n\n    <\/div>\n<\/div>\n\n<\/div>\n\n    <\/div>\n<\/div>\n\n    <\/div>\n<\/div>\n\n\n<div class=\"mh-columns mh-column--ad1ea074f7c467f43316fc9c23279f46 mh-columns--gutter-m\">\n    <div class=\"mh-columns-inner\">\n        \n<div class=\"mh-column mh-column--e3653a37b3423ba9928b5cfa5d37f4a3 mh-column--12 mh-column--m-12 mh-column--l-12\">\n    \n<h2  class=\"mh-heading mh-heading--left mh-heading--75b4f924908ec098b64dd8f2dee66eed\"><strong>H\u00e4ufige <mark style=\"background-color:rgba(0, 0, 0, 0);color:#c9689e\" class=\"has-inline-color\">Fragen &amp; Antworten<\/mark><\/strong><\/h2>\n\n\n<section class=\"mh-content-14\">\n    \n<div class=\"mh-accordion mh-accordion--68099adab439efb3bef474a54d1dbe05 mh-accordion--multiple\" data-configuration=\"{&quot;variation&quot;:&quot;multiple&quot;,&quot;speed&quot;:250}\">\n    \n\n<section class=\"mh-accordion-molecule mh-accordion-molecule--327c404848e3af85683f959da918fc1f mh-accordion-molecule--closed\"  >\n    <header class=\"mh-accordion-molecule-header\">\n                    <span class=\"mh-accordion-molecule-header__icon\">\n                        <img decoding=\"async\"\n        class=\"\"\n        src=\"https:\/\/www.gesundheit-im-blick.at\/brustkrebs\/wp-content\/uploads\/sites\/578\/2025\/09\/question-answer_11524634-2.svg\"\n        width=\"\"\n        height=\"\"\n        loading=\"lazy\"\n        alt=\"question-answer-icon\"\n            \/>\n                <\/span>\n                <h4 class=\"mh-accordion-molecule-header__heading\">\n            <button class=\"mh-accordion-molecule-header__heading-trigger\" aria-expanded=\"false\" type=\"button\">\n                <strong>Warum ist Fr\u00fcherkennung bei Brustkrebs so wichtig?<\/strong>            <\/button>\n        <\/h4>\n        <span class=\"mh-accordion-molecule-header__icon-dropdown\">\n            \n<svg width=\"1em\" height=\"1em\" class=\"mh-icon mh-icon--kind-generic mh-icon--name-dropdown-arrow mh-icon--dropdown-arrow\" role=\"img\" aria-hidden=\"true\">\n    \n    \n    <use xlink:href=\"https:\/\/www.gesundheit-im-blick.at\/brustkrebs\/wp-content\/themes\/cex-wpvip-mh-theme-3.1\/modules\/theme\/resources\/icons\/svg\/generic\/dropdown-arrow.svg#dropdown-arrow\"><\/use>\n<\/svg>\n        <\/span>\n    <\/header>\n    <div class=\"mh-accordion-molecule-content\">\n        <div class=\"mh-accordion-molecule-content__body\">\n            \n\n<p\n    class=\"mh-paragraph mh-paragraph--378d4c3489eff197629f4834afb20bb0\"\n    >\n    Fr\u00fcherkennung erh\u00f6ht die Heilungschancen deutlich. Wird Brustkrebs in einem fr\u00fchen Stadium entdeckt, sind die Tumoren oft kleiner und weniger aggressiv, sodass schonendere Therapien m\u00f6glich sind. Dadurch verbessern sich \u00dcberlebensraten und Lebensqualit\u00e4t erheblich.<\/p>\n\n\n<hr class=\"mh-spacer mh-spacer--8059a3a2391246c927d67d322fd0288c\" aria-hidden=\"true\" \/>\n\n        <\/div>\n    <\/div>\n<\/section>\n\n\n\n<section class=\"mh-accordion-molecule mh-accordion-molecule--0a06ecda7cf68dd8ef109387e0907e77 mh-accordion-molecule--closed\"  >\n    <header class=\"mh-accordion-molecule-header\">\n                    <span class=\"mh-accordion-molecule-header__icon\">\n                        <img decoding=\"async\"\n        class=\"\"\n        src=\"https:\/\/www.gesundheit-im-blick.at\/brustkrebs\/wp-content\/uploads\/sites\/578\/2025\/09\/question-answer_11524634-2.svg\"\n        width=\"\"\n        height=\"\"\n        loading=\"lazy\"\n        alt=\"question-answer-icon\"\n            \/>\n                <\/span>\n                <h4 class=\"mh-accordion-molecule-header__heading\">\n            <button class=\"mh-accordion-molecule-header__heading-trigger\" aria-expanded=\"false\" type=\"button\">\n                <strong>Wie kann ich meine Brust selbst untersuchen?<\/strong>            <\/button>\n        <\/h4>\n        <span class=\"mh-accordion-molecule-header__icon-dropdown\">\n            \n<svg width=\"1em\" height=\"1em\" class=\"mh-icon mh-icon--kind-generic mh-icon--name-dropdown-arrow mh-icon--dropdown-arrow\" role=\"img\" aria-hidden=\"true\">\n    \n    \n    <use xlink:href=\"https:\/\/www.gesundheit-im-blick.at\/brustkrebs\/wp-content\/themes\/cex-wpvip-mh-theme-3.1\/modules\/theme\/resources\/icons\/svg\/generic\/dropdown-arrow.svg#dropdown-arrow\"><\/use>\n<\/svg>\n        <\/span>\n    <\/header>\n    <div class=\"mh-accordion-molecule-content\">\n        <div class=\"mh-accordion-molecule-content__body\">\n            \n\n<p\n    class=\"mh-paragraph mh-paragraph--56a478d1ca7bab16fcfa6bb7ae0a6790\"\n    >\n    Einmal im Monat, idealerweise nach der Regelblutung, sollte die Brust vor dem Spiegel betrachtet und abgetastet werden. Achten Sie auf Knoten, Verh\u00e4rtungen, Hautver\u00e4nderungen oder Fl\u00fcssigkeit aus der Brustwarze. Die Selbstuntersuchung ersetzt nicht die \u00e4rztliche Vorsorge, hilft aber, Ver\u00e4nderungen fr\u00fch wahrzunehmen.<\/p>\n\n\n<hr class=\"mh-spacer mh-spacer--c9ec6d9328a0582caf46bf99e4818141\" aria-hidden=\"true\" \/>\n\n        <\/div>\n    <\/div>\n<\/section>\n\n\n\n<section class=\"mh-accordion-molecule mh-accordion-molecule--668e35c1554af7976bca8d4b690553e8 mh-accordion-molecule--closed\"  >\n    <header class=\"mh-accordion-molecule-header\">\n                    <span class=\"mh-accordion-molecule-header__icon\">\n                        <img decoding=\"async\"\n        class=\"\"\n        src=\"https:\/\/www.gesundheit-im-blick.at\/brustkrebs\/wp-content\/uploads\/sites\/578\/2025\/09\/question-answer_11524634-2.svg\"\n        width=\"\"\n        height=\"\"\n        loading=\"lazy\"\n        alt=\"question-answer-icon\"\n            \/>\n                <\/span>\n                <h4 class=\"mh-accordion-molecule-header__heading\">\n            <button class=\"mh-accordion-molecule-header__heading-trigger\" aria-expanded=\"false\" type=\"button\">\n                <strong>Ab wann soll ich zur Mammografie gehen?<\/strong>            <\/button>\n        <\/h4>\n        <span class=\"mh-accordion-molecule-header__icon-dropdown\">\n            \n<svg width=\"1em\" height=\"1em\" class=\"mh-icon mh-icon--kind-generic mh-icon--name-dropdown-arrow mh-icon--dropdown-arrow\" role=\"img\" aria-hidden=\"true\">\n    \n    \n    <use xlink:href=\"https:\/\/www.gesundheit-im-blick.at\/brustkrebs\/wp-content\/themes\/cex-wpvip-mh-theme-3.1\/modules\/theme\/resources\/icons\/svg\/generic\/dropdown-arrow.svg#dropdown-arrow\"><\/use>\n<\/svg>\n        <\/span>\n    <\/header>\n    <div class=\"mh-accordion-molecule-content\">\n        <div class=\"mh-accordion-molecule-content__body\">\n            \n\n<p\n    class=\"mh-paragraph mh-paragraph--e529e422652099bf781678d40c9329d9\"\n    >\n    In \u00d6sterreich und Deutschland wird Frauen ab 40 empfohlen, regelm\u00e4\u00dfig mit ihrer \u00c4rztin oder ihrem Arzt \u00fcber das individuelle Risiko zu sprechen. Zwischen 45 und 74 Jahren ist die Teilnahme am Mammographie-Screening-Programm vorgesehen. Bei famili\u00e4rer Vorbelastung k\u00f6nnen fr\u00fchere Untersuchungen sinnvoll sein.<\/p>\n\n\n<hr class=\"mh-spacer mh-spacer--c9ec6d9328a0582caf46bf99e4818141\" aria-hidden=\"true\" \/>\n\n        <\/div>\n    <\/div>\n<\/section>\n\n\n\n<section class=\"mh-accordion-molecule mh-accordion-molecule--bbee886086f4dc599716d9e0c2676dca mh-accordion-molecule--closed\"  >\n    <header class=\"mh-accordion-molecule-header\">\n                    <span class=\"mh-accordion-molecule-header__icon\">\n                        <img decoding=\"async\"\n        class=\"\"\n        src=\"https:\/\/www.gesundheit-im-blick.at\/brustkrebs\/wp-content\/uploads\/sites\/578\/2025\/09\/question-answer_11524634-2.svg\"\n        width=\"\"\n        height=\"\"\n        loading=\"lazy\"\n        alt=\"question-answer-icon\"\n            \/>\n                <\/span>\n                <h4 class=\"mh-accordion-molecule-header__heading\">\n            <button class=\"mh-accordion-molecule-header__heading-trigger\" aria-expanded=\"false\" type=\"button\">\n                <strong>Welche Untersuchungen gibt es zur Fr\u00fcherkennung?<\/strong>            <\/button>\n        <\/h4>\n        <span class=\"mh-accordion-molecule-header__icon-dropdown\">\n            \n<svg width=\"1em\" height=\"1em\" class=\"mh-icon mh-icon--kind-generic mh-icon--name-dropdown-arrow mh-icon--dropdown-arrow\" role=\"img\" aria-hidden=\"true\">\n    \n    \n    <use xlink:href=\"https:\/\/www.gesundheit-im-blick.at\/brustkrebs\/wp-content\/themes\/cex-wpvip-mh-theme-3.1\/modules\/theme\/resources\/icons\/svg\/generic\/dropdown-arrow.svg#dropdown-arrow\"><\/use>\n<\/svg>\n        <\/span>\n    <\/header>\n    <div class=\"mh-accordion-molecule-content\">\n        <div class=\"mh-accordion-molecule-content__body\">\n            \n\n<p\n    class=\"mh-paragraph mh-paragraph--399d62fbe90081acb89f203ea3913473\"\n    >\n    Zur Fr\u00fcherkennung z\u00e4hlen die klinische Brustuntersuchung durch die \u00c4rztin oder den Arzt, die Mammographie, der Ultraschall und in speziellen F\u00e4llen das MRT. Diese Verfahren erg\u00e4nzen sich gegenseitig und helfen, Auff\u00e4lligkeiten zu erkennen. Welche Methode sinnvoll ist, h\u00e4ngt vom individuellen Risiko ab.<\/p>\n\n\n<hr class=\"mh-spacer mh-spacer--c9ec6d9328a0582caf46bf99e4818141\" aria-hidden=\"true\" \/>\n\n        <\/div>\n    <\/div>\n<\/section>\n\n\n\n<section class=\"mh-accordion-molecule mh-accordion-molecule--c5a95ad795bebc515fbbb11aa1d16f02 mh-accordion-molecule--closed\"  >\n    <header class=\"mh-accordion-molecule-header\">\n                    <span class=\"mh-accordion-molecule-header__icon\">\n                        <img decoding=\"async\"\n        class=\"\"\n        src=\"https:\/\/www.gesundheit-im-blick.at\/brustkrebs\/wp-content\/uploads\/sites\/578\/2025\/09\/question-answer_11524634-2.svg\"\n        width=\"\"\n        height=\"\"\n        loading=\"lazy\"\n        alt=\"question-answer-icon\"\n            \/>\n                <\/span>\n                <h4 class=\"mh-accordion-molecule-header__heading\">\n            <button class=\"mh-accordion-molecule-header__heading-trigger\" aria-expanded=\"false\" type=\"button\">\n                <strong><strong>Welche Rolle spielt genetische Beratung?<\/strong><\/strong>            <\/button>\n        <\/h4>\n        <span class=\"mh-accordion-molecule-header__icon-dropdown\">\n            \n<svg width=\"1em\" height=\"1em\" class=\"mh-icon mh-icon--kind-generic mh-icon--name-dropdown-arrow mh-icon--dropdown-arrow\" role=\"img\" aria-hidden=\"true\">\n    \n    \n    <use xlink:href=\"https:\/\/www.gesundheit-im-blick.at\/brustkrebs\/wp-content\/themes\/cex-wpvip-mh-theme-3.1\/modules\/theme\/resources\/icons\/svg\/generic\/dropdown-arrow.svg#dropdown-arrow\"><\/use>\n<\/svg>\n        <\/span>\n    <\/header>\n    <div class=\"mh-accordion-molecule-content\">\n        <div class=\"mh-accordion-molecule-content__body\">\n            \n\n<p\n    class=\"mh-paragraph mh-paragraph--35a8065c96dbf343acbc722f986c1fc7\"\n    >\n    Genetische Beratung wird empfohlen, wenn in der Familie geh\u00e4uft Brust- oder Eierstockkrebs vorkommt. Dabei wird das pers\u00f6nliche Risiko besprochen und gegebenenfalls ein Gentest durchgef\u00fchrt. So lassen sich individuelle Fr\u00fcherkennungs- und Pr\u00e4ventionsstrategien entwickeln.<\/p>\n\n\n<hr class=\"mh-spacer mh-spacer--c9ec6d9328a0582caf46bf99e4818141\" aria-hidden=\"true\" \/>\n\n        <\/div>\n    <\/div>\n<\/section>\n\n<\/div>\n\n<\/section>\n\n<\/div>\n\n    <\/div>\n<\/div>\n\n\n<hr class=\"mh-spacer mh-spacer--9d50d31cb6c3cd803a932836350b83ce\" aria-hidden=\"true\" \/>\n\n\n<hr class=\"mh-separator mh-separator--dc15e96140d4f6cd3924eceb006312f8\" aria-hidden=\"true\" \/>\n","protected":false},"excerpt":{"rendered":"","protected":false},"author":927,"featured_media":0,"parent":0,"menu_order":0,"comment_status":"closed","ping_status":"closed","template":"blank-canvas-template.php","meta":{"_mh_page_language":"en_GB","_mh_page_is_rtl":false,"editor_notices":[],"footnotes":""},"ga4_page_audience":[788],"ga4_page_birn_id":[],"ga4_page_branding":[227],"ga4_page_businessunit":[231],"ga4_page_campaign":[],"ga4_page_content_purpose":[715],"ga4_page_customer_journey_stage":[],"ga4_page_customer_specialty":[],"ga4_page_experience":[],"ga4_page_indication":[431],"ga4_page_material_intent":[438],"ga4_page_product":[522],"ga4_page_region":[662],"ga4_page_therapeuticarea":[689],"class_list":["post-2849","page","type-page","status-publish","hentry"],"yoast_head":"<!-- This site is optimized with the Yoast SEO plugin v27.0 - https:\/\/yoast.com\/product\/yoast-seo-wordpress\/ -->\n<title>Brustkrebs Fr\u00fcherkennung \u2013 Selbstuntersuchung &amp; Screening | Gesundheit im Blick<\/title>\n<meta name=\"description\" content=\"Fr\u00fcherkennung rettet Leben: Erfahren Sie, wie Sie Brustkrebs durch Selbstuntersuchung, \u00e4rztliche Kontrolle und das Mammographie-Programm in Oesterreich fr\u00fchzeitig erkennen k\u00f6nnen.\" \/>\n<meta name=\"robots\" content=\"index, follow, max-snippet:-1, max-image-preview:large, max-video-preview:-1\" \/>\n<link rel=\"canonical\" href=\"https:\/\/www.gesundheit-im-blick.at\/brustkrebs\/fruherkennung\/\" \/>\n<meta property=\"og:locale\" content=\"en_GB\" \/>\n<meta property=\"og:type\" content=\"article\" \/>\n<meta property=\"og:title\" content=\"Brustkrebs Fr\u00fcherkennung \u2013 Selbstuntersuchung &amp; Screening | Gesundheit im Blick\" \/>\n<meta property=\"og:description\" content=\"Fr\u00fcherkennung rettet Leben: Erfahren Sie, wie Sie Brustkrebs durch Selbstuntersuchung, \u00e4rztliche Kontrolle und das Mammographie-Programm in Oesterreich fr\u00fchzeitig erkennen k\u00f6nnen.\" \/>\n<meta property=\"og:url\" content=\"https:\/\/www.gesundheit-im-blick.at\/brustkrebs\/fruherkennung\/\" \/>\n<meta property=\"og:site_name\" content=\"Brustkrebs\" \/>\n<meta property=\"article:modified_time\" content=\"2026-03-02T11:25:19+00:00\" \/>\n<meta name=\"twitter:card\" content=\"summary_large_image\" \/>\n<meta name=\"twitter:label1\" content=\"Estimated reading time\" \/>\n\t<meta name=\"twitter:data1\" content=\"1 minute\" \/>\n<script type=\"application\/ld+json\" class=\"yoast-schema-graph\">{\"@context\":\"https:\/\/schema.org\",\"@graph\":[{\"@type\":\"WebPage\",\"@id\":\"https:\/\/www.gesundheit-im-blick.at\/brustkrebs\/fruherkennung\/\",\"url\":\"https:\/\/www.gesundheit-im-blick.at\/brustkrebs\/fruherkennung\/\",\"name\":\"Brustkrebs Fr\u00fcherkennung \u2013 Selbstuntersuchung & Screening | Gesundheit im Blick\",\"isPartOf\":{\"@id\":\"https:\/\/www.gesundheit-im-blick.at\/brustkrebs\/#website\"},\"datePublished\":\"2025-08-07T13:33:01+00:00\",\"dateModified\":\"2026-03-02T11:25:19+00:00\",\"description\":\"Fr\u00fcherkennung rettet Leben: Erfahren Sie, wie Sie Brustkrebs durch Selbstuntersuchung, \u00e4rztliche Kontrolle und das Mammographie-Programm in Oesterreich fr\u00fchzeitig erkennen k\u00f6nnen.\",\"breadcrumb\":{\"@id\":\"https:\/\/www.gesundheit-im-blick.at\/brustkrebs\/fruherkennung\/#breadcrumb\"},\"inLanguage\":\"en-GB\",\"potentialAction\":[{\"@type\":\"ReadAction\",\"target\":[\"https:\/\/www.gesundheit-im-blick.at\/brustkrebs\/fruherkennung\/\"]}]},{\"@type\":\"BreadcrumbList\",\"@id\":\"https:\/\/www.gesundheit-im-blick.at\/brustkrebs\/fruherkennung\/#breadcrumb\",\"itemListElement\":[{\"@type\":\"ListItem\",\"position\":1,\"name\":\"Home\",\"item\":\"https:\/\/www.gesundheit-im-blick.at\/brustkrebs\/\"},{\"@type\":\"ListItem\",\"position\":2,\"name\":\"Fr\u00fcherkennung\"}]},{\"@type\":\"WebSite\",\"@id\":\"https:\/\/www.gesundheit-im-blick.at\/brustkrebs\/#website\",\"url\":\"https:\/\/www.gesundheit-im-blick.at\/brustkrebs\/\",\"name\":\"Brustkrebs\",\"description\":\"Gesundheit im Blick\",\"potentialAction\":[{\"@type\":\"SearchAction\",\"target\":{\"@type\":\"EntryPoint\",\"urlTemplate\":\"https:\/\/www.gesundheit-im-blick.at\/brustkrebs\/?s={search_term_string}\"},\"query-input\":{\"@type\":\"PropertyValueSpecification\",\"valueRequired\":true,\"valueName\":\"search_term_string\"}}],\"inLanguage\":\"en-GB\"}]}<\/script>\n<!-- \/ Yoast SEO plugin. -->","yoast_head_json":{"title":"Brustkrebs Fr\u00fcherkennung \u2013 Selbstuntersuchung & Screening | Gesundheit im Blick","description":"Fr\u00fcherkennung rettet Leben: Erfahren Sie, wie Sie Brustkrebs durch Selbstuntersuchung, \u00e4rztliche Kontrolle und das Mammographie-Programm in Oesterreich fr\u00fchzeitig erkennen k\u00f6nnen.","robots":{"index":"index","follow":"follow","max-snippet":"max-snippet:-1","max-image-preview":"max-image-preview:large","max-video-preview":"max-video-preview:-1"},"canonical":"https:\/\/www.gesundheit-im-blick.at\/brustkrebs\/fruherkennung\/","og_locale":"en_GB","og_type":"article","og_title":"Brustkrebs Fr\u00fcherkennung \u2013 Selbstuntersuchung & Screening | Gesundheit im Blick","og_description":"Fr\u00fcherkennung rettet Leben: Erfahren Sie, wie Sie Brustkrebs durch Selbstuntersuchung, \u00e4rztliche Kontrolle und das Mammographie-Programm in Oesterreich fr\u00fchzeitig erkennen k\u00f6nnen.","og_url":"https:\/\/www.gesundheit-im-blick.at\/brustkrebs\/fruherkennung\/","og_site_name":"Brustkrebs","article_modified_time":"2026-03-02T11:25:19+00:00","twitter_card":"summary_large_image","twitter_misc":{"Estimated reading time":"1 minute"},"schema":{"@context":"https:\/\/schema.org","@graph":[{"@type":"WebPage","@id":"https:\/\/www.gesundheit-im-blick.at\/brustkrebs\/fruherkennung\/","url":"https:\/\/www.gesundheit-im-blick.at\/brustkrebs\/fruherkennung\/","name":"Brustkrebs Fr\u00fcherkennung \u2013 Selbstuntersuchung & Screening | Gesundheit im Blick","isPartOf":{"@id":"https:\/\/www.gesundheit-im-blick.at\/brustkrebs\/#website"},"datePublished":"2025-08-07T13:33:01+00:00","dateModified":"2026-03-02T11:25:19+00:00","description":"Fr\u00fcherkennung rettet Leben: Erfahren Sie, wie Sie Brustkrebs durch Selbstuntersuchung, \u00e4rztliche Kontrolle und das Mammographie-Programm in Oesterreich fr\u00fchzeitig erkennen k\u00f6nnen.","breadcrumb":{"@id":"https:\/\/www.gesundheit-im-blick.at\/brustkrebs\/fruherkennung\/#breadcrumb"},"inLanguage":"en-GB","potentialAction":[{"@type":"ReadAction","target":["https:\/\/www.gesundheit-im-blick.at\/brustkrebs\/fruherkennung\/"]}]},{"@type":"BreadcrumbList","@id":"https:\/\/www.gesundheit-im-blick.at\/brustkrebs\/fruherkennung\/#breadcrumb","itemListElement":[{"@type":"ListItem","position":1,"name":"Home","item":"https:\/\/www.gesundheit-im-blick.at\/brustkrebs\/"},{"@type":"ListItem","position":2,"name":"Fr\u00fcherkennung"}]},{"@type":"WebSite","@id":"https:\/\/www.gesundheit-im-blick.at\/brustkrebs\/#website","url":"https:\/\/www.gesundheit-im-blick.at\/brustkrebs\/","name":"Brustkrebs","description":"Gesundheit im Blick","potentialAction":[{"@type":"SearchAction","target":{"@type":"EntryPoint","urlTemplate":"https:\/\/www.gesundheit-im-blick.at\/brustkrebs\/?s={search_term_string}"},"query-input":{"@type":"PropertyValueSpecification","valueRequired":true,"valueName":"search_term_string"}}],"inLanguage":"en-GB"}]}},"_links":{"self":[{"href":"https:\/\/www.gesundheit-im-blick.at\/brustkrebs\/wp-json\/wp\/v2\/pages\/2849","targetHints":{"allow":["GET"]}}],"collection":[{"href":"https:\/\/www.gesundheit-im-blick.at\/brustkrebs\/wp-json\/wp\/v2\/pages"}],"about":[{"href":"https:\/\/www.gesundheit-im-blick.at\/brustkrebs\/wp-json\/wp\/v2\/types\/page"}],"author":[{"embeddable":true,"href":"https:\/\/www.gesundheit-im-blick.at\/brustkrebs\/wp-json\/wp\/v2\/users\/927"}],"replies":[{"embeddable":true,"href":"https:\/\/www.gesundheit-im-blick.at\/brustkrebs\/wp-json\/wp\/v2\/comments?post=2849"}],"version-history":[{"count":443,"href":"https:\/\/www.gesundheit-im-blick.at\/brustkrebs\/wp-json\/wp\/v2\/pages\/2849\/revisions"}],"predecessor-version":[{"id":6469,"href":"https:\/\/www.gesundheit-im-blick.at\/brustkrebs\/wp-json\/wp\/v2\/pages\/2849\/revisions\/6469"}],"wp:attachment":[{"href":"https:\/\/www.gesundheit-im-blick.at\/brustkrebs\/wp-json\/wp\/v2\/media?parent=2849"}],"wp:term":[{"taxonomy":"ga4_page_audience","embeddable":true,"href":"https:\/\/www.gesundheit-im-blick.at\/brustkrebs\/wp-json\/wp\/v2\/ga4_page_audience?post=2849"},{"taxonomy":"ga4_page_birn_id","embeddable":true,"href":"https:\/\/www.gesundheit-im-blick.at\/brustkrebs\/wp-json\/wp\/v2\/ga4_page_birn_id?post=2849"},{"taxonomy":"ga4_page_branding","embeddable":true,"href":"https:\/\/www.gesundheit-im-blick.at\/brustkrebs\/wp-json\/wp\/v2\/ga4_page_branding?post=2849"},{"taxonomy":"ga4_page_businessunit","embeddable":true,"href":"https:\/\/www.gesundheit-im-blick.at\/brustkrebs\/wp-json\/wp\/v2\/ga4_page_businessunit?post=2849"},{"taxonomy":"ga4_page_campaign","embeddable":true,"href":"https:\/\/www.gesundheit-im-blick.at\/brustkrebs\/wp-json\/wp\/v2\/ga4_page_campaign?post=2849"},{"taxonomy":"ga4_page_content_purpose","embeddable":true,"href":"https:\/\/www.gesundheit-im-blick.at\/brustkrebs\/wp-json\/wp\/v2\/ga4_page_content_purpose?post=2849"},{"taxonomy":"ga4_page_customer_journey_stage","embeddable":true,"href":"https:\/\/www.gesundheit-im-blick.at\/brustkrebs\/wp-json\/wp\/v2\/ga4_page_customer_journey_stage?post=2849"},{"taxonomy":"ga4_page_customer_specialty","embeddable":true,"href":"https:\/\/www.gesundheit-im-blick.at\/brustkrebs\/wp-json\/wp\/v2\/ga4_page_customer_specialty?post=2849"},{"taxonomy":"ga4_page_experience","embeddable":true,"href":"https:\/\/www.gesundheit-im-blick.at\/brustkrebs\/wp-json\/wp\/v2\/ga4_page_experience?post=2849"},{"taxonomy":"ga4_page_indication","embeddable":true,"href":"https:\/\/www.gesundheit-im-blick.at\/brustkrebs\/wp-json\/wp\/v2\/ga4_page_indication?post=2849"},{"taxonomy":"ga4_page_material_intent","embeddable":true,"href":"https:\/\/www.gesundheit-im-blick.at\/brustkrebs\/wp-json\/wp\/v2\/ga4_page_material_intent?post=2849"},{"taxonomy":"ga4_page_product","embeddable":true,"href":"https:\/\/www.gesundheit-im-blick.at\/brustkrebs\/wp-json\/wp\/v2\/ga4_page_product?post=2849"},{"taxonomy":"ga4_page_region","embeddable":true,"href":"https:\/\/www.gesundheit-im-blick.at\/brustkrebs\/wp-json\/wp\/v2\/ga4_page_region?post=2849"},{"taxonomy":"ga4_page_therapeuticarea","embeddable":true,"href":"https:\/\/www.gesundheit-im-blick.at\/brustkrebs\/wp-json\/wp\/v2\/ga4_page_therapeuticarea?post=2849"}],"curies":[{"name":"wp","href":"https:\/\/api.w.org\/{rel}","templated":true}]}}