{"id":2277,"date":"2025-05-16T10:24:27","date_gmt":"2025-05-16T08:24:27","guid":{"rendered":"https:\/\/www.gesundheit-im-blick.at\/brustkrebs\/?page_id=2277"},"modified":"2026-03-02T12:26:03","modified_gmt":"2026-03-02T11:26:03","slug":"alltagstipps","status":"publish","type":"page","link":"https:\/\/www.gesundheit-im-blick.at\/brustkrebs\/alltagstipps\/","title":{"rendered":"Alltagstipps"},"content":{"rendered":"\n<section class=\"mh-hero-5 mh-hero-5--default mh-hero-5--position-center-left mh-hero-5--c572bbd93d454f2f3b624559e15f06cc mh-hero-5--align-full\">\n        <figure class=\"mh-hero-5__image mh-image mh-image--b739f663450acf3c07a60193d33d82ed with-aspect-ratio with-aspect-ratio--custom-only-large-screen\">\n        <div class=\"figure-outer\">\n            <div class=\"figure-inner\">\n                                            <img decoding=\"async\"\n        class=\"is-full-width\"\n        src=\"https:\/\/www.gesundheit-im-blick.at\/brustkrebs\/wp-content\/uploads\/sites\/578\/2025\/09\/Alltagstipps-3.png?w=2048\"\n        width=\"2048\"\n        height=\"664\"\n        loading=\"lazy\"\n        alt=\"Alltagstipps - banner\"\n            \/>\n                                <\/div>\n        <\/div>\n            <\/figure>\n    \n\n<article class='mh-hero-5-content mh-hero-5-content--5d36a85ee093cd1e61e741bf2e809ab9 mh-hero-5-content--default'>\n    \n<h1  class=\"mh-hero-5-content__title mh-heading mh-heading--left mh-heading--31b2ea40c3d0e235ef590c57f125f339\"><strong><strong><strong><mark style=\"background-color:rgba(0, 0, 0, 0);color:#c9689e\" class=\"has-inline-color\">Alltagstipps<\/mark> bei Brustkrebs | Gemeinsam Kraft finden<\/strong><\/strong><\/strong><\/h1>\n\n\n<p\n    class=\"mh-hero-5-content__text mh-paragraph mh-paragraph--left mh-paragraph--412fd3207ba63b0f00a9b97e4b726cfb\"\n    >\n    Eine Brustkrebsdiagnose ver\u00e4ndert vieles. Neben der medizinischen Behandlung stellt sich f\u00fcr viele Frauen die Frage: Wie gestalte ich meinen Alltag mit Brustkrebs? Hier finden Sie praktische Tipps, wie Sie gut durch die Therapie kommen und Schritt f\u00fcr Schritt zur\u00fcck in Ihr gewohntes Leben finden.<\/p>\n\n\n<div  class=\"mh-links mh-links--justified-start\">\n\n<a\n  class=\"mh-button mh-button--0af9677bab83d34e9b042f3891961ebb mh-button--filled mh-button--fullwidth mh-button--rounded\"\n  href=\"#wahrend-der-therapie\"\n  target=\"_self\"\n  rel=\"\"\n      aria-label=\"Tipps w\u00e4hrend der Therapie\"\n      >\n\n      <span class=\"mh-anchor-label\">\n      <span class=\"\">Tipps w\u00e4hrend der Therapie<\/span>    <\/span>\n      <\/a>\n\n\n<\/div>\n\n<div  class=\"mh-links mh-links--justified-start\">\n\n<a\n  class=\"mh-button mh-button--bc97d7b7df1411336a69c1e1e691e99f mh-button--custom mh-button--fullwidth mh-button--rounded\"\n  href=\"https:\/\/www.gesundheit-im-blick.at\/brustkrebs\/alltagstipps\/#zuruckinsleben\"\n  target=\"_self\"\n  rel=\"\"\n      aria-label=\"Zur\u00fcck in den Alltag nach der Behandlung\"\n      >\n\n      <span class=\"mh-anchor-label\">\n      <span class=\"\">Zur\u00fcck in den Alltag nach der Behandlung<\/span>    <\/span>\n      <\/a>\n\n\n<\/div>\n<\/article>\n\n<\/section>\n\n\n<hr class=\"mh-spacer mh-spacer--9e6e34d449e649bd2cb4c2e401934276\" aria-hidden=\"true\" \/>\n\n\n<div class=\"mh-columns mh-column--a71fe069675e93b0b665d6772843a9f2 mh-columns--gutter-m\">\n    <div class=\"mh-columns-inner\">\n        \n<div class=\"mh-column mh-column--931a9648c98a529fab0a13db1ece8a49 mh-column--12 mh-column--m-12 mh-column--l-12\">\n    \n<div class=\"mh-columns mh-columns--vertical-alignment-center mh-column--a90860b0291b6c8b7c491b4aac6c2190 mh-columns--gutter-m\">\n    <div class=\"mh-columns-inner\">\n        \n<div class=\"mh-column mh-column--2a46a2678cf72dde2240a1f897db4ac4 mh-column--12 mh-column--m-8 mh-column--l-8\">\n    \n<h2  id=\"alltag\" class=\"mh-heading mh-heading--left mh-heading--8e227a491c26722bc0f47f7524cff350\"><strong><strong><strong>Neue Wege im <mark style=\"background-color:rgba(0, 0, 0, 0);color:#c9689e\" class=\"has-inline-color\">Alltag<\/mark> \u2013 mit und nach Brustkrebs<\/strong><\/strong><\/strong><\/h2>\n\n\n<p\n    class=\"mh-paragraph mh-paragraph--left mh-paragraph--207087ffbc3c566f1e48cb2e7f3a7d62\"\n    >\n    Die Diagnose Brustkrebs bringt vieles durcheinander. Ob w\u00e4hrend der Behandlung oder danach \u2013 viele Betroffene suchen Wege, um sich im Alltag zurechtzufinden, Kraft zu sch\u00f6pfen und Vertrauen in den eigenen K\u00f6rper zur\u00fcckzugewinnen. Diese Alltagstipps unterst\u00fctzen Sie dabei \u2013 f\u00fcr mehr Wohlbefinden und Selbstbestimmung.<\/p>\n\n<\/div>\n\n\n<div class=\"mh-column mh-column--cf55afe1b175566f6c2f6a80115ddb77 mh-column--10 mh-column--m-4 mh-column--l-4\">\n    \n    <figure class=\"mh-image mh-image--align-center mh-image--b49a29e21c3c8842750bdc32c74bc58e\" >\n                            <img decoding=\"async\"\n        class=\"\"\n        src=\"https:\/\/www.gesundheit-im-blick.at\/brustkrebs\/wp-content\/uploads\/sites\/578\/2025\/09\/Neue-Wege-im-Alltag-\u2013-mit-und-nach-Brustkrebs-illustration-5.svg?w=331\"\n        width=\"\"\n        height=\"\"\n        loading=\"lazy\"\n        alt=\"Neue Wege im Alltag \u2013 mit und nach Brustkrebs - illustration\"\n            \/>\n                        <\/figure>\n\n<\/div>\n\n    <\/div>\n<\/div>\n\n<\/div>\n\n    <\/div>\n<\/div>\n\n\n<div id=\"entspannung\" class=\"mh-element mh-element--2bd8417a789db0ac3ddd725b2087e574 mh-element--align-full\">\n    <div class=\"mh-container\">\n        \n<div class=\"mh-columns mh-columns--vertical-alignment-center mh-column--f9a15d7828358c44289f40a5f803a14f mh-columns--gutter-m\">\n    <div class=\"mh-columns-inner\">\n        \n<div class=\"mh-column mh-column--02b86f2025eca83a61ac6955e2dff78f mh-column--12 mh-column--m-4 mh-column--l-3\">\n    <\/div>\n\n\n<div class=\"mh-column mh-column--9134227d4b13a38a2e7b0c5513214fa5 mh-column--12 mh-column--m-8 mh-column--l-9\">\n    \n<h2  id=\"wahrend-der-therapie\" class=\"mh-heading mh-heading--left mh-heading--4fc72a7895312570e03db753885fa2ce\"><strong>W\u00e4hrend der <mark style=\"background-color:rgba(0, 0, 0, 0);color:#c9689e\" class=\"has-inline-color\">Therapie<\/mark><\/strong><\/h2>\n<\/div>\n\n    <\/div>\n<\/div>\n\n\n<hr class=\"mh-spacer mh-spacer--aa588d17dfcd1f14da1a51e713e1310e\" aria-hidden=\"true\" \/>\n\n\n<div class=\"mh-columns mh-columns--vertical-alignment-top mh-column--f74af26613eeed7671bcf1bc3a661062 mh-columns--gutter-m\">\n    <div class=\"mh-columns-inner\">\n        \n<div class=\"mh-column mh-column--a89ea9b33247a84a473b4289da3de853 mh-column--6 mh-column--m-4 mh-column--l-3\">\n    \n    <figure class=\"mh-image mh-image--align-center mh-image--3f1c6bd5b4038774603a738c0bf7eb94\" >\n                            <img decoding=\"async\"\n        class=\"\"\n        src=\"https:\/\/www.gesundheit-im-blick.at\/brustkrebs\/wp-content\/uploads\/sites\/578\/2025\/10\/Ernahrung-Bewegung-Gesund-essen-aktiv-bleiben-bei-Brustkrebs_opt.jpg?w=1000\"\n        width=\"1000\"\n        height=\"625\"\n        loading=\"lazy\"\n        alt=\"Erna\u0308hrung-&#038;-Bewegung-Gesund-essen,-aktiv-bleiben-bei-Brustkrebs\"\n            \/>\n                        <\/figure>\n\n<\/div>\n\n\n<div class=\"mh-column mh-column--fcca310978082bc575cf6fd2d10a72a6 mh-column--12 mh-column--m-8 mh-column--l-9\">\n    \n<h3  class=\"mh-heading mh-heading--f07de215008c4074697c750c84a6644a\"><strong><strong><strong><strong><strong><strong><strong><strong><strong><strong><strong><strong><strong><strong><mark style=\"background-color:rgba(0, 0, 0, 0);color:#c9689e\" class=\"has-inline-color\"><strong><strong><strong><mark style=\"background-color:rgba(0, 0, 0, 0);color:#c9689e\" class=\"has-inline-color\">Ern\u00e4hrung &amp; Bewegung<\/mark> <\/strong><\/strong><\/strong><\/mark><strong><strong><strong>\u2013 Gesund essen, aktiv bleiben<\/strong><\/strong><\/strong> bei Brustkrebs<\/strong><\/strong><\/strong><\/strong><\/strong><\/strong><\/strong><\/strong><\/strong><\/strong><\/strong><\/strong><\/strong><\/strong><\/h3>\n\n\n<p\n    class=\"mh-paragraph mh-paragraph--aa5658c89bd2f3b5fc28d7b356d49eff\"\n    >\n    Eine ausgewogene Ern\u00e4hrung unterst\u00fctzt Ihr Wohlbefinden w\u00e4hrend der Therapie. Empfehlenswert sind frische Lebensmittel, viel Obst und Gem\u00fcse, Vollkornprodukte, pflanzliche Eiwei\u00dfquellen wie H\u00fclsenfr\u00fcchte und gesunde Fette, z. B. aus N\u00fcssen oder Oliven\u00f6l. Mehrere kleine Mahlzeiten \u00fcber den Tag verteilt versorgen den K\u00f6rper gleichm\u00e4\u00dfig mit Energie.<br \/>\nSanfte Bewegung \u2013 z. B. Spazierengehen, Yoga oder Radfahren \u2013 st\u00e4rkt das Immunsystem, f\u00f6rdert die Regeneration und lindert M\u00fcdigkeit.<\/p>\n\n<\/div>\n\n    <\/div>\n<\/div>\n\n\n<hr class=\"mh-spacer mh-spacer--c8ada693f060d17b0251f175f5928ac1\" aria-hidden=\"true\" \/>\n\n\n<hr class=\"mh-separator mh-separator--d05f543ef8be671c844ef556b786748c\" aria-hidden=\"true\" \/>\n\n\n<hr class=\"mh-spacer mh-spacer--c8ada693f060d17b0251f175f5928ac1\" aria-hidden=\"true\" \/>\n\n\n<div class=\"mh-columns mh-columns--vertical-alignment-top mh-column--132aabeb576b1c5c6b334278581ad85a mh-columns--gutter-m\">\n    <div class=\"mh-columns-inner\">\n        \n<div class=\"mh-column mh-column--29de934f47797305667fa193d6820198 mh-column--6 mh-column--m-4 mh-column--l-3\">\n    \n    <figure class=\"mh-image mh-image--align-center mh-image--0af8263754abbc7fc1ef5e715c4f9380\" >\n                            <img decoding=\"async\"\n        class=\"\"\n        src=\"https:\/\/www.gesundheit-im-blick.at\/brustkrebs\/wp-content\/uploads\/sites\/578\/2025\/10\/Entspannung-fur-Korper-und-Seele-\u2013-Ruhe-finden-trotz-Unruhe_opt.jpg?w=1000\"\n        width=\"1000\"\n        height=\"625\"\n        loading=\"lazy\"\n        alt=\"Entspannung-fu\u0308r-Ko\u0308rper-und-Seele-Ruhe-finden-trotz-Unruhe\"\n            \/>\n                        <\/figure>\n\n<\/div>\n\n\n<div class=\"mh-column mh-column--c591d00fb6df0a147b91bc93d95f86bb mh-column--12 mh-column--m-8 mh-column--l-9\">\n    \n<h3  class=\"mh-heading mh-heading--6b42dc8296e3a9641a16b9c8edd16f0b\"><strong><strong><strong><strong><strong><strong><strong><strong><strong><strong><strong><strong><strong><strong><strong><strong><strong><strong><strong><strong>Entspannung f\u00fcr<mark style=\"background-color:rgba(0, 0, 0, 0);color:#c9689e\" class=\"has-inline-color\"> K\u00f6rper und Seele<\/mark> \u2013 Ruhe finden trotz Unruhe<\/strong><\/strong><\/strong><\/strong><\/strong><\/strong><\/strong><\/strong><\/strong><\/strong><\/strong><\/strong><\/strong><\/strong><\/strong><\/strong><\/strong><\/strong><\/strong><\/strong><\/h3>\n\n\n<p\n    class=\"mh-paragraph mh-paragraph--ae6d00863c72ad865f5a8cbe7b9db1d1\"\n    >\n    Der Alltag mit Brustkrebs bringt oft Stress und Anspannung mit sich. Umso wichtiger sind bewusste Ruhepausen. Entspannungstechniken wie Atem\u00fcbungen, Meditation oder progressive Muskelentspannung helfen, den K\u00f6rper zu beruhigen und \u00c4ngste zu lindern. Probieren Sie aus, was Ihnen guttut:<\/p>\n\n<\/div>\n\n    <\/div>\n<\/div>\n\n\n<hr class=\"mh-spacer mh-spacer--c8ada693f060d17b0251f175f5928ac1\" aria-hidden=\"true\" \/>\n\n\n<div class=\"mh-columns mh-column--45bb06c52c65598cf8023e906a7e01ca mh-columns--gutter-m\">\n    <div class=\"mh-columns-inner\">\n        \n<div class=\"mh-column mh-column--80990beabb9cc962b02cfc891d0df37b mh-column--12 mh-column--m-3 mh-column--l-3\">\n    <\/div>\n\n\n<div class=\"mh-column mh-column--d9d809530bafb33d1f447cbb528de502 mh-column--12 mh-column--m-12 mh-column--l-3\">\n    \n<div class=\"mh-columns mh-columns--vertical-alignment-center mh-column--4fd979e6017cf6c1af8eca897d786d49 mh-columns--gutter-m\">\n    <div class=\"mh-columns-inner\">\n        \n<div class=\"mh-column mh-column--ff8d521d7cf7a759d930e880c612f7e2 mh-column--8 mh-column--m-8 mh-column--l-8\">\n    \n\n<p\n    class=\"mh-paragraph mh-paragraph--left mh-paragraph--3c8128c494340cc1cc95683198eed88b\"\n    >\n    <strong><strong>Atem\u00fcbungen<\/strong><\/strong><\/p>\n\n<\/div>\n\n\n<div class=\"mh-column mh-column--2dbb049253398bf37a69312e9bcdb3fa mh-column--4 mh-column--m-4 mh-column--l-4\">\n    \n    <figure class=\"mh-image mh-image--align-center mh-image--9e72312dbcbafbcd393716d10682d325\" >\n                            <img decoding=\"async\"\n        class=\"\"\n        src=\"https:\/\/www.gesundheit-im-blick.at\/brustkrebs\/wp-content\/uploads\/sites\/578\/2025\/09\/Atemubungen-icon-1.svg?w=77\"\n        width=\"\"\n        height=\"\"\n        loading=\"lazy\"\n        alt=\"Atemu\u0308bungen - icon\"\n            \/>\n                        <\/figure>\n\n<\/div>\n\n    <\/div>\n<\/div>\n\n\n<hr class=\"mh-spacer mh-spacer--05e3702d509c31d0a74e6afbf665d273\" aria-hidden=\"true\" \/>\n\n\n\n<p\n    class=\"mh-paragraph mh-paragraph--1100df61a552da32eb5b2f3a92ddb7b2\"\n    >\n    Bewusste Atem\u00fcbungen helfen, Stress zu reduzieren und den K\u00f6rper zu entspannen. Schon wenige Minuten tiefer Atemz\u00fcge k\u00f6nnen Herzschlag und Blutdruck senken. Diese Techniken lassen sich jederzeit anwenden \u2013 vor Arztgespr\u00e4chen, beim Einschlafen oder in Momenten innerer Unruhe.<\/p>\n\n<\/div>\n\n\n<div class=\"mh-column mh-column--2462d641d60662c2541af0b4194e7e1b mh-column--12 mh-column--m-12 mh-column--l-3\">\n    \n<div class=\"mh-columns mh-columns--vertical-alignment-center mh-column--b2566c18b5b3f54c1fbd363fc4a83a10 mh-columns--gutter-m\">\n    <div class=\"mh-columns-inner\">\n        \n<div class=\"mh-column mh-column--edb47ebb56998165b398e689f8887731 mh-column--8 mh-column--m-8 mh-column--l-8\">\n    \n\n<p\n    class=\"mh-paragraph mh-paragraph--left mh-paragraph--a34a194de9758c2a860684c4d1b87c9e\"\n    >\n    <strong><strong><strong>Gef\u00fchrte Meditationen<\/strong><\/strong><\/strong><\/p>\n\n<\/div>\n\n\n<div class=\"mh-column mh-column--031991903eca9c4a1710ee25d33f604a mh-column--4 mh-column--m-4 mh-column--l-4\">\n    \n    <figure class=\"mh-image mh-image--align-center mh-image--f50416902c70034065d1cff976ed03b0\" >\n                            <img decoding=\"async\"\n        class=\"\"\n        src=\"https:\/\/www.gesundheit-im-blick.at\/brustkrebs\/wp-content\/uploads\/sites\/578\/2025\/09\/Gefuhrte-Meditationen-icon.svg?w=76\"\n        width=\"\"\n        height=\"\"\n        loading=\"lazy\"\n        alt=\"Gefu\u0308hrte Meditationen - icon\"\n            \/>\n                        <\/figure>\n\n<\/div>\n\n    <\/div>\n<\/div>\n\n\n<hr class=\"mh-spacer mh-spacer--05e3702d509c31d0a74e6afbf665d273\" aria-hidden=\"true\" \/>\n\n\n\n<p\n    class=\"mh-paragraph mh-paragraph--74c341f96ecaddfbc02b0af4631950b3\"\n    >\n    Audioanleitungen oder Apps l\u00e4sst sich die Praxis leicht in den Alltag integrieren. Studien zeigen, dass Meditation Schlafprobleme reduziert und die Lebensqualit\u00e4t w\u00e4hrend der Therapie verbessern kann.<\/p>\n\n<\/div>\n\n\n<div class=\"mh-column mh-column--6f180e8d5769d3eb078c52c91b238460 mh-column--12 mh-column--m-12 mh-column--l-3\">\n    \n<div class=\"mh-columns mh-columns--vertical-alignment-center mh-column--8e2fe96dd225812d26bc5191b8e29008 mh-columns--gutter-m\">\n    <div class=\"mh-columns-inner\">\n        \n<div class=\"mh-column mh-column--1217f956ad21112f07daef2e5f2799d6 mh-column--8 mh-column--m-8 mh-column--l-8\">\n    \n\n<p\n    class=\"mh-paragraph mh-paragraph--left mh-paragraph--1fa9ff13582bb0de3b14acaa4bfb8204\"\n    >\n    <strong><strong><strong><strong>Fantasiereisen<\/strong><\/strong><\/strong><\/strong><\/p>\n\n<\/div>\n\n\n<div class=\"mh-column mh-column--cec41883102a0eeb658e4bf868067fc2 mh-column--4 mh-column--m-4 mh-column--l-4\">\n    \n    <figure class=\"mh-image mh-image--align-center mh-image--6ada857479c5596ac4403ad5e8c9803e\" >\n                            <img decoding=\"async\"\n        class=\"\"\n        src=\"https:\/\/www.gesundheit-im-blick.at\/brustkrebs\/wp-content\/uploads\/sites\/578\/2025\/09\/Fantasiereisen-icon.svg?w=76\"\n        width=\"\"\n        height=\"\"\n        loading=\"lazy\"\n        alt=\"Fantasiereisen - icon\"\n            \/>\n                        <\/figure>\n\n<\/div>\n\n    <\/div>\n<\/div>\n\n\n<hr class=\"mh-spacer mh-spacer--05e3702d509c31d0a74e6afbf665d273\" aria-hidden=\"true\" \/>\n\n\n\n<p\n    class=\"mh-paragraph mh-paragraph--7b1f2378f21db12176ad788faec545a3\"\n    >\n    Bei einer Fantasiereise tauchen Sie mithilfe von Worten und Bildern in eine innere Welt der Ruhe ein \u2013 etwa an einen Strand oder in einen Wald. Diese Methode kann helfen, Sorgen f\u00fcr eine Weile loszulassen und das Gedankenkarussell zu stoppen.<\/p>\n\n<\/div>\n\n    <\/div>\n<\/div>\n\n\n<div class=\"mh-columns mh-column--429a46f55a570b854b42c4ac3fad0eee mh-columns--gutter-m\">\n    <div class=\"mh-columns-inner\">\n        \n<div class=\"mh-column mh-column--80990beabb9cc962b02cfc891d0df37b mh-column--12 mh-column--m-3 mh-column--l-3\">\n    <\/div>\n\n\n<div class=\"mh-column mh-column--9ea87661f5d28a0e0ab000f2823a9faf mh-column--12 mh-column--m-12 mh-column--l-3\">\n    \n<div class=\"mh-columns mh-columns--vertical-alignment-center mh-column--4ee0d0e4a4a43c4a35d57a59930f57c7 mh-columns--gutter-m\">\n    <div class=\"mh-columns-inner\">\n        \n<div class=\"mh-column mh-column--fec3d43214ac0ce12cdcf4e88158abc6 mh-column--8 mh-column--m-8 mh-column--l-8\">\n    \n\n<p\n    class=\"mh-paragraph mh-paragraph--left mh-paragraph--c0f49f77c8c77ceed533e27d62e8881e\"\n    >\n    <strong><strong><strong>Tagebuch schreiben<\/strong><\/strong><\/strong><\/p>\n\n<\/div>\n\n\n<div class=\"mh-column mh-column--c31f4439ee91a5d3d4c43e94af42972e mh-column--4 mh-column--m-4 mh-column--l-4\">\n    \n    <figure class=\"mh-image mh-image--align-center mh-image--1da83bd8c8f8b914a03b8ede35f8fb3a\" >\n                            <img decoding=\"async\"\n        class=\"\"\n        src=\"https:\/\/www.gesundheit-im-blick.at\/brustkrebs\/wp-content\/uploads\/sites\/578\/2025\/09\/Tagebuch-schreiben-icon.svg?w=77\"\n        width=\"\"\n        height=\"\"\n        loading=\"lazy\"\n        alt=\"Tagebuch schreiben - icon\"\n            \/>\n                        <\/figure>\n\n<\/div>\n\n    <\/div>\n<\/div>\n\n\n<hr class=\"mh-spacer mh-spacer--05e3702d509c31d0a74e6afbf665d273\" aria-hidden=\"true\" \/>\n\n\n\n<p\n    class=\"mh-paragraph mh-paragraph--f8bb1713292a8e2ea2c1f29b34c28d2a\"\n    >\n    Ein Tagebuch schafft Raum, Gef\u00fchle auszudr\u00fccken und den eigenen Weg bewusst wahrzunehmen. Schon kurze Notizen \u2013 etwa drei Dinge, f\u00fcr die Sie dankbar sind \u2013 k\u00f6nnen helfen, den Blick auf das Positive zu lenken. Schreiben gilt auch als hilfreiche Methode, \u00c4ngste und Belastungen zu verarbeiten.<\/p>\n\n<\/div>\n\n\n<div class=\"mh-column mh-column--1aa1bf7b5d63733cc190e46f47dc9dd8 mh-column--12 mh-column--m-12 mh-column--l-6\">\n    \n<div class=\"mh-columns mh-columns--vertical-alignment-center mh-column--8b25bcbc91b6d59ebd028f9b757b5e38 mh-columns--gutter-m\">\n    <div class=\"mh-columns-inner\">\n        \n<div class=\"mh-column mh-column--772506ed6793670a93cff731e48f3eac mh-column--8 mh-column--m-8 mh-column--l-8\">\n    \n\n<p\n    class=\"mh-paragraph mh-paragraph--left mh-paragraph--51b145232322b79d8fdb9ab417458b06\"\n    >\n    <strong><strong><strong>Malen, Musizieren oder andere kreative T\u00e4tigkeiten<\/strong><\/strong><\/strong><\/p>\n\n<\/div>\n\n\n<div class=\"mh-column mh-column--ce9213c6118bea79b095d569054d0724 mh-column--4 mh-column--m-4 mh-column--l-4\">\n    \n    <figure class=\"mh-image mh-image--align-center mh-image--32e556e51988a4ff3b9bd432322c9a3b\" >\n                            <img decoding=\"async\"\n        class=\"\"\n        src=\"https:\/\/www.gesundheit-im-blick.at\/brustkrebs\/wp-content\/uploads\/sites\/578\/2025\/09\/Malen-Musizieren-oder-andere-kreative-Tatigkeiten-icon.svg?w=76\"\n        width=\"\"\n        height=\"\"\n        loading=\"lazy\"\n        alt=\"Malen, Musizieren oder andere kreative Ta\u0308tigkeiten - icon\"\n            \/>\n                        <\/figure>\n\n<\/div>\n\n    <\/div>\n<\/div>\n\n\n<hr class=\"mh-spacer mh-spacer--05e3702d509c31d0a74e6afbf665d273\" aria-hidden=\"true\" \/>\n\n\n\n<p\n    class=\"mh-paragraph mh-paragraph--9d1ffd3d5f09e0adf38249efda7ed2cc\"\n    >\n    Kreativit\u00e4t ist ein wirkungsvolles Ventil: Farben, Kl\u00e4nge oder Formen bieten M\u00f6glichkeiten, Gef\u00fchle auszudr\u00fccken, die sich schwer in Worte fassen lassen. Ob Malen, Musizieren oder Basteln \u2013 sch\u00f6pferische T\u00e4tigkeiten f\u00f6rdern Lebensfreude und tragen nachweislich zum Stressabbau bei.<\/p>\n\n<\/div>\n\n    <\/div>\n<\/div>\n\n    <\/div>\n<\/div>\n\n\n<div class=\"mh-content-19 mh-element mh-element--45d84b7a02df1c51085c4256bb446f21 mh-element--align-full\">\n    <div class=\"mh-container\">\n        \n<div class=\"mh-columns mh-column--eb2afe2b06d5df7f2c19539d13ac87e8 mh-columns--gutter-m\">\n    <div class=\"mh-columns-inner\">\n        \n<div class=\"mh-column mh-column--396ddcedf6248ceb0f690c0fde6f4ec6 mh-column--12 mh-column--m-12 mh-column--l-12\">\n    \n<h2  id=\"zuruckinsleben\" class=\"mh-heading mh-heading--left mh-heading--align-center mh-heading--2d7ef68b4ad2d3b7624c03883555aac7\"><strong>Nach der Therapie \u2013 Zur\u00fcck ins <mark style=\"background-color:rgba(0, 0, 0, 0);color:#c9689e\" class=\"has-inline-color\">Leben<\/mark><\/strong><\/h2>\n\n<hr class=\"mh-spacer mh-spacer--83f96c3369740cda3b716d5e1b2ef30e\" aria-hidden=\"true\" \/>\n\n\n<div class=\"mh-columns mh-column--8467cd9bc5e5e4fff103b3ce6fedca9e mh-columns--gutter-m\">\n    <div class=\"mh-columns-inner\">\n        \n<div class=\"mh-column mh-column--ab2f689e4250e5498afa2db6e6b16156 mh-column--12 mh-column--m-4 mh-column--l-4\">\n    \n    <figure class=\"mh-image mh-image--734367c811a908ce234b31669ffa670f\" >\n                            <img decoding=\"async\"\n        class=\"\"\n        src=\"https:\/\/www.gesundheit-im-blick.at\/brustkrebs\/wp-content\/uploads\/sites\/578\/2025\/09\/Beruf-Alltag-\u2013-Schritt-fur-Schritt-zuruck.jpg?w=1200\"\n        width=\"1200\"\n        height=\"380\"\n        loading=\"lazy\"\n        alt=\"Beruf &#038; Alltag \u2013 Schritt fu\u0308r Schritt zuru\u0308ck\"\n            \/>\n                        <\/figure>\n\n\n<hr class=\"mh-spacer mh-spacer--cc7c4e7e3d28a31bcc757a05953c89e4\" aria-hidden=\"true\" \/>\n\n\n<h3  class=\"mh-heading mh-heading--left mh-heading--becda56b939d6a7994bc9db1207a769d\"><strong><strong><mark style=\"background-color:rgba(0, 0, 0, 0);color:#c9689e\" class=\"has-inline-color\">Beruf &amp; Alltag<\/mark> \u2013 Schritt f\u00fcr Schritt zur\u00fcck<\/strong><\/strong><\/h3>\n\n\n<p\n    class=\"mh-paragraph mh-paragraph--left mh-paragraph--d5c1886b18ee145a36b22ca72f5d2e9d\"\n    >\n    Nach der Therapie m\u00f6chten viele Patientinnen wieder in den Beruf zur\u00fcckkehren. In \u00d6sterreich gibt es Modelle zur stufenweisen Wiedereingliederung. Damit lassen sich Arbeitszeiten und Belastungen langsam steigern. Sprechen Sie fr\u00fchzeitig mit Ihrem Arbeitgeber \u00fcber flexible Arbeitszeiten, Homeoffice oder eine stufenweise Wiedereingliederung. Beratungsstellen wie die \u00d6sterreichische Krebshilfe (Arbeitsassistenz Krebs &amp; Beruf) unterst\u00fctzen Sie dabei.<\/p>\n\n<\/div>\n\n\n<div class=\"mh-column mh-column--9b397781addd44e2953438362033e796 mh-column--12 mh-column--m-4 mh-column--l-4\">\n    \n    <figure class=\"mh-image mh-image--f288f5fef2cd1a224d17a7408a22423b\" >\n                            <img decoding=\"async\"\n        class=\"\"\n        src=\"https:\/\/www.gesundheit-im-blick.at\/brustkrebs\/wp-content\/uploads\/sites\/578\/2025\/09\/Rehabilitation-\u2013-Neue-Starke-finden.jpg?w=1200\"\n        width=\"1200\"\n        height=\"380\"\n        loading=\"lazy\"\n        alt=\"Rehabilitation \u2013 Neue Sta\u0308rke finden\"\n            \/>\n                        <\/figure>\n\n\n<hr class=\"mh-spacer mh-spacer--cc7c4e7e3d28a31bcc757a05953c89e4\" aria-hidden=\"true\" \/>\n\n\n<h3  class=\"mh-heading mh-heading--left mh-heading--14d47f138003538005b2ce2cc3176b75\"><strong><mark style=\"background-color:rgba(0, 0, 0, 0);color:#c9689e\" class=\"has-inline-color\">Rehabilitation<\/mark> \u2013 Neue St\u00e4rke finden<\/strong><\/h3>\n\n\n<p\n    class=\"mh-paragraph mh-paragraph--left mh-paragraph--9b10a661e656bc209257fba0ef03ae2e\"\n    >\n    Die Rehabilitation ist ein zentraler Schritt auf dem Weg zur\u00fcck in den Alltag mit Brustkrebs. Reha-Kliniken bieten Bewegungstherapie, Ern\u00e4hrungsberatung, Physiotherapie und psychologische Begleitung. Auch der Austausch in Selbsthilfegruppen oder mit Gesundheitsbotschafterinnen kann unterst\u00fctzen.<\/p>\n\n<\/div>\n\n\n<div class=\"mh-column mh-column--4b938f23144bf35fec8ca805eba69bbe mh-column--12 mh-column--m-4 mh-column--l-4\">\n    \n    <figure class=\"mh-image mh-image--0fff77f4c0f525ce73dc3571de12fa61\" >\n                            <img decoding=\"async\"\n        class=\"\"\n        src=\"https:\/\/www.gesundheit-im-blick.at\/brustkrebs\/wp-content\/uploads\/sites\/578\/2025\/09\/Mehr-zur-Rehabilitation.jpg?w=1200\"\n        width=\"1200\"\n        height=\"380\"\n        loading=\"lazy\"\n        alt=\"Mehr zur Rehabilitation\"\n            \/>\n                        <\/figure>\n\n\n<hr class=\"mh-spacer mh-spacer--cc7c4e7e3d28a31bcc757a05953c89e4\" aria-hidden=\"true\" \/>\n\n\n<h3  class=\"mh-heading mh-heading--left mh-heading--57cc420771c8db0429d03ccd9ceff0f8\"><strong><strong><strong><strong><strong><strong><strong><strong><strong>Mehr zur <mark style=\"background-color:rgba(0, 0, 0, 0);color:#c9689e\" class=\"has-inline-color\">Rehabilitation<\/mark><\/strong><\/strong><\/strong><\/strong><\/strong><\/strong><\/strong><\/strong><\/strong><\/h3>\n\n\n<p\n    class=\"mh-paragraph mh-paragraph--left mh-paragraph--52856c25c3d30e55a23ecbcfb40d1064\"\n    >\n    Die Reha umfasst medizinische, psychologische und soziale Ma\u00dfnahmen. Ziel ist es, die R\u00fcckkehr ins Alltags- und Berufsleben zu erleichtern. Viele Betroffene erleben die Reha als wichtigen Schritt, um Vertrauen in den eigenen K\u00f6rper zur\u00fcckzugewinnen.<\/p>\n\n<\/div>\n\n    <\/div>\n<\/div>\n\n<\/div>\n\n    <\/div>\n<\/div>\n\n    <\/div>\n<\/div>\n\n\n<div class=\"mh-element mh-element--f1b822947b8566881bf1854d87d52468 mh-element--align-full\">\n    <div class=\"mh-container\">\n        \n<div class=\"mh-columns mh-columns--vertical-alignment-center mh-column--b1c0b5b32f4bd990b1c1ef6012bb6bbe mh-columns--gutter-m\">\n    <div class=\"mh-columns-inner\">\n        \n<div class=\"mh-column mh-column--baeafe1099efc37e7f1cef71a8da6372 mh-column--11 mh-column--m-5 mh-column--l-5\">\n    \n<div class=\"mh-columns mh-columns--vertical-alignment-center mh-column--87c8d07e9263bfc278758e0368688b7e mh-columns--gutter-m\">\n    <div class=\"mh-columns-inner\">\n        \n<div class=\"mh-column mh-column--7295205a86353b6164a5fc2a01c87896 mh-column--8 mh-column--m-8 mh-column--l-8\">\n    \n<h2  class=\"mh-heading mh-heading--left mh-heading--8c1a19220b4ccb160510a0251c77731e\"><strong><strong><strong><strong><mark style=\"background-color:rgba(0, 0, 0, 0);color:#c9689e\" class=\"has-inline-color\">Nachsorge<\/mark> \u2013 Gut begleitet bleiben<\/strong><\/strong><\/strong><\/strong><\/h2>\n<\/div>\n\n\n<div class=\"mh-column mh-column--5c80e44e13233f1d34cff2cc29e41678 mh-column--4 mh-column--m-4 mh-column--l-4\">\n    \n    <figure class=\"mh-image mh-image--align-center mh-image--27db812cbb2c8e554b3cbcadc7b79322\" >\n                            <img decoding=\"async\"\n        class=\"\"\n        src=\"https:\/\/www.gesundheit-im-blick.at\/brustkrebs\/wp-content\/uploads\/sites\/578\/2025\/09\/Nachsorge-\u2013-Gut-begleitet-bleiben-icon.svg?w=101\"\n        width=\"\"\n        height=\"\"\n        loading=\"lazy\"\n        alt=\"Nachsorge \u2013 Gut begleitet bleiben - icon\"\n            \/>\n                        <\/figure>\n\n<\/div>\n\n    <\/div>\n<\/div>\n\n\n<hr class=\"mh-spacer mh-spacer--3104f31900511afe2da734f48153bd66\" aria-hidden=\"true\" \/>\n\n\n\n<p\n    class=\"mh-paragraph mh-paragraph--left mh-paragraph--d70b53af88b416323666ef71d7cdbcfd\"\n    >\n    Nach der Therapie beginnt die Nachsorge, denn auch nach der Therapie bleiben regelm\u00e4\u00dfige \u00e4rztliche Kontrollen wichtig. Die Nachsorge hilft, m\u00f6gliche R\u00fcckf\u00e4lle fr\u00fchzeitig zu erkennen und Sp\u00e4tfolgen der Behandlung zu behandeln.<\/p>\n\n<\/div>\n\n\n<div class=\"mh-column mh-column--22da2b7323193d4206e791dde13f9446 mh-column--1 mh-column--m-2 mh-column--l-2\">\n    \n    <figure class=\"mh-image mh-image--align-center mh-image--54ced34c347ed6784d202db0d574838d\" >\n                            <img decoding=\"async\"\n        class=\"\"\n        src=\"https:\/\/www.gesundheit-im-blick.at\/brustkrebs\/wp-content\/uploads\/sites\/578\/2025\/09\/14.svg?w=2\"\n        width=\"\"\n        height=\"\"\n        loading=\"lazy\"\n        alt=\"line\"\n            \/>\n                        <\/figure>\n\n<\/div>\n\n\n<div class=\"mh-column mh-column--4ea7f54adfbe6338dd593f25904f9a2e mh-column--11 mh-column--m-5 mh-column--l-5\">\n    \n<div class=\"mh-columns mh-columns--vertical-alignment-center mh-column--2296345141168eafc729b7b6a068492f mh-columns--gutter-m\">\n    <div class=\"mh-columns-inner\">\n        \n<div class=\"mh-column mh-column--437976d8081105017a53c15d2b6b0037 mh-column--8 mh-column--m-8 mh-column--l-8\">\n    \n<h2  id=\"zuruckinsleben\" class=\"mh-heading mh-heading--left mh-heading--align-center mh-heading--adcad2befd7b3b3dce6de3f130144299\"><strong><strong>Was passiert <mark style=\"background-color:rgba(0, 0, 0, 0);color:#c9689e\" class=\"has-inline-color\">bei der Nachsorge<\/mark>?<\/strong><\/strong><\/h2>\n<\/div>\n\n\n<div class=\"mh-column mh-column--0013c1c585def91d1ad91e8139d52b87 mh-column--4 mh-column--m-4 mh-column--l-4\">\n    \n    <figure class=\"mh-image mh-image--align-center mh-image--077a6381d25384ad18433cfcaa1fcb99\" >\n                            <img decoding=\"async\"\n        class=\"\"\n        src=\"https:\/\/www.gesundheit-im-blick.at\/brustkrebs\/wp-content\/uploads\/sites\/578\/2025\/09\/Was-passiert-bei-der-Nachsorge_-icon.svg?w=101\"\n        width=\"\"\n        height=\"\"\n        loading=\"lazy\"\n        alt=\"Was passiert bei der Nachsorge_ - icon\"\n            \/>\n                        <\/figure>\n\n<\/div>\n\n    <\/div>\n<\/div>\n\n\n<hr class=\"mh-spacer mh-spacer--3104f31900511afe2da734f48153bd66\" aria-hidden=\"true\" \/>\n\n\n\n<p\n    class=\"mh-content-19__text mh-paragraph mh-paragraph--left mh-paragraph--178f69b519da55d2f4103de8967d6cde\"\n    >\n    Regelm\u00e4\u00dfige Kontrolluntersuchungen wie Mammographie oder Ultraschall geben Sicherheit und helfen, R\u00fcckf\u00e4lle fr\u00fchzeitig zu erkennen. Auch Gespr\u00e4che \u00fcber seelische Belastungen sind Teil der Nachsorge \u2013 sprechen Sie offen \u00fcber das, was Sie besch\u00e4ftigt.<\/p>\n\n<\/div>\n\n    <\/div>\n<\/div>\n\n    <\/div>\n<\/div>\n\n\n<div class=\"mh-columns mh-column--7c46d28a74e02d4084412e85865d9009 mh-columns--gutter-m\">\n    <div class=\"mh-columns-inner\">\n        \n<div class=\"mh-column mh-column--5024e0e3d9e9010c86d25b245c24950e mh-column--12 mh-column--m-12 mh-column--l-12\">\n    \n<h2  class=\"mh-heading mh-heading--left mh-heading--df6df9fbb35218b7638bae69573e75fa\"><strong>H\u00e4ufige Fragen <mark style=\"background-color:rgba(0, 0, 0, 0);color:#c9689e\" class=\"has-inline-color\">(FAQ)<\/mark><\/strong><\/h2>\n\n\n<section class=\"mh-content-14\">\n    \n<div class=\"mh-accordion mh-accordion--b5a5237021f518d37d69b030efcc8575 mh-accordion--multiple\" data-configuration=\"{&quot;variation&quot;:&quot;multiple&quot;,&quot;speed&quot;:250}\">\n    \n\n<section class=\"mh-accordion-molecule mh-accordion-molecule--3982ec088e01ed42ef17873a6df25a31 mh-accordion-molecule--closed\"  >\n    <header class=\"mh-accordion-molecule-header\">\n                    <span class=\"mh-accordion-molecule-header__icon\">\n                        <img decoding=\"async\"\n        class=\"\"\n        src=\"https:\/\/www.gesundheit-im-blick.at\/brustkrebs\/wp-content\/uploads\/sites\/578\/2025\/09\/question-answer_11524634-2.svg\"\n        width=\"\"\n        height=\"\"\n        loading=\"lazy\"\n        alt=\"question-answer-icon\"\n            \/>\n                <\/span>\n                <h4 class=\"mh-accordion-molecule-header__heading\">\n            <button class=\"mh-accordion-molecule-header__heading-trigger\" aria-expanded=\"false\" type=\"button\">\n                <strong><strong>Was darf ich bei Brustkrebs essen?<\/strong><\/strong>            <\/button>\n        <\/h4>\n        <span class=\"mh-accordion-molecule-header__icon-dropdown\">\n            \n<svg width=\"1em\" height=\"1em\" class=\"mh-icon mh-icon--kind-generic mh-icon--name-dropdown-arrow mh-icon--dropdown-arrow\" role=\"img\" aria-hidden=\"true\">\n    \n    \n    <use xlink:href=\"https:\/\/www.gesundheit-im-blick.at\/brustkrebs\/wp-content\/themes\/cex-wpvip-mh-theme-3.1\/modules\/theme\/resources\/icons\/svg\/generic\/dropdown-arrow.svg#dropdown-arrow\"><\/use>\n<\/svg>\n        <\/span>\n    <\/header>\n    <div class=\"mh-accordion-molecule-content\">\n        <div class=\"mh-accordion-molecule-content__body\">\n            \n\n<p\n    class=\"mh-paragraph mh-paragraph--1fa1250f96b255465a2f34a70c8d1ce1\"\n    >\n    Empfohlen wird eine frische, ausgewogene Ern\u00e4hrung mit viel Obst, Gem\u00fcse, Vollkornprodukten und Eiwei\u00dfquellen wie Fisch, H\u00fclsenfr\u00fcchten oder magerem Fleisch. Auch pflanzliche Fette, zum Beispiel aus N\u00fcssen oder Oliven\u00f6l, sind sinnvoll. Auf Alkohol und stark verarbeitete Lebensmittel sollte weitgehend verzichtet werden.<\/p>\n\n\n<hr class=\"mh-spacer mh-spacer--8059a3a2391246c927d67d322fd0288c\" aria-hidden=\"true\" \/>\n\n        <\/div>\n    <\/div>\n<\/section>\n\n\n\n<section class=\"mh-accordion-molecule mh-accordion-molecule--905aad521dcade19b712ec7ef8c9d117 mh-accordion-molecule--closed\"  >\n    <header class=\"mh-accordion-molecule-header\">\n                    <span class=\"mh-accordion-molecule-header__icon\">\n                        <img decoding=\"async\"\n        class=\"\"\n        src=\"https:\/\/www.gesundheit-im-blick.at\/brustkrebs\/wp-content\/uploads\/sites\/578\/2025\/09\/question-answer_11524634-2.svg\"\n        width=\"\"\n        height=\"\"\n        loading=\"lazy\"\n        alt=\"question-answer-icon\"\n            \/>\n                <\/span>\n                <h4 class=\"mh-accordion-molecule-header__heading\">\n            <button class=\"mh-accordion-molecule-header__heading-trigger\" aria-expanded=\"false\" type=\"button\">\n                <strong><strong>Welcher Sport ist w\u00e4hrend der Therapie m\u00f6glich?<\/strong><\/strong>            <\/button>\n        <\/h4>\n        <span class=\"mh-accordion-molecule-header__icon-dropdown\">\n            \n<svg width=\"1em\" height=\"1em\" class=\"mh-icon mh-icon--kind-generic mh-icon--name-dropdown-arrow mh-icon--dropdown-arrow\" role=\"img\" aria-hidden=\"true\">\n    \n    \n    <use xlink:href=\"https:\/\/www.gesundheit-im-blick.at\/brustkrebs\/wp-content\/themes\/cex-wpvip-mh-theme-3.1\/modules\/theme\/resources\/icons\/svg\/generic\/dropdown-arrow.svg#dropdown-arrow\"><\/use>\n<\/svg>\n        <\/span>\n    <\/header>\n    <div class=\"mh-accordion-molecule-content\">\n        <div class=\"mh-accordion-molecule-content__body\">\n            \n\n<p\n    class=\"mh-paragraph mh-paragraph--8ad14b6d635d276629ec9e401357a1eb\"\n    >\n    Leichte Bewegung wie Spazierengehen, Yoga, Schwimmen oder Radfahren wird ausdr\u00fccklich empfohlen. Studien zeigen, dass k\u00f6rperliche Aktivit\u00e4t Fatigue reduzieren, das Immunsystem st\u00e4rken und die Stimmung verbessern kann. Wichtig ist, die Belastung schrittweise zu steigern und immer R\u00fccksprache mit dem Behandlungsteam zu halten.<\/p>\n\n\n<hr class=\"mh-spacer mh-spacer--c9ec6d9328a0582caf46bf99e4818141\" aria-hidden=\"true\" \/>\n\n        <\/div>\n    <\/div>\n<\/section>\n\n\n\n<section class=\"mh-accordion-molecule mh-accordion-molecule--ece9d068f951124af1c3be54588c5f4c mh-accordion-molecule--closed\"  >\n    <header class=\"mh-accordion-molecule-header\">\n                    <span class=\"mh-accordion-molecule-header__icon\">\n                        <img decoding=\"async\"\n        class=\"\"\n        src=\"https:\/\/www.gesundheit-im-blick.at\/brustkrebs\/wp-content\/uploads\/sites\/578\/2025\/09\/question-answer_11524634-2.svg\"\n        width=\"\"\n        height=\"\"\n        loading=\"lazy\"\n        alt=\"question-answer-icon\"\n            \/>\n                <\/span>\n                <h4 class=\"mh-accordion-molecule-header__heading\">\n            <button class=\"mh-accordion-molecule-header__heading-trigger\" aria-expanded=\"false\" type=\"button\">\n                <strong><strong>Wie funktioniert die berufliche Wiedereingliederung?<\/strong><\/strong>            <\/button>\n        <\/h4>\n        <span class=\"mh-accordion-molecule-header__icon-dropdown\">\n            \n<svg width=\"1em\" height=\"1em\" class=\"mh-icon mh-icon--kind-generic mh-icon--name-dropdown-arrow mh-icon--dropdown-arrow\" role=\"img\" aria-hidden=\"true\">\n    \n    \n    <use xlink:href=\"https:\/\/www.gesundheit-im-blick.at\/brustkrebs\/wp-content\/themes\/cex-wpvip-mh-theme-3.1\/modules\/theme\/resources\/icons\/svg\/generic\/dropdown-arrow.svg#dropdown-arrow\"><\/use>\n<\/svg>\n        <\/span>\n    <\/header>\n    <div class=\"mh-accordion-molecule-content\">\n        <div class=\"mh-accordion-molecule-content__body\">\n            \n\n<p\n    class=\"mh-paragraph mh-paragraph--35ac48856eb2e7c5447a5bad48d90678\"\n    >\n    In \u00d6sterreich gibt es das Modell der stufenweisen Wiedereingliederung. Damit k\u00f6nnen Patientinnen nach l\u00e4ngerer Krankheit zun\u00e4chst mit reduzierter Arbeitszeit starten und diese langsam steigern. Begleitet wird dies h\u00e4ufig durch \u00e4rztliche Atteste und Beratungsangebote, etwa bei der \u00d6sterreichischen Krebshilfe.<\/p>\n\n\n<hr class=\"mh-spacer mh-spacer--c9ec6d9328a0582caf46bf99e4818141\" aria-hidden=\"true\" \/>\n\n        <\/div>\n    <\/div>\n<\/section>\n\n\n\n<section class=\"mh-accordion-molecule mh-accordion-molecule--062fd1806ead340c5b162b25296a522e mh-accordion-molecule--closed\"  >\n    <header class=\"mh-accordion-molecule-header\">\n                    <span class=\"mh-accordion-molecule-header__icon\">\n                        <img decoding=\"async\"\n        class=\"\"\n        src=\"https:\/\/www.gesundheit-im-blick.at\/brustkrebs\/wp-content\/uploads\/sites\/578\/2025\/09\/question-answer_11524634-2.svg\"\n        width=\"\"\n        height=\"\"\n        loading=\"lazy\"\n        alt=\"question-answer-icon\"\n            \/>\n                <\/span>\n                <h4 class=\"mh-accordion-molecule-header__heading\">\n            <button class=\"mh-accordion-molecule-header__heading-trigger\" aria-expanded=\"false\" type=\"button\">\n                <strong><strong>Was passiert in der Nachsorge?<\/strong><\/strong>            <\/button>\n        <\/h4>\n        <span class=\"mh-accordion-molecule-header__icon-dropdown\">\n            \n<svg width=\"1em\" height=\"1em\" class=\"mh-icon mh-icon--kind-generic mh-icon--name-dropdown-arrow mh-icon--dropdown-arrow\" role=\"img\" aria-hidden=\"true\">\n    \n    \n    <use xlink:href=\"https:\/\/www.gesundheit-im-blick.at\/brustkrebs\/wp-content\/themes\/cex-wpvip-mh-theme-3.1\/modules\/theme\/resources\/icons\/svg\/generic\/dropdown-arrow.svg#dropdown-arrow\"><\/use>\n<\/svg>\n        <\/span>\n    <\/header>\n    <div class=\"mh-accordion-molecule-content\">\n        <div class=\"mh-accordion-molecule-content__body\">\n            \n\n<p\n    class=\"mh-paragraph mh-paragraph--51a1efc8c89af6d725539821a5b0124d\"\n    >\n    Die Nachsorge beginnt nach Ende der Akuttherapie. Sie umfasst regelm\u00e4\u00dfige Kontrolluntersuchungen wie k\u00f6rperliche Untersuchungen, Mammographie oder Ultraschall. Ziel ist es, R\u00fcckf\u00e4lle fr\u00fch zu erkennen, Nebenwirkungen zu behandeln und die Patientin auch seelisch zu begleiten. In \u00d6sterreich ist das Mammographie-Programm ein wichtiger Teil dieser Nachsorge.<\/p>\n\n\n<hr class=\"mh-spacer mh-spacer--c9ec6d9328a0582caf46bf99e4818141\" aria-hidden=\"true\" \/>\n\n        <\/div>\n    <\/div>\n<\/section>\n\n\n\n<section class=\"mh-accordion-molecule mh-accordion-molecule--7222dbcc286347ef9f25199d6404804d mh-accordion-molecule--closed\"  >\n    <header class=\"mh-accordion-molecule-header\">\n                    <span class=\"mh-accordion-molecule-header__icon\">\n                        <img decoding=\"async\"\n        class=\"\"\n        src=\"https:\/\/www.gesundheit-im-blick.at\/brustkrebs\/wp-content\/uploads\/sites\/578\/2025\/09\/question-answer_11524634-2.svg\"\n        width=\"\"\n        height=\"\"\n        loading=\"lazy\"\n        alt=\"question-answer-icon\"\n            \/>\n                <\/span>\n                <h4 class=\"mh-accordion-molecule-header__heading\">\n            <button class=\"mh-accordion-molecule-header__heading-trigger\" aria-expanded=\"false\" type=\"button\">\n                <strong><strong><strong>Wo finde ich Reha-Angebote oder Selbsthilfegruppen?<\/strong><\/strong><\/strong>            <\/button>\n        <\/h4>\n        <span class=\"mh-accordion-molecule-header__icon-dropdown\">\n            \n<svg width=\"1em\" height=\"1em\" class=\"mh-icon mh-icon--kind-generic mh-icon--name-dropdown-arrow mh-icon--dropdown-arrow\" role=\"img\" aria-hidden=\"true\">\n    \n    \n    <use xlink:href=\"https:\/\/www.gesundheit-im-blick.at\/brustkrebs\/wp-content\/themes\/cex-wpvip-mh-theme-3.1\/modules\/theme\/resources\/icons\/svg\/generic\/dropdown-arrow.svg#dropdown-arrow\"><\/use>\n<\/svg>\n        <\/span>\n    <\/header>\n    <div class=\"mh-accordion-molecule-content\">\n        <div class=\"mh-accordion-molecule-content__body\">\n            \n\n<p\n    class=\"mh-paragraph mh-paragraph--9d95f43403b99e6e3f099d2b43c6649e\"\n    >\n    Rehabilitation wird in spezialisierten Kliniken angeboten, die Bewegungsprogramme, Ern\u00e4hrungsberatung und psychologische Unterst\u00fctzung kombinieren. Selbsthilfegruppen bieten zus\u00e4tzlich den Austausch mit anderen Betroffenen. Informationen gibt es bei \u00c4rzt:innen, der \u00d6sterreichischen Krebshilfe oder bei Europa Donna \u00d6sterreich.<\/p>\n\n\n<hr class=\"mh-spacer mh-spacer--c9ec6d9328a0582caf46bf99e4818141\" aria-hidden=\"true\" \/>\n\n        <\/div>\n    <\/div>\n<\/section>\n\n<\/div>\n\n<\/section>\n\n<\/div>\n\n    <\/div>\n<\/div>\n\n\n<hr class=\"mh-spacer mh-spacer--9d50d31cb6c3cd803a932836350b83ce\" aria-hidden=\"true\" \/>\n\n\n<hr class=\"mh-separator mh-separator--dc15e96140d4f6cd3924eceb006312f8\" aria-hidden=\"true\" \/>\n","protected":false},"excerpt":{"rendered":"","protected":false},"author":1165,"featured_media":0,"parent":0,"menu_order":0,"comment_status":"closed","ping_status":"closed","template":"blank-canvas-template.php","meta":{"_mh_page_language":"en_GB","_mh_page_is_rtl":false,"editor_notices":[],"footnotes":""},"ga4_page_audience":[788],"ga4_page_birn_id":[],"ga4_page_branding":[227],"ga4_page_businessunit":[231],"ga4_page_campaign":[],"ga4_page_content_purpose":[715],"ga4_page_customer_journey_stage":[],"ga4_page_customer_specialty":[],"ga4_page_experience":[],"ga4_page_indication":[431],"ga4_page_material_intent":[438],"ga4_page_product":[522],"ga4_page_region":[662],"ga4_page_therapeuticarea":[689],"class_list":["post-2277","page","type-page","status-publish","hentry"],"yoast_head":"<!-- This site is optimized with the Yoast SEO plugin v27.0 - https:\/\/yoast.com\/product\/yoast-seo-wordpress\/ -->\n<title>Alltagstipps bei Brustkrebs | Gesundheit im Blick<\/title>\n<meta name=\"description\" content=\"Praktische Alltagstipps f\u00fcr Brustkrebs-Betroffene: Ern\u00e4hrung, Bewegung, Entspannung, Beruf &amp; Rehabilitation. Unterst\u00fctzung finden f\u00fcr ein selbstbestimmtes Leben w\u00e4hrend und nach der Therapie.\" \/>\n<meta name=\"robots\" content=\"index, follow, max-snippet:-1, max-image-preview:large, max-video-preview:-1\" \/>\n<link rel=\"canonical\" href=\"https:\/\/www.gesundheit-im-blick.at\/brustkrebs\/alltagstipps\/\" \/>\n<meta property=\"og:locale\" content=\"en_GB\" \/>\n<meta property=\"og:type\" content=\"article\" \/>\n<meta property=\"og:title\" content=\"Alltagstipps bei Brustkrebs | Gesundheit im Blick\" \/>\n<meta property=\"og:description\" content=\"Praktische Alltagstipps f\u00fcr Brustkrebs-Betroffene: Ern\u00e4hrung, Bewegung, Entspannung, Beruf &amp; Rehabilitation. Unterst\u00fctzung finden f\u00fcr ein selbstbestimmtes Leben w\u00e4hrend und nach der Therapie.\" \/>\n<meta property=\"og:url\" content=\"https:\/\/www.gesundheit-im-blick.at\/brustkrebs\/alltagstipps\/\" \/>\n<meta property=\"og:site_name\" content=\"Brustkrebs\" \/>\n<meta property=\"article:modified_time\" content=\"2026-03-02T11:26:03+00:00\" \/>\n<meta name=\"twitter:card\" content=\"summary_large_image\" \/>\n<script type=\"application\/ld+json\" class=\"yoast-schema-graph\">{\"@context\":\"https:\/\/schema.org\",\"@graph\":[{\"@type\":\"WebPage\",\"@id\":\"https:\/\/www.gesundheit-im-blick.at\/brustkrebs\/alltagstipps\/\",\"url\":\"https:\/\/www.gesundheit-im-blick.at\/brustkrebs\/alltagstipps\/\",\"name\":\"Alltagstipps bei Brustkrebs | Gesundheit im Blick\",\"isPartOf\":{\"@id\":\"https:\/\/www.gesundheit-im-blick.at\/brustkrebs\/#website\"},\"datePublished\":\"2025-05-16T08:24:27+00:00\",\"dateModified\":\"2026-03-02T11:26:03+00:00\",\"description\":\"Praktische Alltagstipps f\u00fcr Brustkrebs-Betroffene: Ern\u00e4hrung, Bewegung, Entspannung, Beruf & Rehabilitation. Unterst\u00fctzung finden f\u00fcr ein selbstbestimmtes Leben w\u00e4hrend und nach der Therapie.\",\"breadcrumb\":{\"@id\":\"https:\/\/www.gesundheit-im-blick.at\/brustkrebs\/alltagstipps\/#breadcrumb\"},\"inLanguage\":\"en-GB\",\"potentialAction\":[{\"@type\":\"ReadAction\",\"target\":[\"https:\/\/www.gesundheit-im-blick.at\/brustkrebs\/alltagstipps\/\"]}]},{\"@type\":\"BreadcrumbList\",\"@id\":\"https:\/\/www.gesundheit-im-blick.at\/brustkrebs\/alltagstipps\/#breadcrumb\",\"itemListElement\":[{\"@type\":\"ListItem\",\"position\":1,\"name\":\"Home\",\"item\":\"https:\/\/www.gesundheit-im-blick.at\/brustkrebs\/\"},{\"@type\":\"ListItem\",\"position\":2,\"name\":\"Alltagstipps\"}]},{\"@type\":\"WebSite\",\"@id\":\"https:\/\/www.gesundheit-im-blick.at\/brustkrebs\/#website\",\"url\":\"https:\/\/www.gesundheit-im-blick.at\/brustkrebs\/\",\"name\":\"Brustkrebs\",\"description\":\"Gesundheit im Blick\",\"potentialAction\":[{\"@type\":\"SearchAction\",\"target\":{\"@type\":\"EntryPoint\",\"urlTemplate\":\"https:\/\/www.gesundheit-im-blick.at\/brustkrebs\/?s={search_term_string}\"},\"query-input\":{\"@type\":\"PropertyValueSpecification\",\"valueRequired\":true,\"valueName\":\"search_term_string\"}}],\"inLanguage\":\"en-GB\"}]}<\/script>\n<!-- \/ Yoast SEO plugin. -->","yoast_head_json":{"title":"Alltagstipps bei Brustkrebs | Gesundheit im Blick","description":"Praktische Alltagstipps f\u00fcr Brustkrebs-Betroffene: Ern\u00e4hrung, Bewegung, Entspannung, Beruf & Rehabilitation. Unterst\u00fctzung finden f\u00fcr ein selbstbestimmtes Leben w\u00e4hrend und nach der Therapie.","robots":{"index":"index","follow":"follow","max-snippet":"max-snippet:-1","max-image-preview":"max-image-preview:large","max-video-preview":"max-video-preview:-1"},"canonical":"https:\/\/www.gesundheit-im-blick.at\/brustkrebs\/alltagstipps\/","og_locale":"en_GB","og_type":"article","og_title":"Alltagstipps bei Brustkrebs | Gesundheit im Blick","og_description":"Praktische Alltagstipps f\u00fcr Brustkrebs-Betroffene: Ern\u00e4hrung, Bewegung, Entspannung, Beruf & Rehabilitation. Unterst\u00fctzung finden f\u00fcr ein selbstbestimmtes Leben w\u00e4hrend und nach der Therapie.","og_url":"https:\/\/www.gesundheit-im-blick.at\/brustkrebs\/alltagstipps\/","og_site_name":"Brustkrebs","article_modified_time":"2026-03-02T11:26:03+00:00","twitter_card":"summary_large_image","schema":{"@context":"https:\/\/schema.org","@graph":[{"@type":"WebPage","@id":"https:\/\/www.gesundheit-im-blick.at\/brustkrebs\/alltagstipps\/","url":"https:\/\/www.gesundheit-im-blick.at\/brustkrebs\/alltagstipps\/","name":"Alltagstipps bei Brustkrebs | Gesundheit im Blick","isPartOf":{"@id":"https:\/\/www.gesundheit-im-blick.at\/brustkrebs\/#website"},"datePublished":"2025-05-16T08:24:27+00:00","dateModified":"2026-03-02T11:26:03+00:00","description":"Praktische Alltagstipps f\u00fcr Brustkrebs-Betroffene: Ern\u00e4hrung, Bewegung, Entspannung, Beruf & Rehabilitation. Unterst\u00fctzung finden f\u00fcr ein selbstbestimmtes Leben w\u00e4hrend und nach der Therapie.","breadcrumb":{"@id":"https:\/\/www.gesundheit-im-blick.at\/brustkrebs\/alltagstipps\/#breadcrumb"},"inLanguage":"en-GB","potentialAction":[{"@type":"ReadAction","target":["https:\/\/www.gesundheit-im-blick.at\/brustkrebs\/alltagstipps\/"]}]},{"@type":"BreadcrumbList","@id":"https:\/\/www.gesundheit-im-blick.at\/brustkrebs\/alltagstipps\/#breadcrumb","itemListElement":[{"@type":"ListItem","position":1,"name":"Home","item":"https:\/\/www.gesundheit-im-blick.at\/brustkrebs\/"},{"@type":"ListItem","position":2,"name":"Alltagstipps"}]},{"@type":"WebSite","@id":"https:\/\/www.gesundheit-im-blick.at\/brustkrebs\/#website","url":"https:\/\/www.gesundheit-im-blick.at\/brustkrebs\/","name":"Brustkrebs","description":"Gesundheit im Blick","potentialAction":[{"@type":"SearchAction","target":{"@type":"EntryPoint","urlTemplate":"https:\/\/www.gesundheit-im-blick.at\/brustkrebs\/?s={search_term_string}"},"query-input":{"@type":"PropertyValueSpecification","valueRequired":true,"valueName":"search_term_string"}}],"inLanguage":"en-GB"}]}},"_links":{"self":[{"href":"https:\/\/www.gesundheit-im-blick.at\/brustkrebs\/wp-json\/wp\/v2\/pages\/2277","targetHints":{"allow":["GET"]}}],"collection":[{"href":"https:\/\/www.gesundheit-im-blick.at\/brustkrebs\/wp-json\/wp\/v2\/pages"}],"about":[{"href":"https:\/\/www.gesundheit-im-blick.at\/brustkrebs\/wp-json\/wp\/v2\/types\/page"}],"author":[{"embeddable":true,"href":"https:\/\/www.gesundheit-im-blick.at\/brustkrebs\/wp-json\/wp\/v2\/users\/1165"}],"replies":[{"embeddable":true,"href":"https:\/\/www.gesundheit-im-blick.at\/brustkrebs\/wp-json\/wp\/v2\/comments?post=2277"}],"version-history":[{"count":142,"href":"https:\/\/www.gesundheit-im-blick.at\/brustkrebs\/wp-json\/wp\/v2\/pages\/2277\/revisions"}],"predecessor-version":[{"id":6425,"href":"https:\/\/www.gesundheit-im-blick.at\/brustkrebs\/wp-json\/wp\/v2\/pages\/2277\/revisions\/6425"}],"wp:attachment":[{"href":"https:\/\/www.gesundheit-im-blick.at\/brustkrebs\/wp-json\/wp\/v2\/media?parent=2277"}],"wp:term":[{"taxonomy":"ga4_page_audience","embeddable":true,"href":"https:\/\/www.gesundheit-im-blick.at\/brustkrebs\/wp-json\/wp\/v2\/ga4_page_audience?post=2277"},{"taxonomy":"ga4_page_birn_id","embeddable":true,"href":"https:\/\/www.gesundheit-im-blick.at\/brustkrebs\/wp-json\/wp\/v2\/ga4_page_birn_id?post=2277"},{"taxonomy":"ga4_page_branding","embeddable":true,"href":"https:\/\/www.gesundheit-im-blick.at\/brustkrebs\/wp-json\/wp\/v2\/ga4_page_branding?post=2277"},{"taxonomy":"ga4_page_businessunit","embeddable":true,"href":"https:\/\/www.gesundheit-im-blick.at\/brustkrebs\/wp-json\/wp\/v2\/ga4_page_businessunit?post=2277"},{"taxonomy":"ga4_page_campaign","embeddable":true,"href":"https:\/\/www.gesundheit-im-blick.at\/brustkrebs\/wp-json\/wp\/v2\/ga4_page_campaign?post=2277"},{"taxonomy":"ga4_page_content_purpose","embeddable":true,"href":"https:\/\/www.gesundheit-im-blick.at\/brustkrebs\/wp-json\/wp\/v2\/ga4_page_content_purpose?post=2277"},{"taxonomy":"ga4_page_customer_journey_stage","embeddable":true,"href":"https:\/\/www.gesundheit-im-blick.at\/brustkrebs\/wp-json\/wp\/v2\/ga4_page_customer_journey_stage?post=2277"},{"taxonomy":"ga4_page_customer_specialty","embeddable":true,"href":"https:\/\/www.gesundheit-im-blick.at\/brustkrebs\/wp-json\/wp\/v2\/ga4_page_customer_specialty?post=2277"},{"taxonomy":"ga4_page_experience","embeddable":true,"href":"https:\/\/www.gesundheit-im-blick.at\/brustkrebs\/wp-json\/wp\/v2\/ga4_page_experience?post=2277"},{"taxonomy":"ga4_page_indication","embeddable":true,"href":"https:\/\/www.gesundheit-im-blick.at\/brustkrebs\/wp-json\/wp\/v2\/ga4_page_indication?post=2277"},{"taxonomy":"ga4_page_material_intent","embeddable":true,"href":"https:\/\/www.gesundheit-im-blick.at\/brustkrebs\/wp-json\/wp\/v2\/ga4_page_material_intent?post=2277"},{"taxonomy":"ga4_page_product","embeddable":true,"href":"https:\/\/www.gesundheit-im-blick.at\/brustkrebs\/wp-json\/wp\/v2\/ga4_page_product?post=2277"},{"taxonomy":"ga4_page_region","embeddable":true,"href":"https:\/\/www.gesundheit-im-blick.at\/brustkrebs\/wp-json\/wp\/v2\/ga4_page_region?post=2277"},{"taxonomy":"ga4_page_therapeuticarea","embeddable":true,"href":"https:\/\/www.gesundheit-im-blick.at\/brustkrebs\/wp-json\/wp\/v2\/ga4_page_therapeuticarea?post=2277"}],"curies":[{"name":"wp","href":"https:\/\/api.w.org\/{rel}","templated":true}]}}