{"id":2275,"date":"2025-05-16T10:23:52","date_gmt":"2025-05-16T08:23:52","guid":{"rendered":"https:\/\/www.gesundheit-im-blick.at\/brustkrebs\/?page_id=2275"},"modified":"2026-03-02T12:26:19","modified_gmt":"2026-03-02T11:26:19","slug":"anlaufstellen","status":"publish","type":"page","link":"https:\/\/www.gesundheit-im-blick.at\/brustkrebs\/anlaufstellen\/","title":{"rendered":"Anlaufstellen"},"content":{"rendered":"\n<section class=\"mh-hero-5 mh-hero-5--default mh-hero-5--position-center-left mh-hero-5--5f0406253d074904e31efe21c70dad50 mh-hero-5--align-full\">\n        <figure class=\"mh-hero-5__image mh-image mh-image--1ca7617497a77f5473572f7915ab926c with-aspect-ratio with-aspect-ratio--custom-only-large-screen\">\n        <div class=\"figure-outer\">\n            <div class=\"figure-inner\">\n                                            <img decoding=\"async\"\n        class=\"is-full-width\"\n        src=\"https:\/\/www.gesundheit-im-blick.at\/brustkrebs\/wp-content\/uploads\/sites\/578\/2025\/10\/Anlaufstellen-banner_opt.jpg?w=2048\"\n        width=\"2048\"\n        height=\"664\"\n        loading=\"lazy\"\n        alt=\"Anlaufstellen - banner\"\n            \/>\n                                <\/div>\n        <\/div>\n            <\/figure>\n    \n\n<article class='mh-hero-5-content mh-hero-5-content--96773c305a05d3d1bc63a98116dce0b4 mh-hero-5-content--default'>\n    \n<h1  class=\"mh-hero-5-content__title mh-heading mh-heading--left mh-heading--3de8f5f33e649881d4ec1387f6258541\"><strong><strong><mark style=\"background-color:rgba(0, 0, 0, 0);color:#c9689e\" class=\"has-inline-color\">Anlaufstellen<\/mark> bei Brustkrebs | Hilfe &amp; Unterst\u00fctzung in \u00d6sterreich<\/strong><\/strong><\/h1>\n\n\n<p\n    class=\"mh-hero-5-content__text mh-paragraph mh-paragraph--left mh-paragraph--9c8c6842157a749831535e13e5ddad44\"\n    >\n    Sie sind nicht allein. Neben \u00c4rzt:innen und Familie gibt es Breast Care Nurses, Gesundheitsbotschafter:innen und offizielle Organisationen, die Sie von der Diagnose bis zur Nachsorge begleiten.<\/p>\n\n\n<div  class=\"mh-links mh-links--justified-start\">\n\n<a\n  class=\"mh-button mh-button--b82331c185d9c3678c5e9757015857c0 mh-button--filled mh-button--fullwidth mh-button--rounded\"\n  href=\"https:\/\/www.gesundheit-im-blick.at\/brustkrebs\/anlaufstellen\/#nurses-finden\"\n  target=\"_self\"\n  rel=\"\"\n      aria-label=\"Betroffene Ansprechpartnerinnen\"\n      >\n\n      <span class=\"mh-anchor-label\">\n      <span class=\"\">Betroffene Ansprechpartner:innen<\/span>    <\/span>\n      <\/a>\n\n\n<\/div>\n<\/article>\n\n<\/section>\n\n\n<div class=\"mh-element mh-element--4b7cf9d368eb794be81374311ad8ad4c mh-element--align-full\">\n    <div class=\"mh-container\">\n        \n<div class=\"mh-columns mh-column--b43e8f16b5780dca5034d174fdbfd7c5 mh-columns--gutter-m\">\n    <div class=\"mh-columns-inner\">\n        \n<div class=\"mh-column mh-column--1f90509e9c7c98e92f7afe940b1ae4de mh-column--12 mh-column--m-1 mh-column--l-2\">\n    <\/div>\n\n\n<div class=\"mh-column mh-column--f041af03cbf3c3bd5d88620fa1ce0b4d mh-column--12 mh-column--m-10 mh-column--l-8\">\n    \n    <figure class=\"mh-image mh-image--0f9c65aea385250f767ff618a2000c99\" >\n                            <img decoding=\"async\"\n        class=\"\"\n        src=\"https:\/\/www.gesundheit-im-blick.at\/brustkrebs\/wp-content\/uploads\/sites\/578\/2025\/09\/Breast-Care-Nurses-\u2013-Begleitung-auf-Ihrem-Weg.png?w=1499\"\n        width=\"1499\"\n        height=\"545\"\n        loading=\"lazy\"\n        alt=\"Breast Care Nurses \u2013 Begleitung auf Ihrem Weg\"\n            \/>\n                        <\/figure>\n\n\n<hr class=\"mh-spacer mh-spacer--a5761e22d2300476cdb8a4196e6071a7\" aria-hidden=\"true\" \/>\n\n\n<h2  class=\"mh-heading mh-heading--center mh-heading--1d38ad50eb74920cb5ec856a8353c7a8\"><strong><mark style=\"background-color:rgba(0, 0, 0, 0);color:#c9689e\" class=\"has-inline-color\">Breast Care Nurses<\/mark> \u2013 Begleitung auf Ihrem Weg<\/strong><\/h2>\n\n\n<p\n    class=\"mh-paragraph mh-paragraph--center mh-paragraph--b0dc7544b33ca6a5b1860e4cfc274a08\"\n    >\n    <strong>Breast Care Nurses<\/strong> sind speziell ausgebildete Pflegeexpert:innen f\u00fcr Brustkrebspatient:innen. Sie sind vom ersten Moment an f\u00fcr Sie da \u2013 verl\u00e4sslich, einf\u00fchlsam und kompetent.<br \/>\nAls Teil des multidisziplin\u00e4ren Behandlungsteams werden Sie durch den gesamten Prozess begleitet: von der Diagnose \u00fcber die Therapie bis zur Nachsorge. Sie sind Ihre feste Ansprechperson f\u00fcr medizinische und psychosoziale Fragen, helfen bei der Orientierung und vermitteln zwischen Patient:innen, \u00c4rzt:innen, Angeh\u00f6rigen und Pflegepersonal.<br \/>\nIn jedem zertifizierten Brustgesundheitszentrum ist mindestens eine Breast Care Nurse t\u00e4tig.<\/p>\n\n<\/div>\n\n\n<div class=\"mh-column mh-column--1f90509e9c7c98e92f7afe940b1ae4de mh-column--12 mh-column--m-1 mh-column--l-2\">\n    <\/div>\n\n    <\/div>\n<\/div>\n\n    <\/div>\n<\/div>\n\n\n\n<div class=\"wp-block-group is-layout-constrained wp-block-group-is-layout-constrained\"><h3  id=\"nurses-finden\" class=\"mh-heading mh-heading--center mh-heading--287434cc05ff672168bd76f5505d13ce\"><strong>Finden Sie hier eine Breast Care Nurse in Ihrer N\u00e4he<\/strong>:<\/h3>\n\n<hr class=\"mh-spacer mh-spacer--0964ebd1ebd08155d846a1d84403df7d\" aria-hidden=\"true\" \/>\n\n\n\n<div style=\"height:540px; border:2px solid #eee; display:center; overflow:hidden; width:80%;\">\n\t<iframe loading=\"lazy\" aria-label=\"map\" style=\"position:relative; top:-60px; border:none;\" src=\"https:\/\/www.google.com\/maps\/d\/u\/0\/embed?mid=1gZtJDgRsokTSpklEtrJV0-BnPeUOh3Q&#038;ehbc=2E312F&#038;noprof=1\" width=\"100%\" height=\"111%\"><\/iframe>\n<\/div>\n<\/div>\n\n\n<hr class=\"mh-spacer mh-spacer--b03d38d148b1613f17cbb782e7a7abae\" aria-hidden=\"true\" \/>\n\n\n<div class=\"mh-columns mh-column--a6e8019833e86fa6411fec261fca2ef4 mh-columns--gutter-m\">\n    <div class=\"mh-columns-inner\">\n        \n<div class=\"mh-column mh-column--a210005b4f553ba3bc484450de602d9f mh-column--12 mh-column--m-12 mh-column--l-12\">\n    \n<h3  class=\"mh-heading mh-heading--center mh-heading--1a59a8e1b39801a3aafe6968c3e7c25f\"><strong><strong>Breast Care <mark style=\"background-color:rgba(0, 0, 0, 0);color:#c9689e\" class=\"has-inline-color\">Nurses<\/mark><\/strong><\/strong><\/h3>\n\n\n<div class=\"mh-slider--align-center\">\n    <div\n        class=\"mh-slider mh-slider--slider mh-slider--01227ff9e352276a54c347ce084d7403\"\n        data-slider-selector-container=\".mh-slider\"\n        data-options=\"{&quot;type&quot;:&quot;slider&quot;,&quot;perView&quot;:1,&quot;autoplay&quot;:false,&quot;hoverpause&quot;:false,&quot;animationDuration&quot;:400,&quot;rewind&quot;:true,&quot;rewindDuration&quot;:800,&quot;animationTimingFunc&quot;:&quot;ease&quot;,&quot;direction&quot;:&quot;ltr&quot;,&quot;keyboard&quot;:true,&quot;bound&quot;:true,&quot;swipeThreshold&quot;:false,&quot;breakpoints&quot;:{&quot;1199&quot;:{&quot;perView&quot;:1}},&quot;focusAt&quot;:&quot;center&quot;}\"\n        data-slides=\"13\"\n        data-is-paused=\"false\"\n        style=\"visibility: hidden;\"\n    >\n        <div class=\"mh-slider-track\" data-glide-el=\"track\">\n            <div class=\"mh-slider-slides\">\n                <div class=\"mh-slider-slide\"><div class=\"mh-columns mh-columns--vertical-alignment-center mh-column--0cf3b970c28efb56efb2530ec87fb19a mh-columns--gutter-m\">\n    <div class=\"mh-columns-inner\">\n        \n<div class=\"mh-column mh-column--4a5f0507390558c22d5d8c2ea387c228 mh-column--12 mh-column--m-12 mh-column--l-12\">\n    \n<div class=\"mh-columns mh-columns--vertical-alignment-center mh-column--de9433a04e4b8c47c053f633473e9c61 mh-columns--gutter-m\">\n    <div class=\"mh-columns-inner\">\n        \n<div class=\"mh-column mh-column--a75dc8571137094e51b5d5a880c0fe18 mh-column--12 mh-column--m-9 mh-column--l-9\">\n    \n\n<p\n    class=\"mh-paragraph mh-paragraph--left mh-paragraph--ea88dbf52338847e0adae47fdf2e714d\"\n    >\n    <strong>Tanja Kl\u00f6sch<\/strong><br \/>\n<mark style=\"background-color:rgba(0, 0, 0, 0);color:#333333\" class=\"has-inline-color\"><strong>LKH Baden<\/strong><\/mark><\/p>\n\n\n\n<p\n    class=\"mh-paragraph mh-paragraph--5fa3e02069bdaac7a35f9b9c67b59cf9\"\n    >\n    Als BCN begleite ich meine Patientinnen bei der Diagnose, Behandlung und Nachsorge. Ich bin kontinuierliche Ansprechpartnerin und stehe mit Empathie und Wissen zur Seite.<\/p>\n\n<\/div>\n\n\n<div class=\"mh-column mh-column--b6d353fa98c8c4d41d6e495819002f5c mh-column--8 mh-column--m-3 mh-column--l-3\">\n    \n    <figure class=\"mh-image mh-image--align-center mh-image--c4367e1fb25ef1fcd6dbdbc2a1f9426f\" >\n                            <img decoding=\"async\"\n        class=\"\"\n        src=\"https:\/\/www.gesundheit-im-blick.at\/brustkrebs\/wp-content\/uploads\/sites\/578\/2025\/10\/Tanja-Klosch_opt.jpg?w=921\"\n        width=\"921\"\n        height=\"921\"\n        loading=\"lazy\"\n        alt=\"Tanja-Klo\u0308sch\"\n            \/>\n                        <\/figure>\n\n<\/div>\n\n    <\/div>\n<\/div>\n\n<\/div>\n\n    <\/div>\n<\/div>\n<\/div><div class=\"mh-slider-slide\"><div class=\"mh-columns mh-columns--vertical-alignment-center mh-column--3ff515dd760a6378d76f46856d65529a mh-columns--gutter-m\">\n    <div class=\"mh-columns-inner\">\n        \n<div class=\"mh-column mh-column--bcb7356d90113841daba00df2e085f5f mh-column--12 mh-column--m-12 mh-column--l-12\">\n    \n<div class=\"mh-columns mh-columns--vertical-alignment-center mh-column--1cc3df1c69ebc15e152545ba104fdbca mh-columns--gutter-m\">\n    <div class=\"mh-columns-inner\">\n        \n<div class=\"mh-column mh-column--d28816054a45f042611490969a86c41d mh-column--12 mh-column--m-9 mh-column--l-9\">\n    \n\n<p\n    class=\"mh-paragraph mh-paragraph--left mh-paragraph--28743e1619185acaea0a66f6f0772d48\"\n    >\n    <strong>Verena Kattinger MSc MBA<\/strong><br \/>\n<strong><strong><mark style=\"background-color:rgba(0, 0, 0, 0);color:#333333\" class=\"has-inline-color\">Sanatorium Hera<\/mark><\/strong><\/strong><\/p>\n\n\n\n<p\n    class=\"mh-paragraph mh-paragraph--de530496dbda0dfa7d2d5ec04a18b2be\"\n    >\n    Zuversicht und Empathie \u00e4ndern nicht die Diagnose, aber manchmal die augenblickliche Situation.<\/p>\n\n<\/div>\n\n\n<div class=\"mh-column mh-column--161f8aeba33f00cad7ac93648231f62a mh-column--8 mh-column--m-3 mh-column--l-3\">\n    \n    <figure class=\"mh-image mh-image--align-center mh-image--789f20b9101e387319cc681b0ced0915\" >\n                            <img decoding=\"async\"\n        class=\"\"\n        src=\"https:\/\/www.gesundheit-im-blick.at\/brustkrebs\/wp-content\/uploads\/sites\/578\/2025\/09\/Verena-Kattinger-MSc-MBA.jpg?w=1842\"\n        width=\"1842\"\n        height=\"1842\"\n        loading=\"lazy\"\n        alt=\"Verena Kattinger MSc MBA\"\n            \/>\n                        <\/figure>\n\n<\/div>\n\n    <\/div>\n<\/div>\n\n<\/div>\n\n    <\/div>\n<\/div>\n<\/div><div class=\"mh-slider-slide\"><div class=\"mh-columns mh-columns--vertical-alignment-center mh-column--45c1b76fff4f1871bda5b13b647919c8 mh-columns--gutter-m\">\n    <div class=\"mh-columns-inner\">\n        \n<div class=\"mh-column mh-column--57cba2a5ec1d576e85393a7ed27ecd59 mh-column--12 mh-column--m-12 mh-column--l-12\">\n    \n<div class=\"mh-columns mh-columns--vertical-alignment-center mh-column--1a8447fee47fc80fec561805dffed70f mh-columns--gutter-m\">\n    <div class=\"mh-columns-inner\">\n        \n<div class=\"mh-column mh-column--c09c75738e98ac6aa1a14be337809a2d mh-column--12 mh-column--m-9 mh-column--l-9\">\n    \n\n<p\n    class=\"mh-paragraph mh-paragraph--left mh-paragraph--6d9fbbfafd87a15b914920302931d070\"\n    >\n    <strong><strong>Olga Scheidl<\/strong><\/strong><br \/>\n<strong><strong><strong><mark style=\"background-color:rgba(0, 0, 0, 0);color:#333333\" class=\"has-inline-color\">Klinik Favoriten<\/mark><\/strong><\/strong><\/strong><\/p>\n\n\n\n<p\n    class=\"mh-paragraph mh-paragraph--a04a0b584a304f536ae5a72a9a2cd5ea\"\n    >\n    Um das Selbstmanagement und die eigene Gesundheitskompetenz der Patient:innen zu f\u00f6rdern und zu st\u00e4rken, biete ich praktische Tipps und Informationen zu den verschiedensten Bereichen rund um das Thema Pflege bei Brustkrebs.<\/p>\n\n<\/div>\n\n\n<div class=\"mh-column mh-column--3f43ec56bdcfcb8402a096393f541e59 mh-column--8 mh-column--m-3 mh-column--l-3\">\n    \n    <figure class=\"mh-image mh-image--align-center mh-image--0f8ff4eda3e48b7a248014df3e37cd69\" >\n                            <img decoding=\"async\"\n        class=\"\"\n        src=\"https:\/\/www.gesundheit-im-blick.at\/brustkrebs\/wp-content\/uploads\/sites\/578\/2025\/09\/Olga-Scheidl.jpg?w=1842\"\n        width=\"1842\"\n        height=\"1842\"\n        loading=\"lazy\"\n        alt=\"Olga Scheidl\"\n            \/>\n                        <\/figure>\n\n<\/div>\n\n    <\/div>\n<\/div>\n\n<\/div>\n\n    <\/div>\n<\/div>\n<\/div><div class=\"mh-slider-slide\"><div class=\"mh-columns mh-columns--vertical-alignment-center mh-column--98536b245353d8db093b12d19f415149 mh-columns--gutter-m\">\n    <div class=\"mh-columns-inner\">\n        \n<div class=\"mh-column mh-column--33fba31356fcb008b08db364fed71fff mh-column--12 mh-column--m-12 mh-column--l-12\">\n    \n<div class=\"mh-columns mh-columns--vertical-alignment-center mh-column--825120687539d1b58e2132cb592f7d72 mh-columns--gutter-m\">\n    <div class=\"mh-columns-inner\">\n        \n<div class=\"mh-column mh-column--a88c080df97cb9607b3f22ca447447bd mh-column--12 mh-column--m-9 mh-column--l-9\">\n    \n\n<p\n    class=\"mh-paragraph mh-paragraph--left mh-paragraph--5ea34cb9831d5ca4aaa7a4d2401b13d5\"\n    >\n    <strong>Lisa Wiedermann<\/strong><br \/>\n<strong><strong><strong><strong><mark style=\"background-color:rgba(0, 0, 0, 0);color:#333333\" class=\"has-inline-color\">LKH Wiener Neustadt<\/mark><\/strong><\/strong><\/strong><\/strong><\/p>\n\n\n\n<p\n    class=\"mh-paragraph mh-paragraph--69ab3e3f27d0941c57a7b452ea015d14\"\n    >\n    In meiner Funktion als Breast Care Nurse muss ich nicht das Rad neu erfinden \u2013 es geht darum, ein kontinuierlicher Ansprechpartner f\u00fcr meine Patient:innen in der fordernden Zeit einer Brusterkrankung zu sein.<\/p>\n\n<\/div>\n\n\n<div class=\"mh-column mh-column--1ad02b8e091377c22565bdfa5c4a3ade mh-column--8 mh-column--m-3 mh-column--l-3\">\n    \n    <figure class=\"mh-image mh-image--align-center mh-image--95de504956bf3281693f2ee49aa6172b\" >\n                            <img decoding=\"async\"\n        class=\"\"\n        src=\"https:\/\/www.gesundheit-im-blick.at\/brustkrebs\/wp-content\/uploads\/sites\/578\/2025\/09\/Lisa-Wiedermann.jpg?w=1842\"\n        width=\"1842\"\n        height=\"1842\"\n        loading=\"lazy\"\n        alt=\"Lisa Wiedermann\"\n            \/>\n                        <\/figure>\n\n<\/div>\n\n    <\/div>\n<\/div>\n\n<\/div>\n\n    <\/div>\n<\/div>\n<\/div><div class=\"mh-slider-slide\"><div class=\"mh-columns mh-columns--vertical-alignment-center mh-column--11a36e2336c4380413f2a26a9f0247b6 mh-columns--gutter-m\">\n    <div class=\"mh-columns-inner\">\n        \n<div class=\"mh-column mh-column--276d5b330e30e140c5bfa0611a0faeff mh-column--12 mh-column--m-12 mh-column--l-12\">\n    \n<div class=\"mh-columns mh-columns--vertical-alignment-center mh-column--6b0676c1a3b1144d1b4f278ca53421eb mh-columns--gutter-m\">\n    <div class=\"mh-columns-inner\">\n        \n<div class=\"mh-column mh-column--e9cf2fe927eb75e53c234e4c70b17dd2 mh-column--12 mh-column--m-9 mh-column--l-9\">\n    \n\n<p\n    class=\"mh-paragraph mh-paragraph--left mh-paragraph--e50c8caf36cab04e44c2c421319a0c1d\"\n    >\n    <strong><strong>Susanna Lena<\/strong><\/strong><br \/>\n<strong><strong><strong><strong><mark style=\"background-color:rgba(0, 0, 0, 0);color:#333333\" class=\"has-inline-color\"><strong>Klinik Ottakring<\/strong><\/mark><\/strong><\/strong><\/strong><\/strong><\/p>\n\n\n\n<p\n    class=\"mh-paragraph mh-paragraph--fdbbedbf98adb09ef648b4df66846eae\"\n    >\n    Als Breast Care Nurse begleite und betreue ich seit 2012 einf\u00fchlsam Patient:innen w\u00e4hrend ihres gesamten Therapieprozesses. Mein Ziel ist es, ihnen dabei zu helfen, wieder in den Alltag zur\u00fcckzufinden und ihre Lebensfreude wiederzuentdecken. Durch meine langj\u00e4hrige Erfahrung und fundiertes Fachwissen kann ich auf die individuellen Bed\u00fcrfnisse meiner Patientinnen eingehen und ihnen die bestm\u00f6gliche Betreuung bieten. Es erf\u00fcllt mich mit Dankbarkeit, Teil des Heilungsprozesses zu sein und Betroffene auf ihrem Weg zur Genesung zu begleiten.<\/p>\n\n<\/div>\n\n\n<div class=\"mh-column mh-column--cf8b3e95ea2f8f5709e4ba6c64bf3e7f mh-column--8 mh-column--m-3 mh-column--l-3\">\n    \n    <figure class=\"mh-image mh-image--align-center mh-image--5e352ea9508fa8b524a30d39a64aa05a\" >\n                            <img decoding=\"async\"\n        class=\"\"\n        src=\"https:\/\/www.gesundheit-im-blick.at\/brustkrebs\/wp-content\/uploads\/sites\/578\/2025\/09\/Susanna-Lena.jpg?w=1842\"\n        width=\"1842\"\n        height=\"1842\"\n        loading=\"lazy\"\n        alt=\"Susanna Lena\"\n            \/>\n                        <\/figure>\n\n<\/div>\n\n    <\/div>\n<\/div>\n\n<\/div>\n\n    <\/div>\n<\/div>\n<\/div><div class=\"mh-slider-slide\"><div class=\"mh-columns mh-columns--vertical-alignment-center mh-column--d50359ed01de5a40323c0e0a3872f42a mh-columns--gutter-m\">\n    <div class=\"mh-columns-inner\">\n        \n<div class=\"mh-column mh-column--f963ede4e5c19f4a1ac1ca156de00b61 mh-column--12 mh-column--m-12 mh-column--l-12\">\n    \n<div class=\"mh-columns mh-columns--vertical-alignment-center mh-column--ed5750f70d19e800ea53b690c461d1e9 mh-columns--gutter-m\">\n    <div class=\"mh-columns-inner\">\n        \n<div class=\"mh-column mh-column--2d0d33440d91b7faff2a1ba8c6710289 mh-column--12 mh-column--m-9 mh-column--l-9\">\n    \n\n<p\n    class=\"mh-paragraph mh-paragraph--left mh-paragraph--5b1bbe60cbdf8688848d7cf0e4d1da66\"\n    >\n    <strong><strong><strong>Danijela Dohnal-Suvajac<\/strong><\/strong><\/strong><br \/>\n<strong><strong><strong><strong><mark style=\"background-color:rgba(0, 0, 0, 0);color:#333333\" class=\"has-inline-color\"><strong><strong>LKH M\u00f6dling<\/strong><\/strong><\/mark><\/strong><\/strong><\/strong><\/strong><\/p>\n\n\n\n<p\n    class=\"mh-paragraph mh-paragraph--3d1470c9622ff1b5883f58185e6e88f9\"\n    >\n    F\u00fcr Betroffene mit Brustkrebs bildet die Breast Care Nurse DIE konstante Ansprechpartnerin in einem multidisziplin\u00e4ren Behandlungsteam. Dass die Patient:innenzufriedenheit durch die kontinuierliche Begleitung der BCN steigt, ist bereits mehrfach wissenschaftlich bewiesen. Umso wichtiger ist es, die selbstst\u00e4ndige T\u00e4tigkeit der Breast Care Nurse in \u00f6sterreichischen Brustzentren zu etablieren.<\/p>\n\n<\/div>\n\n\n<div class=\"mh-column mh-column--af2b400068d55ea1db462c0afd8943b1 mh-column--8 mh-column--m-3 mh-column--l-3\">\n    \n    <figure class=\"mh-image mh-image--align-center mh-image--d56213763569435551dc7b3d8fadbabe\" >\n                            <img decoding=\"async\"\n        class=\"\"\n        src=\"https:\/\/www.gesundheit-im-blick.at\/brustkrebs\/wp-content\/uploads\/sites\/578\/2025\/09\/Danijela-Dohnal-Suvajac.jpg?w=1842\"\n        width=\"1842\"\n        height=\"1842\"\n        loading=\"lazy\"\n        alt=\"Danijela Dohnal-Suvajac\"\n            \/>\n                        <\/figure>\n\n<\/div>\n\n    <\/div>\n<\/div>\n\n<\/div>\n\n    <\/div>\n<\/div>\n<\/div><div class=\"mh-slider-slide\"><div class=\"mh-columns mh-columns--vertical-alignment-center mh-column--5ea7b58d6c803786bd10f3f4ce6c14eb mh-columns--gutter-m\">\n    <div class=\"mh-columns-inner\">\n        \n<div class=\"mh-column mh-column--14b6a3fb545e4902a3d193735f050fbf mh-column--12 mh-column--m-12 mh-column--l-12\">\n    \n<div class=\"mh-columns mh-columns--vertical-alignment-center mh-column--48f0e93f55b80a19d0edaff3eb353557 mh-columns--gutter-m\">\n    <div class=\"mh-columns-inner\">\n        \n<div class=\"mh-column mh-column--0861975a7d24fb655040036e19a71d41 mh-column--12 mh-column--m-9 mh-column--l-9\">\n    \n\n<p\n    class=\"mh-paragraph mh-paragraph--left mh-paragraph--de57f7d38e687995f8af460a62c25516\"\n    >\n    <strong>Andrea Winglhofer<\/strong><br \/>\n<strong><strong><strong><strong><mark style=\"background-color:rgba(0, 0, 0, 0);color:#333333\" class=\"has-inline-color\"><strong><strong><strong>LKH Horn<\/strong><\/strong><\/strong><\/mark><\/strong><\/strong><\/strong><\/strong><\/p>\n\n\n\n<p\n    class=\"mh-paragraph mh-paragraph--5c6efda854b39a11a9bc3773052ec018\"\n    >\n    Wir Breast Care Nurses begleiten die Patient:innen verl\u00e4sslich und kompetent durch ihre Brusterkrankung.<\/p>\n\n<\/div>\n\n\n<div class=\"mh-column mh-column--50997229812e8d7cb4ca783f5a5406ab mh-column--8 mh-column--m-3 mh-column--l-3\">\n    \n    <figure class=\"mh-image mh-image--align-center mh-image--fa2001e699b7c8f917cee22c1e3f1a90\" >\n                            <img decoding=\"async\"\n        class=\"\"\n        src=\"https:\/\/www.gesundheit-im-blick.at\/brustkrebs\/wp-content\/uploads\/sites\/578\/2025\/09\/Andrea-Winglhofer.jpg?w=1842\"\n        width=\"1842\"\n        height=\"1842\"\n        loading=\"lazy\"\n        alt=\"Andrea Winglhofer\"\n            \/>\n                        <\/figure>\n\n<\/div>\n\n    <\/div>\n<\/div>\n\n<\/div>\n\n    <\/div>\n<\/div>\n<\/div><div class=\"mh-slider-slide\"><div class=\"mh-columns mh-columns--vertical-alignment-center mh-column--eb42f0b6494307d7976349ef1193749a mh-columns--gutter-m\">\n    <div class=\"mh-columns-inner\">\n        \n<div class=\"mh-column mh-column--2482ec24e7a3843f31e9c67aa37f9802 mh-column--12 mh-column--m-12 mh-column--l-12\">\n    \n<div class=\"mh-columns mh-columns--vertical-alignment-center mh-column--dc0855b804908c931e7f757c65dae05c mh-columns--gutter-m\">\n    <div class=\"mh-columns-inner\">\n        \n<div class=\"mh-column mh-column--1b7b0fab2116247101ece986c0a4f55a mh-column--12 mh-column--m-9 mh-column--l-9\">\n    \n\n<p\n    class=\"mh-paragraph mh-paragraph--left mh-paragraph--89da1e653a2cd666a056ce61c7580005\"\n    >\n    <strong>Susanne Blum<br \/>\n<mark style=\"background-color:rgba(0, 0, 0, 0);color:#333333\" class=\"has-inline-color\">St. Josef Krankenhaus Wien<\/mark><\/strong><\/p>\n\n\n\n<p\n    class=\"mh-paragraph mh-paragraph--b1f75f25ca7f05820996363e52f4b7da\"\n    >\n    Die \u201eDiagnose Brustkrebs\u201c passt sich an die Lebensgewohnheiten der Patientin an, nicht umgekehrt. Mentale Unterst\u00fctzung und gut informiert von Beginn an, st\u00e4rkt die Resilienz und gibt Halt.<\/p>\n\n<\/div>\n\n\n<div class=\"mh-column mh-column--c4aec2cc7da102320c429ae5224d8c19 mh-column--8 mh-column--m-3 mh-column--l-3\">\n    \n    <figure class=\"mh-image mh-image--align-center mh-image--e8c139c2f29c3e328e225768d5588992\" >\n                            <img decoding=\"async\"\n        class=\"\"\n        src=\"https:\/\/www.gesundheit-im-blick.at\/brustkrebs\/wp-content\/uploads\/sites\/578\/2025\/09\/Susanne-Blum.jpg?w=1842\"\n        width=\"1842\"\n        height=\"1842\"\n        loading=\"lazy\"\n        alt=\"Susanne Blum\"\n            \/>\n                        <\/figure>\n\n<\/div>\n\n    <\/div>\n<\/div>\n\n<\/div>\n\n    <\/div>\n<\/div>\n<\/div><div class=\"mh-slider-slide\"><div class=\"mh-columns mh-columns--vertical-alignment-center mh-column--74bc9e44164838de858f767fa457c6ae mh-columns--gutter-m\">\n    <div class=\"mh-columns-inner\">\n        \n<div class=\"mh-column mh-column--f24ae0fd1283aa5072a9435c03974218 mh-column--12 mh-column--m-12 mh-column--l-12\">\n    \n<div class=\"mh-columns mh-columns--vertical-alignment-center mh-column--8357743c6455e3edc17561a5cfe7ff2b mh-columns--gutter-m\">\n    <div class=\"mh-columns-inner\">\n        \n<div class=\"mh-column mh-column--10f547e6251d209db8697e3211f88c5a mh-column--12 mh-column--m-9 mh-column--l-9\">\n    \n\n<p\n    class=\"mh-paragraph mh-paragraph--left mh-paragraph--92f550e510e968437ec22124eb517714\"\n    >\n    <strong><strong><strong>Angelika Hajdinjak<\/strong><\/strong><\/strong><br \/>\n<strong><strong><strong><strong><mark style=\"background-color:rgba(0, 0, 0, 0);color:#333333\" class=\"has-inline-color\"><strong><strong><strong><strong><strong>LKH Univ. Klinikum Graz<\/strong><\/strong><\/strong><\/strong><\/strong><\/mark><\/strong><\/strong><\/strong><\/strong><\/p>\n\n\n\n<p\n    class=\"mh-paragraph mh-paragraph--04d77337db00c12e5f6736e18ad922d9\"\n    >\n    St\u00e4rke ist, auch einmal Schw\u00e4che zu zeigen und trotzdem einen Schritt nach dem anderen durch die Behandlung zu gehen. Auf Ihrem Weg durch die Therapie bin ich gerne unterst\u00fctzend an Ihrer Seite.<\/p>\n\n<\/div>\n\n\n<div class=\"mh-column mh-column--ee51352377c2264bf6c572bcacf3d0d9 mh-column--8 mh-column--m-3 mh-column--l-3\">\n    \n    <figure class=\"mh-image mh-image--align-center mh-image--47b7aa87016a09bdc0baafe213550885\" >\n                            <img decoding=\"async\"\n        class=\"\"\n        src=\"https:\/\/www.gesundheit-im-blick.at\/brustkrebs\/wp-content\/uploads\/sites\/578\/2025\/09\/Angelika-Hajdinjak.jpg?w=1842\"\n        width=\"1842\"\n        height=\"1842\"\n        loading=\"lazy\"\n        alt=\"Angelika Hajdinjak\"\n            \/>\n                        <\/figure>\n\n<\/div>\n\n    <\/div>\n<\/div>\n\n<\/div>\n\n    <\/div>\n<\/div>\n<\/div><div class=\"mh-slider-slide\"><div class=\"mh-columns mh-columns--vertical-alignment-center mh-column--3452be528bc6bd760b311aac8824b956 mh-columns--gutter-m\">\n    <div class=\"mh-columns-inner\">\n        \n<div class=\"mh-column mh-column--88c3a67cb45187357ffb7547ca54271a mh-column--12 mh-column--m-12 mh-column--l-12\">\n    \n<div class=\"mh-columns mh-columns--vertical-alignment-center mh-column--c535acbf17a1e27bf44751ac27f3bc48 mh-columns--gutter-m\">\n    <div class=\"mh-columns-inner\">\n        \n<div class=\"mh-column mh-column--543cf37db26581d0337c8c7725b2f692 mh-column--12 mh-column--m-9 mh-column--l-9\">\n    \n\n<p\n    class=\"mh-paragraph mh-paragraph--left mh-paragraph--ebc9040834b6b8193081b0271dd7ca90\"\n    >\n    <strong><strong><strong><strong>Gabriele Moitzi<\/strong><\/strong><\/strong><\/strong><br \/>\n<strong><strong><strong><strong><mark style=\"background-color:rgba(0, 0, 0, 0);color:#333333\" class=\"has-inline-color\"><strong><strong><strong><strong><strong><strong>KH der Barmherzigen Br\u00fcder Graz<\/strong><\/strong><\/strong><\/strong><\/strong><\/strong><\/mark><\/strong><\/strong><\/strong><\/strong><\/p>\n\n\n\n<p\n    class=\"mh-paragraph mh-paragraph--f3b875e4797b1949ab50fbfb063ec52e\"\n    >\n    Es ist eine sehr erf\u00fcllende Aufgabe, die Patientinnen ab dem Erstkontakt zum Krankenhaus bis zur Nachsorge zu unterst\u00fctzen. In meiner t\u00e4glichen Arbeit mit Brustkrebspatientinnen merke ich auch, wie wichtig unsere Arbeit als BCN f\u00fcr die Patientinnen, aber auch f\u00fcr die interdisziplin\u00e4re Zusammenarbeit ist, damit der ganze Behandlungs- und Therapieprozess reibungslos funktioniert. So k\u00f6nnen wir Sicherheit geben und Vertrauen aufbauen.<\/p>\n\n<\/div>\n\n\n<div class=\"mh-column mh-column--28ae990589dff9531e10a09b63d9b444 mh-column--8 mh-column--m-3 mh-column--l-3\">\n    \n    <figure class=\"mh-image mh-image--align-center mh-image--dc419382c341124d6c40da7b043bdc39\" >\n                            <img decoding=\"async\"\n        class=\"\"\n        src=\"https:\/\/www.gesundheit-im-blick.at\/brustkrebs\/wp-content\/uploads\/sites\/578\/2025\/09\/Gabriele-Moitzi.jpg?w=1842\"\n        width=\"1842\"\n        height=\"1842\"\n        loading=\"lazy\"\n        alt=\"Gabriele Moitzi\"\n            \/>\n                        <\/figure>\n\n<\/div>\n\n    <\/div>\n<\/div>\n\n<\/div>\n\n    <\/div>\n<\/div>\n<\/div><div class=\"mh-slider-slide\"><div class=\"mh-columns mh-columns--vertical-alignment-center mh-column--d956a30a2c6229dc5cf9797e1f7d9bde mh-columns--gutter-m\">\n    <div class=\"mh-columns-inner\">\n        \n<div class=\"mh-column mh-column--a386ca0d05514b0a34cee56ba8647e46 mh-column--12 mh-column--m-12 mh-column--l-12\">\n    \n<div class=\"mh-columns mh-columns--vertical-alignment-center mh-column--075464b8bf4fbc7766c418b092e88499 mh-columns--gutter-m\">\n    <div class=\"mh-columns-inner\">\n        \n<div class=\"mh-column mh-column--b12fe4b535f1d500105b37d86dd7c296 mh-column--12 mh-column--m-9 mh-column--l-9\">\n    \n\n<p\n    class=\"mh-paragraph mh-paragraph--left mh-paragraph--c05d7266e2abb66fd1c0719525bff8fa\"\n    >\n    <strong><strong><strong><strong><strong>Jeanine M\u00fchlbacher<\/strong><\/strong><\/strong><\/strong><\/strong><br \/>\n<strong><strong><strong><strong><mark style=\"background-color:rgba(0, 0, 0, 0);color:#333333\" class=\"has-inline-color\"><strong><strong><strong><strong><strong><strong><strong>UK St. P\u00f6lten<\/strong><\/strong><\/strong><\/strong><\/strong><\/strong><\/strong><\/mark><\/strong><\/strong><\/strong><\/strong><\/p>\n\n\n\n<p\n    class=\"mh-paragraph mh-paragraph--bc67bf5f355750e0a9e969e8248e6cfc\"\n    >\n    Vielen Betroffenen gibt die Begleitung einer BCN die n\u00f6tige Sicherheit, um H\u00f6hen und Tiefen einer anstrengenden Therapiezeit selbstbestimmt zu meistern.<\/p>\n\n<\/div>\n\n\n<div class=\"mh-column mh-column--018b76c18055dbaa9b0648f6a43f177e mh-column--8 mh-column--m-3 mh-column--l-3\">\n    \n    <figure class=\"mh-image mh-image--align-center mh-image--2109d6b9b2ecd8238669eb9038a8cc86\" >\n                            <img decoding=\"async\"\n        class=\"\"\n        src=\"https:\/\/www.gesundheit-im-blick.at\/brustkrebs\/wp-content\/uploads\/sites\/578\/2025\/09\/Jeanine-Muhlbacher.jpg?w=1842\"\n        width=\"1842\"\n        height=\"1842\"\n        loading=\"lazy\"\n        alt=\"Jeanine Mu\u0308hlbacher\"\n            \/>\n                        <\/figure>\n\n<\/div>\n\n    <\/div>\n<\/div>\n\n<\/div>\n\n    <\/div>\n<\/div>\n<\/div><div class=\"mh-slider-slide\"><div class=\"mh-columns mh-columns--vertical-alignment-center mh-column--8ad22a6d184d0fc9ef571934f82d56bd mh-columns--gutter-m\">\n    <div class=\"mh-columns-inner\">\n        \n<div class=\"mh-column mh-column--57ddf2dd370843f7e61095527fa0205c mh-column--12 mh-column--m-12 mh-column--l-12\">\n    \n<div class=\"mh-columns mh-columns--vertical-alignment-center mh-column--8fb6406d10dc8559c6bfa0449ce4a57e mh-columns--gutter-m\">\n    <div class=\"mh-columns-inner\">\n        \n<div class=\"mh-column mh-column--11d555b18f1e2b5d5a6de681528b7bff mh-column--12 mh-column--m-9 mh-column--l-9\">\n    \n\n<p\n    class=\"mh-paragraph mh-paragraph--left mh-paragraph--867243c34507e02b37cda85b8dc6bf10\"\n    >\n    <strong><strong><strong><strong><strong><strong>Maria Gruber<\/strong><\/strong><\/strong><\/strong><\/strong><\/strong><br \/>\n<strong><strong><strong><strong><mark style=\"background-color:rgba(0, 0, 0, 0);color:#333333\" class=\"has-inline-color\"><strong><strong><strong><strong><strong><strong><strong><strong>LK Mistelbach<\/strong><\/strong><\/strong><\/strong><\/strong><\/strong><\/strong><\/strong><\/mark><\/strong><\/strong><\/strong><\/strong><\/p>\n\n\n\n<p\n    class=\"mh-paragraph mh-paragraph--3bff1b7d9225cef663c6f6085ab7338d\"\n    >\n    Ich sehe meine Aufgabe darin, Patient:innen nach dem ersten Schock der Diagnose verl\u00e4sslich zur Seite zu stehen, ihnen Sicherheit zu vermitteln, dass sie den Weg nicht allein gehen m\u00fcssen und mit Rat und Tat zur Seite zu stehen.<\/p>\n\n<\/div>\n\n\n<div class=\"mh-column mh-column--a5a7ff164c7aecf1bb066b12e1a59779 mh-column--8 mh-column--m-3 mh-column--l-3\">\n    \n    <figure class=\"mh-image mh-image--align-center mh-image--57a13f10ed7427c2205f6184390d7d66\" >\n                            <img decoding=\"async\"\n        class=\"\"\n        src=\"https:\/\/www.gesundheit-im-blick.at\/brustkrebs\/wp-content\/uploads\/sites\/578\/2025\/09\/Maria-Gruber.jpg?w=1842\"\n        width=\"1842\"\n        height=\"1842\"\n        loading=\"lazy\"\n        alt=\"Maria Gruber\"\n            \/>\n                        <\/figure>\n\n<\/div>\n\n    <\/div>\n<\/div>\n\n<\/div>\n\n    <\/div>\n<\/div>\n<\/div><div class=\"mh-slider-slide\"><div class=\"mh-columns mh-columns--vertical-alignment-center mh-column--e94db5a238b0f2326d6f4897857bbdd7 mh-columns--gutter-m\">\n    <div class=\"mh-columns-inner\">\n        \n<div class=\"mh-column mh-column--fcfa1e3b9ca1ea5031bfa7ee28f2fcaf mh-column--12 mh-column--m-12 mh-column--l-12\">\n    \n<div class=\"mh-columns mh-columns--vertical-alignment-center mh-column--96966a79cf5ba22a279879a9943a42b2 mh-columns--gutter-m\">\n    <div class=\"mh-columns-inner\">\n        \n<div class=\"mh-column mh-column--5108e6895f385779cb5b00451aed73f4 mh-column--12 mh-column--m-9 mh-column--l-9\">\n    \n\n<p\n    class=\"mh-paragraph mh-paragraph--left mh-paragraph--54d2f9bb2fea8c08fbf8ecb0fd43d0ef\"\n    >\n    <strong><strong><strong><strong><strong><strong><strong>Katrin Failenschmid<\/strong><\/strong><\/strong><\/strong><\/strong><\/strong><\/strong><br \/>\n<strong><strong><strong><strong><mark style=\"background-color:rgba(0, 0, 0, 0);color:#333333\" class=\"has-inline-color\"><strong><strong><strong><strong><strong><strong><strong><strong><strong>Klinik Hietzing<\/strong><\/strong><\/strong><\/strong><\/strong><\/strong><\/strong><\/strong><\/strong><\/mark><\/strong><\/strong><\/strong><\/strong><\/p>\n\n\n\n<p\n    class=\"mh-paragraph mh-paragraph--508fb2ec48d8655fda59652f8106a675\"\n    >\n    Wichtig ist mir die gute und enge Zusammenarbeit sowie das funktionierende Netzwerk mit allen Gruppen, die an der Therapieentscheidung und -durchf\u00fchrung beteiligt sind: Breast Care Nurse, Chirurgen, Onkologen, Gyn\u00e4kologen und Pathologen.<\/p>\n\n<\/div>\n\n\n<div class=\"mh-column mh-column--da374a6f3fc2732ff8fd39e8dc7f84b6 mh-column--8 mh-column--m-3 mh-column--l-3\">\n    \n    <figure class=\"mh-image mh-image--align-center mh-image--68435c71e72205bfa93ffdf38282026b\" >\n                            <img decoding=\"async\"\n        class=\"\"\n        src=\"https:\/\/www.gesundheit-im-blick.at\/brustkrebs\/wp-content\/uploads\/sites\/578\/2025\/10\/Katrin-Failenschmid_opt.jpg?w=614\"\n        width=\"614\"\n        height=\"614\"\n        loading=\"lazy\"\n        alt=\"Katrin-Failenschmid\"\n            \/>\n                        <\/figure>\n\n<\/div>\n\n    <\/div>\n<\/div>\n\n<\/div>\n\n    <\/div>\n<\/div>\n<\/div>            <\/div>\n        <\/div>\n\n        \n    <div class=\"mh-slider-control-panel mh-slider-control-panel--ff20ec49c7c3f94bcaa6ceb2832d6472\">\n                    <div class=\"mh-slider-navigation\" data-glide-el=\"controls[nav]\"><\/div>\n        \n                    <div class=\"mh-slider-controls\" data-is-paused=\"false\" data-glide-el=\"controls\">\n                <button\n                    class=\"mh-slider-control mh-slider-control--previous\"\n                    data-glide-dir=\"&lt;\"\n                >\n                    <span class=\"screen-reader-text\">\n                        Previous Slide                    <\/span>\n                    \n<svg width=\"1em\" height=\"1em\" class=\"mh-icon mh-icon--kind-slider mh-icon--name-arrow mh-icon--arrow\" role=\"img\" aria-hidden=\"true\">\n    \n    \n    <use xlink:href=\"https:\/\/www.gesundheit-im-blick.at\/brustkrebs\/wp-content\/themes\/cex-wpvip-mh-theme-3.1\/modules\/theme\/resources\/icons\/svg\/slider\/arrow.svg#arrow\"><\/use>\n<\/svg>\n                <\/button>\n                                <button class=\"mh-slider-control mh-slider-control--next\" data-glide-dir=\"&gt;\">\n                    <span class=\"screen-reader-text\">\n                        Next Slide                    <\/span>\n                    \n<svg width=\"1em\" height=\"1em\" class=\"mh-icon mh-icon--kind-slider mh-icon--name-arrow mh-icon--arrow\" role=\"img\" aria-hidden=\"true\">\n    \n    \n    <use xlink:href=\"https:\/\/www.gesundheit-im-blick.at\/brustkrebs\/wp-content\/themes\/cex-wpvip-mh-theme-3.1\/modules\/theme\/resources\/icons\/svg\/slider\/arrow.svg#arrow\"><\/use>\n<\/svg>\n                <\/button>\n            <\/div>\n            <\/div>\n    <\/div>\n<\/div>\n\n<\/div>\n\n    <\/div>\n<\/div>\n\n\n<hr class=\"mh-spacer mh-spacer--b03d38d148b1613f17cbb782e7a7abae\" aria-hidden=\"true\" \/>\n\n\n<div class=\"mh-columns mh-column--6373b1def3c3fd1982a21a045d23060d mh-columns--gutter-m\">\n    <div class=\"mh-columns-inner\">\n        \n<div class=\"mh-column mh-column--24e74657eaa6c3f02e364bdb5c6f0626 mh-column--12 mh-column--m-12 mh-column--l-12\">\n    \n<h2  class=\"mh-heading mh-heading--left mh-heading--df6df9fbb35218b7638bae69573e75fa\"><strong>H\u00e4ufige Fragen <mark style=\"background-color:rgba(0, 0, 0, 0);color:#c9689e\" class=\"has-inline-color\">(FAQ)<\/mark><\/strong><\/h2>\n\n\n<section class=\"mh-content-14\">\n    \n<div class=\"mh-accordion mh-accordion--5f137fd61c0c37165c337eb5d4b108dd mh-accordion--multiple\" data-configuration=\"{&quot;variation&quot;:&quot;multiple&quot;,&quot;speed&quot;:250}\">\n    \n\n<section class=\"mh-accordion-molecule mh-accordion-molecule--3ee0551e2f7b5b080082fa2d999c35c4 mh-accordion-molecule--closed\"  >\n    <header class=\"mh-accordion-molecule-header\">\n                    <span class=\"mh-accordion-molecule-header__icon\">\n                        <img decoding=\"async\"\n        class=\"\"\n        src=\"https:\/\/www.gesundheit-im-blick.at\/brustkrebs\/wp-content\/uploads\/sites\/578\/2025\/09\/question-answer_11524634-2.svg\"\n        width=\"\"\n        height=\"\"\n        loading=\"lazy\"\n        alt=\"question-answer-icon\"\n            \/>\n                <\/span>\n                <h4 class=\"mh-accordion-molecule-header__heading\">\n            <button class=\"mh-accordion-molecule-header__heading-trigger\" aria-expanded=\"false\" type=\"button\">\n                <strong><strong>Was macht eine Breast Care Nurse?<\/strong><\/strong>            <\/button>\n        <\/h4>\n        <span class=\"mh-accordion-molecule-header__icon-dropdown\">\n            \n<svg width=\"1em\" height=\"1em\" class=\"mh-icon mh-icon--kind-generic mh-icon--name-dropdown-arrow mh-icon--dropdown-arrow\" role=\"img\" aria-hidden=\"true\">\n    \n    \n    <use xlink:href=\"https:\/\/www.gesundheit-im-blick.at\/brustkrebs\/wp-content\/themes\/cex-wpvip-mh-theme-3.1\/modules\/theme\/resources\/icons\/svg\/generic\/dropdown-arrow.svg#dropdown-arrow\"><\/use>\n<\/svg>\n        <\/span>\n    <\/header>\n    <div class=\"mh-accordion-molecule-content\">\n        <div class=\"mh-accordion-molecule-content__body\">\n            \n\n<p\n    class=\"mh-paragraph mh-paragraph--f4ddf83074375529176e70bffc1b2fd5\"\n    >\n    Eine Breast Care Nurse begleitet Frauen durch den gesamten Prozess der Brustkrebs Therapie. Sie erkl\u00e4rt die einzelnen Behandlungsschritte in verst\u00e4ndlicher Sprache, hilft bei organisatorischen Abl\u00e4ufen und koordiniert Termine. Dar\u00fcber hinaus ber\u00e4t sie zu Nebenwirkungen und vermittelt Kontakte zu weiteren Anlaufstellen wie Selbsthilfegruppen oder psychosozialer Unterst\u00fctzung. In \u00d6sterreich sind Breast Care Nurses in zertifizierten Brustzentren t\u00e4tig.<\/p>\n\n\n<hr class=\"mh-spacer mh-spacer--8059a3a2391246c927d67d322fd0288c\" aria-hidden=\"true\" \/>\n\n        <\/div>\n    <\/div>\n<\/section>\n\n\n\n<section class=\"mh-accordion-molecule mh-accordion-molecule--263b3ecd2507e1e3637348a2299e554b mh-accordion-molecule--closed\"  >\n    <header class=\"mh-accordion-molecule-header\">\n                    <span class=\"mh-accordion-molecule-header__icon\">\n                        <img decoding=\"async\"\n        class=\"\"\n        src=\"https:\/\/www.gesundheit-im-blick.at\/brustkrebs\/wp-content\/uploads\/sites\/578\/2025\/09\/question-answer_11524634-2.svg\"\n        width=\"\"\n        height=\"\"\n        loading=\"lazy\"\n        alt=\"question-answer-icon\"\n            \/>\n                <\/span>\n                <h4 class=\"mh-accordion-molecule-header__heading\">\n            <button class=\"mh-accordion-molecule-header__heading-trigger\" aria-expanded=\"false\" type=\"button\">\n                <strong><strong>Welche Organisationen helfen bei Brustkrebs in \u00d6sterreich?<\/strong><\/strong>            <\/button>\n        <\/h4>\n        <span class=\"mh-accordion-molecule-header__icon-dropdown\">\n            \n<svg width=\"1em\" height=\"1em\" class=\"mh-icon mh-icon--kind-generic mh-icon--name-dropdown-arrow mh-icon--dropdown-arrow\" role=\"img\" aria-hidden=\"true\">\n    \n    \n    <use xlink:href=\"https:\/\/www.gesundheit-im-blick.at\/brustkrebs\/wp-content\/themes\/cex-wpvip-mh-theme-3.1\/modules\/theme\/resources\/icons\/svg\/generic\/dropdown-arrow.svg#dropdown-arrow\"><\/use>\n<\/svg>\n        <\/span>\n    <\/header>\n    <div class=\"mh-accordion-molecule-content\">\n        <div class=\"mh-accordion-molecule-content__body\">\n            \n\n<p\n    class=\"mh-paragraph mh-paragraph--2b5f0690ed579985f9daee39a925307b\"\n    >\n    Zentrale Organisationen sind die \u00d6sterreichische Krebshilfe, Europa Donna \u00d6sterreich und die Pink-Ribbon-Initiative. Sie bieten Beratung, Informationsmaterial, finanzielle Unterst\u00fctzung und organisieren Veranstaltungen. Dar\u00fcber hinaus existieren zahlreiche regionale Vereine, die Bewegungsangebote, Ern\u00e4hrungskurse und psychosoziale Betreuung bereitstellen. Alle Organisationen sind online, telefonisch und pers\u00f6nlich erreichbar.<\/p>\n\n\n<hr class=\"mh-spacer mh-spacer--c9ec6d9328a0582caf46bf99e4818141\" aria-hidden=\"true\" \/>\n\n        <\/div>\n    <\/div>\n<\/section>\n\n\n\n<section class=\"mh-accordion-molecule mh-accordion-molecule--9432fe73e80cf2577a5e8b351ecf024b mh-accordion-molecule--closed\"  >\n    <header class=\"mh-accordion-molecule-header\">\n                    <span class=\"mh-accordion-molecule-header__icon\">\n                        <img decoding=\"async\"\n        class=\"\"\n        src=\"https:\/\/www.gesundheit-im-blick.at\/brustkrebs\/wp-content\/uploads\/sites\/578\/2025\/09\/question-answer_11524634-2.svg\"\n        width=\"\"\n        height=\"\"\n        loading=\"lazy\"\n        alt=\"question-answer-icon\"\n            \/>\n                <\/span>\n                <h4 class=\"mh-accordion-molecule-header__heading\">\n            <button class=\"mh-accordion-molecule-header__heading-trigger\" aria-expanded=\"false\" type=\"button\">\n                <strong><strong>Wo finde ich Patientenorganisationen f\u00fcr Brustkrebs?<\/strong><\/strong>            <\/button>\n        <\/h4>\n        <span class=\"mh-accordion-molecule-header__icon-dropdown\">\n            \n<svg width=\"1em\" height=\"1em\" class=\"mh-icon mh-icon--kind-generic mh-icon--name-dropdown-arrow mh-icon--dropdown-arrow\" role=\"img\" aria-hidden=\"true\">\n    \n    \n    <use xlink:href=\"https:\/\/www.gesundheit-im-blick.at\/brustkrebs\/wp-content\/themes\/cex-wpvip-mh-theme-3.1\/modules\/theme\/resources\/icons\/svg\/generic\/dropdown-arrow.svg#dropdown-arrow\"><\/use>\n<\/svg>\n        <\/span>\n    <\/header>\n    <div class=\"mh-accordion-molecule-content\">\n        <div class=\"mh-accordion-molecule-content__body\">\n            \n\n<p\n    class=\"mh-paragraph mh-paragraph--3cf2d2a2a113a052234fda362f5c3bbc\"\n    >\n    Patientenorganisationen sind \u00fcber das Internet leicht auffindbar. Webseiten wie die der Krebshilfe oder von Europa Donna bieten umfangreiche Informationen und Kontaktm\u00f6glichkeiten. Dar\u00fcber hinaus vermitteln \u00c4rzt:innen und Breast Care Nurses direkte Kontakte. Online-Plattformen erm\u00f6glichen zus\u00e4tzlich einen virtuellen Austausch, was besonders f\u00fcr Frauen in l\u00e4ndlichen Regionen von Vorteil ist.<\/p>\n\n\n<hr class=\"mh-spacer mh-spacer--c9ec6d9328a0582caf46bf99e4818141\" aria-hidden=\"true\" \/>\n\n        <\/div>\n    <\/div>\n<\/section>\n\n\n\n<section class=\"mh-accordion-molecule mh-accordion-molecule--620bf537c3d74a17929b1a1a173c3b55 mh-accordion-molecule--closed\"  >\n    <header class=\"mh-accordion-molecule-header\">\n                    <span class=\"mh-accordion-molecule-header__icon\">\n                        <img decoding=\"async\"\n        class=\"\"\n        src=\"https:\/\/www.gesundheit-im-blick.at\/brustkrebs\/wp-content\/uploads\/sites\/578\/2025\/09\/question-answer_11524634-2.svg\"\n        width=\"\"\n        height=\"\"\n        loading=\"lazy\"\n        alt=\"question-answer-icon\"\n            \/>\n                <\/span>\n                <h4 class=\"mh-accordion-molecule-header__heading\">\n            <button class=\"mh-accordion-molecule-header__heading-trigger\" aria-expanded=\"false\" type=\"button\">\n                <strong><strong>Wie kann ich eine Selbsthilfegruppe finden?<\/strong><\/strong>            <\/button>\n        <\/h4>\n        <span class=\"mh-accordion-molecule-header__icon-dropdown\">\n            \n<svg width=\"1em\" height=\"1em\" class=\"mh-icon mh-icon--kind-generic mh-icon--name-dropdown-arrow mh-icon--dropdown-arrow\" role=\"img\" aria-hidden=\"true\">\n    \n    \n    <use xlink:href=\"https:\/\/www.gesundheit-im-blick.at\/brustkrebs\/wp-content\/themes\/cex-wpvip-mh-theme-3.1\/modules\/theme\/resources\/icons\/svg\/generic\/dropdown-arrow.svg#dropdown-arrow\"><\/use>\n<\/svg>\n        <\/span>\n    <\/header>\n    <div class=\"mh-accordion-molecule-content\">\n        <div class=\"mh-accordion-molecule-content__body\">\n            \n\n<p\n    class=\"mh-paragraph mh-paragraph--409824c73d06e400a8a0799a2c293c4b\"\n    >\n    Selbsthilfegruppen werden von der Krebshilfe, regionalen Initiativen oder in Krankenh\u00e4usern organisiert. Informationen finden sich auf Webseiten, in Gemeindeb\u00fcros oder direkt bei behandelnden \u00c4rzt:innen. Die Gruppen unterscheiden sich in ihrem Schwerpunkt: Manche konzentrieren sich auf Sport und Ern\u00e4hrung, andere auf psychologische Unterst\u00fctzung oder die Vorbereitung auf die berufliche R\u00fcckkehr. Online-Selbsthilfegruppen erm\u00f6glichen Teilnahme ohne Anfahrtswege und bieten flexible L\u00f6sungen.<\/p>\n\n\n<hr class=\"mh-spacer mh-spacer--c9ec6d9328a0582caf46bf99e4818141\" aria-hidden=\"true\" \/>\n\n        <\/div>\n    <\/div>\n<\/section>\n\n\n\n<section class=\"mh-accordion-molecule mh-accordion-molecule--32ba30fd99287fd1031dbcd0300687a9 mh-accordion-molecule--closed\"  >\n    <header class=\"mh-accordion-molecule-header\">\n                    <span class=\"mh-accordion-molecule-header__icon\">\n                        <img decoding=\"async\"\n        class=\"\"\n        src=\"https:\/\/www.gesundheit-im-blick.at\/brustkrebs\/wp-content\/uploads\/sites\/578\/2025\/09\/question-answer_11524634-2.svg\"\n        width=\"\"\n        height=\"\"\n        loading=\"lazy\"\n        alt=\"question-answer-icon\"\n            \/>\n                <\/span>\n                <h4 class=\"mh-accordion-molecule-header__heading\">\n            <button class=\"mh-accordion-molecule-header__heading-trigger\" aria-expanded=\"false\" type=\"button\">\n                <strong><strong><strong>Wie nehme ich Kontakt zu offiziellen Stellen auf?<\/strong><\/strong><\/strong>            <\/button>\n        <\/h4>\n        <span class=\"mh-accordion-molecule-header__icon-dropdown\">\n            \n<svg width=\"1em\" height=\"1em\" class=\"mh-icon mh-icon--kind-generic mh-icon--name-dropdown-arrow mh-icon--dropdown-arrow\" role=\"img\" aria-hidden=\"true\">\n    \n    \n    <use xlink:href=\"https:\/\/www.gesundheit-im-blick.at\/brustkrebs\/wp-content\/themes\/cex-wpvip-mh-theme-3.1\/modules\/theme\/resources\/icons\/svg\/generic\/dropdown-arrow.svg#dropdown-arrow\"><\/use>\n<\/svg>\n        <\/span>\n    <\/header>\n    <div class=\"mh-accordion-molecule-content\">\n        <div class=\"mh-accordion-molecule-content__body\">\n            \n\n<p\n    class=\"mh-paragraph mh-paragraph--896684c56e77df5bebdb9082327a0851\"\n    >\n    Offizielle Stellen wie Sozialversicherungstr\u00e4ger, Krebsinformationsdienst und Brustzentren sind telefonisch, per E-Mail und \u00fcber ihre Webseiten erreichbar. In Brustzentren gibt es Informationsstellen, die Patientinnen direkt w\u00e4hrend der Behandlung aufsuchen k\u00f6nnen. Sozialversicherungstr\u00e4ger helfen bei Antr\u00e4gen auf Krankengeld oder Reha, der Krebsinformationsdienst bietet wissenschaftlich gepr\u00fcfte Ausk\u00fcnfte.<\/p>\n\n\n<hr class=\"mh-spacer mh-spacer--c9ec6d9328a0582caf46bf99e4818141\" aria-hidden=\"true\" \/>\n\n        <\/div>\n    <\/div>\n<\/section>\n\n<\/div>\n\n<\/section>\n\n<\/div>\n\n    <\/div>\n<\/div>\n\n\n<hr class=\"mh-spacer mh-spacer--0f5cf704c1b47129955e76cf4d2c8113\" aria-hidden=\"true\" \/>\n\n\n<hr class=\"mh-separator mh-separator--dc15e96140d4f6cd3924eceb006312f8\" aria-hidden=\"true\" \/>\n","protected":false},"excerpt":{"rendered":"","protected":false},"author":1165,"featured_media":0,"parent":0,"menu_order":0,"comment_status":"closed","ping_status":"closed","template":"blank-canvas-template.php","meta":{"_mh_page_language":"en_GB","_mh_page_is_rtl":false,"editor_notices":[],"footnotes":""},"ga4_page_audience":[788],"ga4_page_birn_id":[],"ga4_page_branding":[227],"ga4_page_businessunit":[231],"ga4_page_campaign":[],"ga4_page_content_purpose":[715],"ga4_page_customer_journey_stage":[],"ga4_page_customer_specialty":[],"ga4_page_experience":[],"ga4_page_indication":[431],"ga4_page_material_intent":[438],"ga4_page_product":[522],"ga4_page_region":[662],"ga4_page_therapeuticarea":[689],"class_list":["post-2275","page","type-page","status-publish","hentry"],"yoast_head":"<!-- This site is optimized with the Yoast SEO plugin v23.9 - https:\/\/yoast.com\/wordpress\/plugins\/seo\/ -->\n<title>Anlaufstellen bei Brustkrebs | Gesundheit im Blick<\/title>\n<meta name=\"description\" content=\"Finden Sie wichtige Anlaufstellen bei Brustkrebs in \u00d6sterreich: Breast Care Nurses, Gesundheits Botschafterinnen und Organisationen wie Europa Donna, \u00d6sterreichische Krebshilfe oder Pink Ribbon.\" \/>\n<meta name=\"robots\" content=\"index, follow, max-snippet:-1, max-image-preview:large, max-video-preview:-1\" \/>\n<link rel=\"canonical\" href=\"https:\/\/www.gesundheit-im-blick.at\/brustkrebs\/anlaufstellen\/\" \/>\n<meta property=\"og:locale\" content=\"en_GB\" \/>\n<meta property=\"og:type\" content=\"article\" \/>\n<meta property=\"og:title\" content=\"Anlaufstellen bei Brustkrebs | Gesundheit im Blick\" \/>\n<meta property=\"og:description\" content=\"Finden Sie wichtige Anlaufstellen bei Brustkrebs in \u00d6sterreich: Breast Care Nurses, Gesundheits Botschafterinnen und Organisationen wie Europa Donna, \u00d6sterreichische Krebshilfe oder Pink Ribbon.\" \/>\n<meta property=\"og:url\" content=\"https:\/\/www.gesundheit-im-blick.at\/brustkrebs\/anlaufstellen\/\" \/>\n<meta property=\"og:site_name\" content=\"Brustkrebs\" \/>\n<meta property=\"article:modified_time\" content=\"2026-03-02T11:26:19+00:00\" \/>\n<meta name=\"twitter:card\" content=\"summary_large_image\" \/>\n<script type=\"application\/ld+json\" class=\"yoast-schema-graph\">{\"@context\":\"https:\/\/schema.org\",\"@graph\":[{\"@type\":\"WebPage\",\"@id\":\"https:\/\/www.gesundheit-im-blick.at\/brustkrebs\/anlaufstellen\/\",\"url\":\"https:\/\/www.gesundheit-im-blick.at\/brustkrebs\/anlaufstellen\/\",\"name\":\"Anlaufstellen bei Brustkrebs | Gesundheit im Blick\",\"isPartOf\":{\"@id\":\"https:\/\/www.gesundheit-im-blick.at\/brustkrebs\/#website\"},\"datePublished\":\"2025-05-16T08:23:52+00:00\",\"dateModified\":\"2026-03-02T11:26:19+00:00\",\"description\":\"Finden Sie wichtige Anlaufstellen bei Brustkrebs in \u00d6sterreich: Breast Care Nurses, Gesundheits Botschafterinnen und Organisationen wie Europa Donna, \u00d6sterreichische Krebshilfe oder Pink Ribbon.\",\"breadcrumb\":{\"@id\":\"https:\/\/www.gesundheit-im-blick.at\/brustkrebs\/anlaufstellen\/#breadcrumb\"},\"inLanguage\":\"en-GB\",\"potentialAction\":[{\"@type\":\"ReadAction\",\"target\":[\"https:\/\/www.gesundheit-im-blick.at\/brustkrebs\/anlaufstellen\/\"]}]},{\"@type\":\"BreadcrumbList\",\"@id\":\"https:\/\/www.gesundheit-im-blick.at\/brustkrebs\/anlaufstellen\/#breadcrumb\",\"itemListElement\":[{\"@type\":\"ListItem\",\"position\":1,\"name\":\"Home\",\"item\":\"https:\/\/www.gesundheit-im-blick.at\/brustkrebs\/\"},{\"@type\":\"ListItem\",\"position\":2,\"name\":\"Anlaufstellen\"}]},{\"@type\":\"WebSite\",\"@id\":\"https:\/\/www.gesundheit-im-blick.at\/brustkrebs\/#website\",\"url\":\"https:\/\/www.gesundheit-im-blick.at\/brustkrebs\/\",\"name\":\"Brustkrebs\",\"description\":\"Gesundheit im Blick\",\"potentialAction\":[{\"@type\":\"SearchAction\",\"target\":{\"@type\":\"EntryPoint\",\"urlTemplate\":\"https:\/\/www.gesundheit-im-blick.at\/brustkrebs\/?s={search_term_string}\"},\"query-input\":{\"@type\":\"PropertyValueSpecification\",\"valueRequired\":true,\"valueName\":\"search_term_string\"}}],\"inLanguage\":\"en-GB\"}]}<\/script>\n<!-- \/ Yoast SEO plugin. -->","yoast_head_json":{"title":"Anlaufstellen bei Brustkrebs | Gesundheit im Blick","description":"Finden Sie wichtige Anlaufstellen bei Brustkrebs in \u00d6sterreich: Breast Care Nurses, Gesundheits Botschafterinnen und Organisationen wie Europa Donna, \u00d6sterreichische Krebshilfe oder Pink Ribbon.","robots":{"index":"index","follow":"follow","max-snippet":"max-snippet:-1","max-image-preview":"max-image-preview:large","max-video-preview":"max-video-preview:-1"},"canonical":"https:\/\/www.gesundheit-im-blick.at\/brustkrebs\/anlaufstellen\/","og_locale":"en_GB","og_type":"article","og_title":"Anlaufstellen bei Brustkrebs | Gesundheit im Blick","og_description":"Finden Sie wichtige Anlaufstellen bei Brustkrebs in \u00d6sterreich: Breast Care Nurses, Gesundheits Botschafterinnen und Organisationen wie Europa Donna, \u00d6sterreichische Krebshilfe oder Pink Ribbon.","og_url":"https:\/\/www.gesundheit-im-blick.at\/brustkrebs\/anlaufstellen\/","og_site_name":"Brustkrebs","article_modified_time":"2026-03-02T11:26:19+00:00","twitter_card":"summary_large_image","schema":{"@context":"https:\/\/schema.org","@graph":[{"@type":"WebPage","@id":"https:\/\/www.gesundheit-im-blick.at\/brustkrebs\/anlaufstellen\/","url":"https:\/\/www.gesundheit-im-blick.at\/brustkrebs\/anlaufstellen\/","name":"Anlaufstellen bei Brustkrebs | Gesundheit im Blick","isPartOf":{"@id":"https:\/\/www.gesundheit-im-blick.at\/brustkrebs\/#website"},"datePublished":"2025-05-16T08:23:52+00:00","dateModified":"2026-03-02T11:26:19+00:00","description":"Finden Sie wichtige Anlaufstellen bei Brustkrebs in \u00d6sterreich: Breast Care Nurses, Gesundheits Botschafterinnen und Organisationen wie Europa Donna, \u00d6sterreichische Krebshilfe oder Pink Ribbon.","breadcrumb":{"@id":"https:\/\/www.gesundheit-im-blick.at\/brustkrebs\/anlaufstellen\/#breadcrumb"},"inLanguage":"en-GB","potentialAction":[{"@type":"ReadAction","target":["https:\/\/www.gesundheit-im-blick.at\/brustkrebs\/anlaufstellen\/"]}]},{"@type":"BreadcrumbList","@id":"https:\/\/www.gesundheit-im-blick.at\/brustkrebs\/anlaufstellen\/#breadcrumb","itemListElement":[{"@type":"ListItem","position":1,"name":"Home","item":"https:\/\/www.gesundheit-im-blick.at\/brustkrebs\/"},{"@type":"ListItem","position":2,"name":"Anlaufstellen"}]},{"@type":"WebSite","@id":"https:\/\/www.gesundheit-im-blick.at\/brustkrebs\/#website","url":"https:\/\/www.gesundheit-im-blick.at\/brustkrebs\/","name":"Brustkrebs","description":"Gesundheit im Blick","potentialAction":[{"@type":"SearchAction","target":{"@type":"EntryPoint","urlTemplate":"https:\/\/www.gesundheit-im-blick.at\/brustkrebs\/?s={search_term_string}"},"query-input":{"@type":"PropertyValueSpecification","valueRequired":true,"valueName":"search_term_string"}}],"inLanguage":"en-GB"}]}},"_links":{"self":[{"href":"https:\/\/www.gesundheit-im-blick.at\/brustkrebs\/wp-json\/wp\/v2\/pages\/2275","targetHints":{"allow":["GET"]}}],"collection":[{"href":"https:\/\/www.gesundheit-im-blick.at\/brustkrebs\/wp-json\/wp\/v2\/pages"}],"about":[{"href":"https:\/\/www.gesundheit-im-blick.at\/brustkrebs\/wp-json\/wp\/v2\/types\/page"}],"author":[{"embeddable":true,"href":"https:\/\/www.gesundheit-im-blick.at\/brustkrebs\/wp-json\/wp\/v2\/users\/1165"}],"replies":[{"embeddable":true,"href":"https:\/\/www.gesundheit-im-blick.at\/brustkrebs\/wp-json\/wp\/v2\/comments?post=2275"}],"version-history":[{"count":277,"href":"https:\/\/www.gesundheit-im-blick.at\/brustkrebs\/wp-json\/wp\/v2\/pages\/2275\/revisions"}],"predecessor-version":[{"id":6462,"href":"https:\/\/www.gesundheit-im-blick.at\/brustkrebs\/wp-json\/wp\/v2\/pages\/2275\/revisions\/6462"}],"wp:attachment":[{"href":"https:\/\/www.gesundheit-im-blick.at\/brustkrebs\/wp-json\/wp\/v2\/media?parent=2275"}],"wp:term":[{"taxonomy":"ga4_page_audience","embeddable":true,"href":"https:\/\/www.gesundheit-im-blick.at\/brustkrebs\/wp-json\/wp\/v2\/ga4_page_audience?post=2275"},{"taxonomy":"ga4_page_birn_id","embeddable":true,"href":"https:\/\/www.gesundheit-im-blick.at\/brustkrebs\/wp-json\/wp\/v2\/ga4_page_birn_id?post=2275"},{"taxonomy":"ga4_page_branding","embeddable":true,"href":"https:\/\/www.gesundheit-im-blick.at\/brustkrebs\/wp-json\/wp\/v2\/ga4_page_branding?post=2275"},{"taxonomy":"ga4_page_businessunit","embeddable":true,"href":"https:\/\/www.gesundheit-im-blick.at\/brustkrebs\/wp-json\/wp\/v2\/ga4_page_businessunit?post=2275"},{"taxonomy":"ga4_page_campaign","embeddable":true,"href":"https:\/\/www.gesundheit-im-blick.at\/brustkrebs\/wp-json\/wp\/v2\/ga4_page_campaign?post=2275"},{"taxonomy":"ga4_page_content_purpose","embeddable":true,"href":"https:\/\/www.gesundheit-im-blick.at\/brustkrebs\/wp-json\/wp\/v2\/ga4_page_content_purpose?post=2275"},{"taxonomy":"ga4_page_customer_journey_stage","embeddable":true,"href":"https:\/\/www.gesundheit-im-blick.at\/brustkrebs\/wp-json\/wp\/v2\/ga4_page_customer_journey_stage?post=2275"},{"taxonomy":"ga4_page_customer_specialty","embeddable":true,"href":"https:\/\/www.gesundheit-im-blick.at\/brustkrebs\/wp-json\/wp\/v2\/ga4_page_customer_specialty?post=2275"},{"taxonomy":"ga4_page_experience","embeddable":true,"href":"https:\/\/www.gesundheit-im-blick.at\/brustkrebs\/wp-json\/wp\/v2\/ga4_page_experience?post=2275"},{"taxonomy":"ga4_page_indication","embeddable":true,"href":"https:\/\/www.gesundheit-im-blick.at\/brustkrebs\/wp-json\/wp\/v2\/ga4_page_indication?post=2275"},{"taxonomy":"ga4_page_material_intent","embeddable":true,"href":"https:\/\/www.gesundheit-im-blick.at\/brustkrebs\/wp-json\/wp\/v2\/ga4_page_material_intent?post=2275"},{"taxonomy":"ga4_page_product","embeddable":true,"href":"https:\/\/www.gesundheit-im-blick.at\/brustkrebs\/wp-json\/wp\/v2\/ga4_page_product?post=2275"},{"taxonomy":"ga4_page_region","embeddable":true,"href":"https:\/\/www.gesundheit-im-blick.at\/brustkrebs\/wp-json\/wp\/v2\/ga4_page_region?post=2275"},{"taxonomy":"ga4_page_therapeuticarea","embeddable":true,"href":"https:\/\/www.gesundheit-im-blick.at\/brustkrebs\/wp-json\/wp\/v2\/ga4_page_therapeuticarea?post=2275"}],"curies":[{"name":"wp","href":"https:\/\/api.w.org\/{rel}","templated":true}]}}