{"id":2267,"date":"2025-05-16T07:54:56","date_gmt":"2025-05-16T07:54:56","guid":{"rendered":"https:\/\/www.gesundheit-im-blick.at\/brustkrebs\/?page_id=2267"},"modified":"2026-03-02T12:25:27","modified_gmt":"2026-03-02T11:25:27","slug":"diagnose","status":"publish","type":"page","link":"https:\/\/www.gesundheit-im-blick.at\/brustkrebs\/diagnose\/","title":{"rendered":"Diagnose"},"content":{"rendered":"\n<section class=\"mh-hero-5 mh-hero-5--default mh-hero-5--position-center-left mh-hero-5--c39c0a5b617b1479ac1726a27d65f3ac mh-hero-5--align-full\">\n        <figure class=\"mh-hero-5__image mh-image mh-image--c83849bf7cbaeeaceb1aadfac3bf9cf4 with-aspect-ratio with-aspect-ratio--custom-only-large-screen\">\n        <div class=\"figure-outer\">\n            <div class=\"figure-inner\">\n                                            <img decoding=\"async\"\n        class=\"is-full-width\"\n        src=\"https:\/\/www.gesundheit-im-blick.at\/brustkrebs\/wp-content\/uploads\/sites\/578\/2025\/09\/Diagnose-banner-2.jpg?w=2048\"\n        width=\"2048\"\n        height=\"664\"\n        loading=\"lazy\"\n        alt=\"Diagnose - banner\"\n            \/>\n                                <\/div>\n        <\/div>\n            <\/figure>\n    \n\n<article class='mh-hero-5-content mh-hero-5-content--b3cfd83182d0a3a3b96c0479d5cecf8b mh-hero-5-content--default'>\n    \n<h1  class=\"mh-hero-5-content__title mh-heading mh-heading--left mh-heading--c812fd77ab6e1c47fbd496b92c7b7259\"><strong><strong><strong><strong><strong><strong>Brustkrebs<\/strong><\/strong><\/strong><\/strong><\/strong><\/strong> <strong><strong><strong><mark style=\"background-color:rgba(0, 0, 0, 0);color:#c9689e\" class=\"has-inline-color\">Diagnose<\/mark> | Ihre n\u00e4chsten Schritte<\/strong><\/strong><\/strong><\/h1>\n\n\n<p\n    class=\"mh-hero-5-content__text mh-paragraph mh-paragraph--left mh-paragraph--064cc8bf72a3e4e2bf93e74e8d34b130\"\n    >\n    Die Diagnose Brustkrebs ist f\u00fcr viele Frauen zun\u00e4chst ein Schock. Umso wichtiger ist es, die n\u00e4chsten Schritte zu kennen und auf verl\u00e4ssliche Informationen sowie Unterst\u00fctzung bauen zu k\u00f6nnen. Wichtig ist jetzt: Klarheit gewinnen, Entscheidungen treffen und Unterst\u00fctzung finden.<\/p>\n\n\n<div  class=\"mh-links mh-links--justified-start\">\n\n<a\n  class=\"mh-button mh-button--1f594fc6484b12aad15187edd2a5d47f mh-button--filled mh-button--fullwidth mh-button--rounded\"\n  href=\"https:\/\/www.gesundheit-im-blick.at\/brustkrebs\/spezialistinnen\/#brustgesundheitszentrum\"\n  target=\"_self\"\n  rel=\"\"\n      aria-label=\"Zertifiziertes Brustgesundheitszentrum finden\"\n      >\n\n      <span class=\"mh-anchor-label\">\n      <span class=\"\">Zertifiziertes Brustgesundheitszentrum finden<\/span>    <\/span>\n      <\/a>\n\n\n<\/div>\n\n<div  class=\"mh-links mh-links--justified-start\">\n\n<a\n  class=\"mh-button mh-button--33ee2da255a849b48f58509feaae7086 mh-button--custom mh-button--fullwidth mh-button--rounded\"\n  href=\"https:\/\/www.gesundheit-im-blick.at\/brustkrebs\/arten-der-brustuntersuchung\/\"\n  target=\"_self\"\n  rel=\"\"\n      aria-label=\"Arten der Brustuntersuchung\"\n      >\n\n      <span class=\"mh-anchor-label\">\n      <span class=\"\">Arten der Brustuntersuchung<\/span>    <\/span>\n      <\/a>\n\n\n<\/div>\n<\/article>\n\n<\/section>\n\n\n<div class=\"mh-element mh-element--e6898fff916a90845ba94671a35ca96a mh-element--align-full\">\n    <div class=\"mh-container\">\n        \n<h2  class=\"mh-heading mh-heading--eb649eaf4c345fff178a678e17cab671\"><strong><strong><mark style=\"background-color:rgba(0, 0, 0, 0);color:#c9689e\" class=\"has-inline-color\">Warnzeichen<\/mark> erkennen<\/strong><\/strong><\/h2>\n\n\n<p\n    class=\"mh-paragraph mh-paragraph--1c1f4aeb38c21ed3b91c1355ef1499c9\"\n    >\n    Auch wenn Schmerzen selten ein erstes Symptom sind, sollten anhaltende Beschwerden \u00e4rztlich untersucht werden. Brustkrebs kann sich auf unterschiedliche Weise bemerkbar machen:<\/p>\n\n\n<div class=\"mh-columns mh-column--b6aa2255d7e6972b93bd4d1791b77a65 mh-columns--gutter-m\">\n    <div class=\"mh-columns-inner\">\n        \n<div class=\"mh-column mh-column--43f08aab29b04d9732ee48419c60de52 mh-column--12 mh-column--m-4 mh-column--l-4\">\n    \n    <figure class=\"mh-image mh-image--align-center mh-image--990f81d39631e94dd1b164d0d0998c5c\" >\n                            <img decoding=\"async\"\n        class=\"\"\n        src=\"https:\/\/www.gesundheit-im-blick.at\/brustkrebs\/wp-content\/uploads\/sites\/578\/2025\/09\/Knoten-oder-Verhartung-in-der-Brust-icon-1.svg?w=120\"\n        width=\"\"\n        height=\"\"\n        loading=\"lazy\"\n        alt=\"Knoten oder Verha\u0308rtung in der Brust - icon\"\n            \/>\n                        <\/figure>\n\n\n<hr class=\"mh-spacer mh-spacer--05e3702d509c31d0a74e6afbf665d273\" aria-hidden=\"true\" \/>\n\n\n\n<p\n    class=\"mh-paragraph mh-paragraph--center mh-paragraph--9b53d6bf7c638b8e3eca252a0021a590\"\n    >\n    <strong>Knoten oder Verh\u00e4rtung in der Brust\u00a0<\/strong><\/p>\n\n<\/div>\n\n\n<div class=\"mh-column mh-column--21b950652caa5d02cf91abeb27839bd5 mh-column--12 mh-column--m-4 mh-column--l-4\">\n    \n    <figure class=\"mh-image mh-image--align-center mh-image--918abfadb360cdf0effc594c780184d6\" >\n                            <img decoding=\"async\"\n        class=\"\"\n        src=\"https:\/\/www.gesundheit-im-blick.at\/brustkrebs\/wp-content\/uploads\/sites\/578\/2025\/09\/Veranderungen-der-Brustwarze-icon-1.svg?w=120\"\n        width=\"\"\n        height=\"\"\n        loading=\"lazy\"\n        alt=\"Vera\u0308nderungen der Brustwarze - icon\"\n            \/>\n                        <\/figure>\n\n\n<hr class=\"mh-spacer mh-spacer--05e3702d509c31d0a74e6afbf665d273\" aria-hidden=\"true\" \/>\n\n\n\n<p\n    class=\"mh-paragraph mh-paragraph--center mh-paragraph--2a623dac9bb1f3f14b75ae6114480291\"\n    >\n    <strong>Ver\u00e4nderungen der Brustwarze<\/strong><\/p>\n\n<\/div>\n\n\n<div class=\"mh-column mh-column--7af351908f0fd82d64232fd9ffac8d6a mh-column--12 mh-column--m-4 mh-column--l-4\">\n    \n    <figure class=\"mh-image mh-image--align-center mh-image--6c8b4e507ffe98fbe7f7cce9ccaaa6b0\" >\n                            <img decoding=\"async\"\n        class=\"\"\n        src=\"https:\/\/www.gesundheit-im-blick.at\/brustkrebs\/wp-content\/uploads\/sites\/578\/2025\/09\/Auffallige-Unterschiede-in-Grose-oder-Form-icon-1.svg?w=120\"\n        width=\"\"\n        height=\"\"\n        loading=\"lazy\"\n        alt=\"Auffa\u0308llige Unterschiede in Gro\u0308\u00dfe oder Form - icon\"\n            \/>\n                        <\/figure>\n\n\n<hr class=\"mh-spacer mh-spacer--05e3702d509c31d0a74e6afbf665d273\" aria-hidden=\"true\" \/>\n\n\n\n<p\n    class=\"mh-paragraph mh-paragraph--center mh-paragraph--8dc0bdf2cca2b9ab9f58aeafb31ad256\"\n    >\n    <strong>Auff\u00e4llige Unterschiede in Gr\u00f6\u00dfe oder Form<\/strong><\/p>\n\n<\/div>\n\n\n<div class=\"mh-column mh-column--9bf436120f5b33424f2797d9643952b0 mh-column--12 mh-column--m-4 mh-column--l-4\">\n    \n    <figure class=\"mh-image mh-image--align-center mh-image--a7f80e586efa74f231b0f83f55886a46\" >\n                            <img decoding=\"async\"\n        class=\"\"\n        src=\"https:\/\/www.gesundheit-im-blick.at\/brustkrebs\/wp-content\/uploads\/sites\/578\/2025\/09\/Hautveranderungen-an-der-Brust-icon-1.svg?w=120\"\n        width=\"\"\n        height=\"\"\n        loading=\"lazy\"\n        alt=\"Hautvera\u0308nderungen an der Brust - icon\"\n            \/>\n                        <\/figure>\n\n\n<hr class=\"mh-spacer mh-spacer--05e3702d509c31d0a74e6afbf665d273\" aria-hidden=\"true\" \/>\n\n\n\n<p\n    class=\"mh-paragraph mh-paragraph--center mh-paragraph--52c62f0cacb838cfa987249683d4ee23\"\n    >\n    <strong>Hautver\u00e4nderungen an der Brust<\/strong><\/p>\n\n<\/div>\n\n\n<div class=\"mh-column mh-column--1dfa209a72d06203176b936d7ad1edda mh-column--12 mh-column--m-4 mh-column--l-4\">\n    \n    <figure class=\"mh-image mh-image--align-center mh-image--5a31f72fcf3ebfdec306b3c6c9134cc0\" >\n                            <img decoding=\"async\"\n        class=\"\"\n        src=\"https:\/\/www.gesundheit-im-blick.at\/brustkrebs\/wp-content\/uploads\/sites\/578\/2025\/09\/Schwellungen-oder-Knoten-in-der-Achselhohle-icon-1.svg?w=120\"\n        width=\"\"\n        height=\"\"\n        loading=\"lazy\"\n        alt=\"Schwellungen oder Knoten in der Achselho\u0308hle - icon\"\n            \/>\n                        <\/figure>\n\n\n<hr class=\"mh-spacer mh-spacer--05e3702d509c31d0a74e6afbf665d273\" aria-hidden=\"true\" \/>\n\n\n\n<p\n    class=\"mh-paragraph mh-paragraph--center mh-paragraph--e274480f5d8848e08fa9d50d673e072d\"\n    >\n    <strong>Schwellungen oder Knoten in der Achselh\u00f6hle<\/strong><\/p>\n\n<\/div>\n\n\n<div class=\"mh-column mh-column--7047bcdee9e31b3f4e27531ed7a96b4f mh-column--12 mh-column--m-4 mh-column--l-4\">\n    \n    <figure class=\"mh-image mh-image--align-center mh-image--cbeb65e1afb5afeeb795e935cd265f83\" >\n                            <img decoding=\"async\"\n        class=\"\"\n        src=\"https:\/\/www.gesundheit-im-blick.at\/brustkrebs\/wp-content\/uploads\/sites\/578\/2025\/09\/Anhaltende-Schmerzen-oder-Spannungsgefuhl-icon-1.svg?w=120\"\n        width=\"\"\n        height=\"\"\n        loading=\"lazy\"\n        alt=\"Anhaltende Schmerzen oder Spannungsgefu\u0308hl - icon\"\n            \/>\n                        <\/figure>\n\n\n<hr class=\"mh-spacer mh-spacer--05e3702d509c31d0a74e6afbf665d273\" aria-hidden=\"true\" \/>\n\n\n\n<p\n    class=\"mh-paragraph mh-paragraph--center mh-paragraph--d7ff10e612b52ee7690037d20a6d9613\"\n    >\n    <strong>Anhaltende Schmerzen oder Spannungsgef\u00fchl<\/strong><\/p>\n\n<\/div>\n\n    <\/div>\n<\/div>\n\n    <\/div>\n<\/div>\n\n\n<div class=\"mh-element mh-element--54cd3aae32a95e29449364ed3dae5f31 mh-element--align-full\">\n    <div class=\"mh-container\">\n        \n<h2  class=\"mh-heading mh-heading--80f13f8489b6598b9afdfdf498358a36\"><strong>Ihre n\u00e4chsten Schritte \u2013 <mark style=\"background-color:rgba(0, 0, 0, 0);color:#c9689e\" class=\"has-inline-color\">kompakt<\/mark><\/strong><\/h2>\n\n<div class=\"mh-columns mh-column--f68b8d8f876a96ae2cf5b8a13cc6d97d mh-columns--gutter-m\">\n    <div class=\"mh-columns-inner\">\n        \n<div class=\"mh-column mh-column--42ed286a12321a9f1d1faa436f64e0f3 mh-column--12 mh-column--m-12 mh-column--l-12\">\n    \n<div class=\"mh-columns mh-columns--vertical-alignment-center mh-column--a2b677121a59f847b4c8b3b693bf22a7 mh-columns--gutter-m\">\n    <div class=\"mh-columns-inner\">\n        \n<div class=\"mh-column mh-column--0b502529e05bb5b113208c1f34e118d7 mh-column--3 mh-column--m-2 mh-column--l-2\">\n    \n    <figure class=\"mh-image mh-image--align-center mh-image--be3b752a13cd0a45895e1c779b32de92\" >\n                            <img decoding=\"async\"\n        class=\"\"\n        src=\"https:\/\/www.gesundheit-im-blick.at\/brustkrebs\/wp-content\/uploads\/sites\/578\/2025\/09\/number-one.svg?w=100\"\n        width=\"\"\n        height=\"\"\n        loading=\"lazy\"\n        alt=\"number one\"\n            \/>\n                        <\/figure>\n\n<\/div>\n\n\n<div class=\"mh-column mh-column--a2d18186a3ca725816ec25e164df163d mh-column--12 mh-column--m-10 mh-column--l-10\">\n    \n\n<p\n    class=\"mh-paragraph mh-paragraph--db45bf06e24ba2510911955ce28ed4c3\"\n    >\n    <strong><strong>Befund erkl\u00e4ren lassen<\/strong><\/strong><\/p>\n\n\n\n<p\n    class=\"mh-paragraph mh-paragraph--4e06338f20b3fefaf1b91481ae811d68\"\n    >\n    Bitten Sie Ihre \u00c4rztin oder Ihren Arzt, die Ergebnisse verst\u00e4ndlich zu erkl\u00e4ren. Fragen Sie nach, welche Untersuchungen bereits durchgef\u00fchrt wurden und welche als n\u00e4chstes geplant sind.<\/p>\n\n<\/div>\n\n    <\/div>\n<\/div>\n\n\n<hr class=\"mh-spacer mh-spacer--c8ada693f060d17b0251f175f5928ac1\" aria-hidden=\"true\" \/>\n\n\n<hr class=\"mh-separator mh-separator--30ff167ef2ce32c745569d72020f7982\" aria-hidden=\"true\" \/>\n\n\n<hr class=\"mh-spacer mh-spacer--c8ada693f060d17b0251f175f5928ac1\" aria-hidden=\"true\" \/>\n\n\n<div class=\"mh-columns mh-columns--vertical-alignment-center mh-column--b134b44f9b9b1e7d82b1ec6ec31a9515 mh-columns--gutter-m\">\n    <div class=\"mh-columns-inner\">\n        \n<div class=\"mh-column mh-column--203a89f4748abf61b95101852bd61e12 mh-column--3 mh-column--m-2 mh-column--l-2\">\n    \n    <figure class=\"mh-image mh-image--align-center mh-image--a8d6c8e36fd6f4b3c865f704fdb6f76e\" >\n                            <img decoding=\"async\"\n        class=\"\"\n        src=\"https:\/\/www.gesundheit-im-blick.at\/brustkrebs\/wp-content\/uploads\/sites\/578\/2025\/09\/number-two.svg?w=100\"\n        width=\"\"\n        height=\"\"\n        loading=\"lazy\"\n        alt=\"number two\"\n            \/>\n                        <\/figure>\n\n<\/div>\n\n\n<div class=\"mh-column mh-column--7cde06727f722915674eabfa50e2e262 mh-column--12 mh-column--m-10 mh-column--l-10\">\n    \n\n<p\n    class=\"mh-paragraph mh-paragraph--30b2bae338d0f0295d4aaadeb5e0049a\"\n    >\n    <strong><strong>Therapieoptionen besprechen<\/strong><\/strong><\/p>\n\n\n\n<p\n    class=\"mh-paragraph mh-paragraph--c0c928eb0ab9f3c59ffb7fb01eeae9e0\"\n    >\n    Lassen Sie sich die unterschiedlichen Behandlungsm\u00f6glichkeiten erl\u00e4utern. Welche Kombination aus Operation, Strahlentherapie oder medikament\u00f6ser Therapie sinnvoll ist, h\u00e4ngt vom Tumorstadium und den biologischen Eigenschaften ab.<\/p>\n\n<\/div>\n\n    <\/div>\n<\/div>\n\n\n<hr class=\"mh-spacer mh-spacer--c8ada693f060d17b0251f175f5928ac1\" aria-hidden=\"true\" \/>\n\n\n<hr class=\"mh-separator mh-separator--30ff167ef2ce32c745569d72020f7982\" aria-hidden=\"true\" \/>\n\n\n<hr class=\"mh-spacer mh-spacer--c8ada693f060d17b0251f175f5928ac1\" aria-hidden=\"true\" \/>\n\n\n<div class=\"mh-columns mh-columns--vertical-alignment-center mh-column--63e63099ede956e9aa62ad4f07224dbe mh-columns--gutter-m\">\n    <div class=\"mh-columns-inner\">\n        \n<div class=\"mh-column mh-column--ca07e5a8e9bed46514bacf79b035681f mh-column--3 mh-column--m-2 mh-column--l-2\">\n    \n    <figure class=\"mh-image mh-image--align-center mh-image--c2efb1516c64c1b6f02d2f3de65479b8\" >\n                            <img decoding=\"async\"\n        class=\"\"\n        src=\"https:\/\/www.gesundheit-im-blick.at\/brustkrebs\/wp-content\/uploads\/sites\/578\/2025\/09\/number-three.svg?w=100\"\n        width=\"\"\n        height=\"\"\n        loading=\"lazy\"\n        alt=\"number three\"\n            \/>\n                        <\/figure>\n\n<\/div>\n\n\n<div class=\"mh-column mh-column--12a522806d1f8dac9da9720c7899c910 mh-column--12 mh-column--m-10 mh-column--l-10\">\n    \n\n<p\n    class=\"mh-paragraph mh-paragraph--65953dd99bc4c9d2ef8404e9b2de6d1c\"\n    >\n    <strong><strong>Unterst\u00fctzung organisieren<\/strong><\/strong><\/p>\n\n\n\n<p\n    class=\"mh-paragraph mh-paragraph--7dc627546ce9b409c487e8124ed369c9\"\n    >\n    Neben medizinischer Versorgung ist auch praktische und psychologische Unterst\u00fctzung wichtig. Angeh\u00f6rige, Selbsthilfegruppen und psychoonkologische Beratungen k\u00f6nnen entlasten.<\/p>\n\n<\/div>\n\n    <\/div>\n<\/div>\n\n\n<hr class=\"mh-spacer mh-spacer--c8ada693f060d17b0251f175f5928ac1\" aria-hidden=\"true\" \/>\n\n\n<hr class=\"mh-separator mh-separator--30ff167ef2ce32c745569d72020f7982\" aria-hidden=\"true\" \/>\n\n\n<hr class=\"mh-spacer mh-spacer--c8ada693f060d17b0251f175f5928ac1\" aria-hidden=\"true\" \/>\n\n\n<div class=\"mh-columns mh-columns--vertical-alignment-center mh-column--ad87c81a766370ae764ea88b1a57c8c5 mh-columns--gutter-m\">\n    <div class=\"mh-columns-inner\">\n        \n<div class=\"mh-column mh-column--6cdb94259a0303be4bf41cc8483c07f5 mh-column--3 mh-column--m-2 mh-column--l-2\">\n    \n    <figure class=\"mh-image mh-image--align-center mh-image--f2eec14a59dd1d4c7770b45c591f026e\" >\n                            <img decoding=\"async\"\n        class=\"\"\n        src=\"https:\/\/www.gesundheit-im-blick.at\/brustkrebs\/wp-content\/uploads\/sites\/578\/2025\/09\/number-four.svg?w=100\"\n        width=\"\"\n        height=\"\"\n        loading=\"lazy\"\n        alt=\"number four\"\n            \/>\n                        <\/figure>\n\n<\/div>\n\n\n<div class=\"mh-column mh-column--f0746c128023c6837b7854fdc0c12574 mh-column--12 mh-column--m-10 mh-column--l-10\">\n    \n\n<p\n    class=\"mh-paragraph mh-paragraph--cbe40b8ceeaae3955e6fecbf8cc09548\"\n    >\n    <strong><strong>Fragen notieren<\/strong><\/strong><\/p>\n\n\n\n<p\n    class=\"mh-paragraph mh-paragraph--fc8c2d026df896e0c19bb072935b4f8c\"\n    >\n    Halten Sie Ihre Fragen schriftlich fest. So stellen Sie sicher, dass im Gespr\u00e4ch mit den \u00c4rzt:innen keine wichtigen Punkte vergessen werden.<\/p>\n\n<\/div>\n\n    <\/div>\n<\/div>\n\n<\/div>\n\n    <\/div>\n<\/div>\n\n    <\/div>\n<\/div>\n\n\n<div class=\"mh-element mh-element--93bfd69f2cce6ce7060324304227bcfd mh-element--align-full\">\n    <div class=\"mh-container\">\n        \n<div class=\"mh-columns mh-column--08d5e28bc3de2af11d9059ab537da197 mh-columns--gutter-m\">\n    <div class=\"mh-columns-inner\">\n        \n<div class=\"mh-column mh-column--a9869e8c2609ee5929f798ec22a9f2e7 mh-column--12 mh-column--m-4 mh-column--l-4\">\n    \n    <figure class=\"mh-image mh-image--b400bf3a9306422aa419c5e0c7cf497d\" >\n                            <img decoding=\"async\"\n        class=\"\"\n        src=\"https:\/\/www.gesundheit-im-blick.at\/brustkrebs\/wp-content\/uploads\/sites\/578\/2025\/09\/Medizinische-Anlaufstellen-1.png?w=2048\"\n        width=\"2048\"\n        height=\"807\"\n        loading=\"lazy\"\n        alt=\"Medizinische Anlaufstellen\"\n            \/>\n                        <\/figure>\n\n\n<hr class=\"mh-spacer mh-spacer--a5761e22d2300476cdb8a4196e6071a7\" aria-hidden=\"true\" \/>\n\n\n<h2  class=\"mh-heading mh-heading--left mh-heading--f29ff5d17b390b7d76f7821f7b7b522e\"><strong><strong><strong>Medizinische Anlaufstellen<\/strong><\/strong><\/strong><\/h2>\n\n<div class=\"mh-columns mh-column--0efb103d2c851b79bddb3ac87cd1482e mh-columns--gutter-m\">\n    <div class=\"mh-columns-inner\">\n        \n<div class=\"mh-column mh-column--57376a83d2dd8073362b609ce27cb34f mh-column--11 mh-column--m-11 mh-column--l-11\">\n    \n\n<p\n    class=\"mh-paragraph mh-paragraph--left mh-paragraph--a51da94f1a51a367cc1c0b7e7bcd80b9\"\n    >\n    Zu den wichtigsten Anlaufstellen z\u00e4hlen gyn\u00e4kologische Praxen, Radiolog:innen und zertifizierte Brustzentren. Diese Zentren arbeiten interdisziplin\u00e4r und bieten moderne Diagnostik \u2013 von der Mammographie \u00fcber Ultraschall bis hin zur Magnetresonanztomographie (MRT) und Biopsie.<\/p>\n\n<\/div>\n\n\n<div class=\"mh-column mh-column--e201797021ec54028f502bee67f67b67 mh-column--1 mh-column--m-1 mh-column--l-1\">\n    \n<hr class=\"mh-spacer mh-spacer--f1f8e58a7ec1e1f9f3dc79fd9e2ab747\" aria-hidden=\"true\" \/>\n\n<\/div>\n\n    <\/div>\n<\/div>\n\n\n<hr class=\"mh-spacer mh-spacer--1153ac499d022d1ac6eaa9ce1d16cbfd\" aria-hidden=\"true\" \/>\n\n\n<div  class=\"mh-links mh-links--justified-start\">\n\n<a\n  class=\"mh-button mh-button--center mh-button--43c14270bf896ffb63ddabb853be2382 mh-button--ghost mh-button--rounded\"\n  href=\"https:\/\/www.gesundheit-im-blick.at\/brustkrebs\/spezialistinnen\/\"\n  target=\"_self\"\n  rel=\"\"\n      aria-label=\"Spezialist:innen\"\n      >\n\n      <span class=\"mh-anchor-label\">\n      <span class=\"\">Spezialist:innen finden<\/span>    <\/span>\n      <\/a>\n\n\n<\/div>\n<\/div>\n\n\n<div class=\"mh-column mh-column--c64d4baa6dcb5eb13d6338607cfe7f8f mh-column--12 mh-column--m-4 mh-column--l-4\">\n    \n    <figure class=\"mh-image mh-image--fe83a813f22f828f72943a6a720b2fcc\" >\n                            <img decoding=\"async\"\n        class=\"\"\n        src=\"https:\/\/www.gesundheit-im-blick.at\/brustkrebs\/wp-content\/uploads\/sites\/578\/2025\/09\/Psychologische-Unterstutzung-1.png?w=2048\"\n        width=\"2048\"\n        height=\"807\"\n        loading=\"lazy\"\n        alt=\"Psychologische Unterstu\u0308tzung\"\n            \/>\n                        <\/figure>\n\n\n<hr class=\"mh-spacer mh-spacer--a5761e22d2300476cdb8a4196e6071a7\" aria-hidden=\"true\" \/>\n\n\n<h2  class=\"mh-heading mh-heading--left mh-heading--5e0452b66363db4bf394988de27fec25\"><strong><strong><strong>Psychologische Unterst\u00fctzung<\/strong><\/strong><\/strong><\/h2>\n\n<div class=\"mh-columns mh-column--b0850ebb286a623cc3cce9afeccc0fd8 mh-columns--gutter-m\">\n    <div class=\"mh-columns-inner\">\n        \n<div class=\"mh-column mh-column--40b08137dd035af99b55a88cbfa2968b mh-column--11 mh-column--m-11 mh-column--l-11\">\n    \n\n<p\n    class=\"mh-paragraph mh-paragraph--left mh-paragraph--3e00c492accdf0a3c3c3d9f0a24e0546\"\n    >\n    Eine Brustkrebsdiagnose stellt eine erhebliche psychische Belastung dar. Gef\u00fchle wie Angst, Unsicherheit oder Traurigkeit sind normal. Psychoonkologische Beratungsstellen helfen, diese Emotionen zu verarbeiten und den Alltag zu bew\u00e4ltigen.<\/p>\n\n<\/div>\n\n\n<div class=\"mh-column mh-column--e201797021ec54028f502bee67f67b67 mh-column--1 mh-column--m-1 mh-column--l-1\">\n    \n<hr class=\"mh-spacer mh-spacer--f1f8e58a7ec1e1f9f3dc79fd9e2ab747\" aria-hidden=\"true\" \/>\n\n<\/div>\n\n    <\/div>\n<\/div>\n\n\n<hr class=\"mh-spacer mh-spacer--1153ac499d022d1ac6eaa9ce1d16cbfd\" aria-hidden=\"true\" \/>\n\n<\/div>\n\n\n<div class=\"mh-column mh-column--967bc088186bd71c79f4777caa5d30e0 mh-column--12 mh-column--m-4 mh-column--l-4\">\n    \n    <figure class=\"mh-image mh-image--b3fed1bc869662889f0b1e495923f670\" >\n                            <img decoding=\"async\"\n        class=\"\"\n        src=\"https:\/\/www.gesundheit-im-blick.at\/brustkrebs\/wp-content\/uploads\/sites\/578\/2025\/10\/Erfahrungen-teilen-\u2013-Verstandnis-finden_opt.jpg?w=1594\"\n        width=\"1594\"\n        height=\"628\"\n        loading=\"lazy\"\n        alt=\"Erfahrungen-teilen-Versta\u0308ndnis-finden\"\n            \/>\n                        <\/figure>\n\n\n<hr class=\"mh-spacer mh-spacer--a5761e22d2300476cdb8a4196e6071a7\" aria-hidden=\"true\" \/>\n\n\n<h2  class=\"mh-heading mh-heading--left mh-heading--e252a87b691933fc5ba6fc158339c120\"><strong><strong><strong><strong><strong><strong><strong>Erfahrungen teilen \u2013 Verst\u00e4ndnis finden<\/strong><\/strong><\/strong><\/strong><\/strong><\/strong><\/strong><\/h2>\n\n<div class=\"mh-columns mh-column--c5352b5fd16efcd2e2804426cc1e9f98 mh-columns--gutter-m\">\n    <div class=\"mh-columns-inner\">\n        \n<div class=\"mh-column mh-column--451540cf93fbcfd794487d5dd2afe503 mh-column--11 mh-column--m-11 mh-column--l-11\">\n    \n\n<p\n    class=\"mh-paragraph mh-paragraph--left mh-paragraph--717d3d610b48176151c8f02f7f73a06c\"\n    >\n    Selbsthilfegruppen und Online-Communities erm\u00f6glichen den Austausch mit anderen Betroffenen. Viele Frauen berichten, dass dieser Kontakt Zuversicht gibt und praktische Tipps f\u00fcr den Alltag liefert. Organisationen wie die Krebshilfe \u00d6sterreich, sowie Breast Care Nurses unterst\u00fctzen unter anderem dabei, passende Gruppen zu finden.<\/p>\n\n\n<hr class=\"mh-spacer mh-spacer--1153ac499d022d1ac6eaa9ce1d16cbfd\" aria-hidden=\"true\" \/>\n\n<\/div>\n\n\n<div class=\"mh-column mh-column--e201797021ec54028f502bee67f67b67 mh-column--1 mh-column--m-1 mh-column--l-1\">\n    \n<hr class=\"mh-spacer mh-spacer--f1f8e58a7ec1e1f9f3dc79fd9e2ab747\" aria-hidden=\"true\" \/>\n\n<\/div>\n\n    <\/div>\n<\/div>\n\n\n<div  class=\"mh-links mh-links--justified-start\">\n\n<a\n  class=\"mh-button mh-button--center mh-button--0f53c2610f1e365996c043f45c7be641 mh-button--ghost mh-button--rounded\"\n  href=\"https:\/\/www.gesundheit-im-blick.at\/brustkrebs\/anlaufstellen\/\"\n  target=\"_self\"\n  rel=\"\"\n      aria-label=\"Breast Care Nurses finden\"\n      >\n\n      <span class=\"mh-anchor-label\">\n      <span class=\"\">Breast Care Nurses finden<\/span>    <\/span>\n      <\/a>\n\n\n<\/div>\n<\/div>\n\n    <\/div>\n<\/div>\n\n\n<hr class=\"mh-spacer mh-spacer--0964ebd1ebd08155d846a1d84403df7d\" aria-hidden=\"true\" \/>\n\n\n<div class=\"mh-columns mh-column--a3ca5c20da9a79b596655d502346a1c2 mh-columns--gutter-m\">\n    <div class=\"mh-columns-inner\">\n        \n<div class=\"mh-column mh-column--2a43b94cf21e274f42a787fa2d42d1cd mh-column--12 mh-column--m-12 mh-column--l-12\">\n    \n<div class=\"mh-columns mh-columns--vertical-alignment-center mh-column--f77fde5f98ec350527c5c8c1589df57a mh-columns--gutter-m\">\n    <div class=\"mh-columns-inner\">\n        \n<div class=\"mh-column mh-column--6ca54964541364ddd3503eb1f8979ff9 mh-column--12 mh-column--m-6 mh-column--l-4\">\n    \n    <figure class=\"mh-image mh-image--2a958e9250aec0b845802142c89143a3\" >\n                            <img decoding=\"async\"\n        class=\"\"\n        src=\"https:\/\/www.gesundheit-im-blick.at\/brustkrebs\/wp-content\/uploads\/sites\/578\/2025\/10\/Nachste-Schritte-nach-der-Diagnose_opt.jpg?w=777\"\n        width=\"777\"\n        height=\"612\"\n        loading=\"lazy\"\n        alt=\"Na\u0308chste-Schritte-nach-der-Diagnose\"\n            \/>\n                        <\/figure>\n\n<\/div>\n\n\n<div class=\"mh-column mh-column--b649b866382d48236207eb3ba0209b25 mh-column--12 mh-column--m-12 mh-column--l-8\">\n    \n<h2  class=\"mh-heading mh-heading--left mh-heading--23a96d1e00df88e8b3b80ba69ffc1577\"><strong><strong><strong><strong>N\u00e4chste Schritte nach der Diagnose<\/strong><\/strong><\/strong><\/strong><\/h2>\n\n\n<p\n    class=\"mh-paragraph mh-paragraph--left mh-paragraph--87a2faf74151bfcac5b27d27e4df4090\"\n    >\n    Nach der Diagnosesicherung erfolgt die individuelle Therapieplanung. Grundlage daf\u00fcr sind das Tumorstadium, die Tumorbiologie und pers\u00f6nliche Faktoren. In zertifizierten Brustzentren bespricht ein interdisziplin\u00e4res Tumorboard die Befunde und empfiehlt eine ma\u00dfgeschneiderte Behandlung.<\/p>\n\n\n\n<p\n    class=\"mh-paragraph mh-paragraph--left mh-paragraph--3fdc18b1dba7ea36f7649133ba92f5d3\"\n    >\n    Zu den Behandlungsm\u00f6glichkeiten z\u00e4hlen Operation, Strahlentherapie, Chemotherapie, Antihormontherapie und zielgerichtete Medikamente. Welche Kombination sinnvoll ist, h\u00e4ngt von der individuellen Situation ab. Betroffene sollten ausreichend Zeit f\u00fcr Fragen und ggf. eine Zweitmeinung einplanen.<\/p>\n\n\n<hr class=\"mh-spacer mh-spacer--1153ac499d022d1ac6eaa9ce1d16cbfd\" aria-hidden=\"true\" \/>\n\n\n<div  class=\"mh-links mh-links--align-left mh-links--justified-start\">\n\n<a\n  class=\"mh-button mh-button--center mh-button--65eadd431ecba4d6a2c1f391e76b62a1 mh-button--ghost mh-button--rounded\"\n  href=\"https:\/\/www.gesundheit-im-blick.at\/brustkrebs\/spezialistinnen\/#zertifiziertes-brustzentrum\"\n  target=\"_self\"\n  rel=\"\"\n      aria-label=\"Spezialist:innen finden\"\n      >\n\n      <span class=\"mh-anchor-label\">\n      <span class=\"\">Spezialist:innen finden<\/span>    <\/span>\n      <\/a>\n\n\n<\/div>\n<\/div>\n\n    <\/div>\n<\/div>\n\n<\/div>\n\n    <\/div>\n<\/div>\n\n    <\/div>\n<\/div>\n\n\n<div class=\"mh-columns mh-column--f5dacfea5e0667e65f97c416116af557 mh-columns--gutter-m\">\n    <div class=\"mh-columns-inner\">\n        \n<div class=\"mh-column mh-column--658619328d4e698b1628c2fee6d9c5ad mh-column--12 mh-column--m-12 mh-column--l-12\">\n    \n<h2  class=\"mh-heading mh-heading--left mh-heading--df6df9fbb35218b7638bae69573e75fa\"><strong>H\u00e4ufige Fragen <mark style=\"background-color:rgba(0, 0, 0, 0);color:#c9689e\" class=\"has-inline-color\">(FAQ)<\/mark><\/strong><\/h2>\n\n\n<section class=\"mh-content-14\">\n    \n<div class=\"mh-accordion mh-accordion--30c19f0b0c2ffa99c6298506f9220500 mh-accordion--multiple\" data-configuration=\"{&quot;variation&quot;:&quot;multiple&quot;,&quot;speed&quot;:250}\">\n    \n\n<section class=\"mh-accordion-molecule mh-accordion-molecule--6ddf0ef4f43105b0d775fa6167992ec2 mh-accordion-molecule--closed\"  >\n    <header class=\"mh-accordion-molecule-header\">\n                    <span class=\"mh-accordion-molecule-header__icon\">\n                        <img decoding=\"async\"\n        class=\"\"\n        src=\"https:\/\/www.gesundheit-im-blick.at\/brustkrebs\/wp-content\/uploads\/sites\/578\/2025\/09\/question-answer_11524634-2.svg\"\n        width=\"\"\n        height=\"\"\n        loading=\"lazy\"\n        alt=\"question-answer-icon\"\n            \/>\n                <\/span>\n                <h4 class=\"mh-accordion-molecule-header__heading\">\n            <button class=\"mh-accordion-molecule-header__heading-trigger\" aria-expanded=\"false\" type=\"button\">\n                <strong>Was tun bei Verdacht auf Brustkrebs?<\/strong>            <\/button>\n        <\/h4>\n        <span class=\"mh-accordion-molecule-header__icon-dropdown\">\n            \n<svg width=\"1em\" height=\"1em\" class=\"mh-icon mh-icon--kind-generic mh-icon--name-dropdown-arrow mh-icon--dropdown-arrow\" role=\"img\" aria-hidden=\"true\">\n    \n    \n    <use xlink:href=\"https:\/\/www.gesundheit-im-blick.at\/brustkrebs\/wp-content\/themes\/cex-wpvip-mh-theme-3.1\/modules\/theme\/resources\/icons\/svg\/generic\/dropdown-arrow.svg#dropdown-arrow\"><\/use>\n<\/svg>\n        <\/span>\n    <\/header>\n    <div class=\"mh-accordion-molecule-content\">\n        <div class=\"mh-accordion-molecule-content__body\">\n            \n\n<p\n    class=\"mh-paragraph mh-paragraph--f82b553b7ebac187f5dd23e089513a0c\"\n    >\n    Suchen Sie umgehend eine gyn\u00e4kologische Praxis auf. Dort werden erste Untersuchungen durchgef\u00fchrt und \u2013 falls n\u00f6tig \u2013 eine \u00dcberweisung in ein Brustzentrum veranlasst.<\/p>\n\n\n<hr class=\"mh-spacer mh-spacer--8059a3a2391246c927d67d322fd0288c\" aria-hidden=\"true\" \/>\n\n        <\/div>\n    <\/div>\n<\/section>\n\n\n\n<section class=\"mh-accordion-molecule mh-accordion-molecule--319d2fcaa5c5948d6416e009b79ec3db mh-accordion-molecule--closed\"  >\n    <header class=\"mh-accordion-molecule-header\">\n                    <span class=\"mh-accordion-molecule-header__icon\">\n                        <img decoding=\"async\"\n        class=\"\"\n        src=\"https:\/\/www.gesundheit-im-blick.at\/brustkrebs\/wp-content\/uploads\/sites\/578\/2025\/09\/question-answer_11524634-2.svg\"\n        width=\"\"\n        height=\"\"\n        loading=\"lazy\"\n        alt=\"question-answer-icon\"\n            \/>\n                <\/span>\n                <h4 class=\"mh-accordion-molecule-header__heading\">\n            <button class=\"mh-accordion-molecule-header__heading-trigger\" aria-expanded=\"false\" type=\"button\">\n                <strong><strong>Welche Untersuchungen sind notwendig?<\/strong><\/strong>            <\/button>\n        <\/h4>\n        <span class=\"mh-accordion-molecule-header__icon-dropdown\">\n            \n<svg width=\"1em\" height=\"1em\" class=\"mh-icon mh-icon--kind-generic mh-icon--name-dropdown-arrow mh-icon--dropdown-arrow\" role=\"img\" aria-hidden=\"true\">\n    \n    \n    <use xlink:href=\"https:\/\/www.gesundheit-im-blick.at\/brustkrebs\/wp-content\/themes\/cex-wpvip-mh-theme-3.1\/modules\/theme\/resources\/icons\/svg\/generic\/dropdown-arrow.svg#dropdown-arrow\"><\/use>\n<\/svg>\n        <\/span>\n    <\/header>\n    <div class=\"mh-accordion-molecule-content\">\n        <div class=\"mh-accordion-molecule-content__body\">\n            \n\n<p\n    class=\"mh-paragraph mh-paragraph--8edfbbcdf1e15a30e7a0233a303fccc8\"\n    >\n    In der Regel geh\u00f6ren dazu k\u00f6rperliche Untersuchung, Mammographie, Ultraschall und ggf. MRT. Eine Biopsie sichert die Diagnose endg\u00fcltig.<\/p>\n\n\n<hr class=\"mh-spacer mh-spacer--c9ec6d9328a0582caf46bf99e4818141\" aria-hidden=\"true\" \/>\n\n        <\/div>\n    <\/div>\n<\/section>\n\n\n\n<section class=\"mh-accordion-molecule mh-accordion-molecule--59c5345bd66c1266e398ad5bb4de5467 mh-accordion-molecule--closed\"  >\n    <header class=\"mh-accordion-molecule-header\">\n                    <span class=\"mh-accordion-molecule-header__icon\">\n                        <img decoding=\"async\"\n        class=\"\"\n        src=\"https:\/\/www.gesundheit-im-blick.at\/brustkrebs\/wp-content\/uploads\/sites\/578\/2025\/09\/question-answer_11524634-2.svg\"\n        width=\"\"\n        height=\"\"\n        loading=\"lazy\"\n        alt=\"question-answer-icon\"\n            \/>\n                <\/span>\n                <h4 class=\"mh-accordion-molecule-header__heading\">\n            <button class=\"mh-accordion-molecule-header__heading-trigger\" aria-expanded=\"false\" type=\"button\">\n                <strong><strong>Ist eine Brustkrebsdiagnose ein Notfall?<\/strong><\/strong>            <\/button>\n        <\/h4>\n        <span class=\"mh-accordion-molecule-header__icon-dropdown\">\n            \n<svg width=\"1em\" height=\"1em\" class=\"mh-icon mh-icon--kind-generic mh-icon--name-dropdown-arrow mh-icon--dropdown-arrow\" role=\"img\" aria-hidden=\"true\">\n    \n    \n    <use xlink:href=\"https:\/\/www.gesundheit-im-blick.at\/brustkrebs\/wp-content\/themes\/cex-wpvip-mh-theme-3.1\/modules\/theme\/resources\/icons\/svg\/generic\/dropdown-arrow.svg#dropdown-arrow\"><\/use>\n<\/svg>\n        <\/span>\n    <\/header>\n    <div class=\"mh-accordion-molecule-content\">\n        <div class=\"mh-accordion-molecule-content__body\">\n            \n\n<p\n    class=\"mh-paragraph mh-paragraph--220d8ef2292ac41754b3f13c9f9e8097\"\n    >\n    Nein. Auch wenn die Diagnose belastend ist, besteht ausreichend Zeit, um in Ruhe Entscheidungen zu treffen und eine Zweitmeinung einzuholen.<\/p>\n\n\n<hr class=\"mh-spacer mh-spacer--c9ec6d9328a0582caf46bf99e4818141\" aria-hidden=\"true\" \/>\n\n        <\/div>\n    <\/div>\n<\/section>\n\n\n\n<section class=\"mh-accordion-molecule mh-accordion-molecule--61ebe74c06154fe1689e5ad7fbc725ab mh-accordion-molecule--closed\"  >\n    <header class=\"mh-accordion-molecule-header\">\n                    <span class=\"mh-accordion-molecule-header__icon\">\n                        <img decoding=\"async\"\n        class=\"\"\n        src=\"https:\/\/www.gesundheit-im-blick.at\/brustkrebs\/wp-content\/uploads\/sites\/578\/2025\/09\/question-answer_11524634-2.svg\"\n        width=\"\"\n        height=\"\"\n        loading=\"lazy\"\n        alt=\"question-answer-icon\"\n            \/>\n                <\/span>\n                <h4 class=\"mh-accordion-molecule-header__heading\">\n            <button class=\"mh-accordion-molecule-header__heading-trigger\" aria-expanded=\"false\" type=\"button\">\n                <strong><strong>Wo finde ich psychologische Unterst\u00fctzung?<\/strong><\/strong>            <\/button>\n        <\/h4>\n        <span class=\"mh-accordion-molecule-header__icon-dropdown\">\n            \n<svg width=\"1em\" height=\"1em\" class=\"mh-icon mh-icon--kind-generic mh-icon--name-dropdown-arrow mh-icon--dropdown-arrow\" role=\"img\" aria-hidden=\"true\">\n    \n    \n    <use xlink:href=\"https:\/\/www.gesundheit-im-blick.at\/brustkrebs\/wp-content\/themes\/cex-wpvip-mh-theme-3.1\/modules\/theme\/resources\/icons\/svg\/generic\/dropdown-arrow.svg#dropdown-arrow\"><\/use>\n<\/svg>\n        <\/span>\n    <\/header>\n    <div class=\"mh-accordion-molecule-content\">\n        <div class=\"mh-accordion-molecule-content__body\">\n            \n\n<p\n    class=\"mh-paragraph mh-paragraph--9531ac2e7a4d37987baa4df0fc7686ae\"\n    >\n    In \u00d6sterreich bieten Krankenh\u00e4user, die \u00d6sterreichische Krebshilfe und psychoonkologische Fachstellen Hilfe an.<\/p>\n\n\n<hr class=\"mh-spacer mh-spacer--c9ec6d9328a0582caf46bf99e4818141\" aria-hidden=\"true\" \/>\n\n        <\/div>\n    <\/div>\n<\/section>\n\n<\/div>\n\n<\/section>\n\n<\/div>\n\n    <\/div>\n<\/div>\n\n\n<hr class=\"mh-spacer mh-spacer--9d50d31cb6c3cd803a932836350b83ce\" aria-hidden=\"true\" \/>\n\n\n<hr class=\"mh-separator mh-separator--dc15e96140d4f6cd3924eceb006312f8\" aria-hidden=\"true\" \/>\n","protected":false},"excerpt":{"rendered":"","protected":false},"author":1165,"featured_media":0,"parent":0,"menu_order":0,"comment_status":"closed","ping_status":"closed","template":"blank-canvas-template.php","meta":{"_mh_page_language":"en_GB","_mh_page_is_rtl":false,"editor_notices":[],"footnotes":""},"ga4_page_audience":[788],"ga4_page_birn_id":[],"ga4_page_branding":[227],"ga4_page_businessunit":[231],"ga4_page_campaign":[],"ga4_page_content_purpose":[715],"ga4_page_customer_journey_stage":[],"ga4_page_customer_specialty":[],"ga4_page_experience":[],"ga4_page_indication":[431],"ga4_page_material_intent":[438],"ga4_page_product":[522],"ga4_page_region":[662],"ga4_page_therapeuticarea":[689],"class_list":["post-2267","page","type-page","status-publish","hentry"],"yoast_head":"<!-- This site is optimized with the Yoast SEO plugin v23.9 - https:\/\/yoast.com\/wordpress\/plugins\/seo\/ -->\n<title>Brustkrebs Diagnose \u2013 Untersuchungen, Stadien &amp; n\u00e4chste Schritte | Gesundheit im Blick<\/title>\n<meta name=\"description\" content=\"Eine Brustkrebs-Diagnose wirft viele Fragen auf. Erfahren Sie, welche Untersuchungen Klarheit schaffen, wie Stadien bestimmt werden und welche n\u00e4chsten Schritte wichtig sind.\" \/>\n<meta name=\"robots\" content=\"index, follow, max-snippet:-1, max-image-preview:large, max-video-preview:-1\" \/>\n<link rel=\"canonical\" href=\"https:\/\/www.gesundheit-im-blick.at\/brustkrebs\/diagnose\/\" \/>\n<meta property=\"og:locale\" content=\"en_GB\" \/>\n<meta property=\"og:type\" content=\"article\" \/>\n<meta property=\"og:title\" content=\"Brustkrebs Diagnose \u2013 Untersuchungen, Stadien &amp; n\u00e4chste Schritte | Gesundheit im Blick\" \/>\n<meta property=\"og:description\" content=\"Eine Brustkrebs-Diagnose wirft viele Fragen auf. Erfahren Sie, welche Untersuchungen Klarheit schaffen, wie Stadien bestimmt werden und welche n\u00e4chsten Schritte wichtig sind.\" \/>\n<meta property=\"og:url\" content=\"https:\/\/www.gesundheit-im-blick.at\/brustkrebs\/diagnose\/\" \/>\n<meta property=\"og:site_name\" content=\"Brustkrebs\" \/>\n<meta property=\"article:modified_time\" content=\"2026-03-02T11:25:27+00:00\" \/>\n<meta name=\"twitter:card\" content=\"summary_large_image\" \/>\n<script type=\"application\/ld+json\" class=\"yoast-schema-graph\">{\"@context\":\"https:\/\/schema.org\",\"@graph\":[{\"@type\":\"WebPage\",\"@id\":\"https:\/\/www.gesundheit-im-blick.at\/brustkrebs\/diagnose\/\",\"url\":\"https:\/\/www.gesundheit-im-blick.at\/brustkrebs\/diagnose\/\",\"name\":\"Brustkrebs Diagnose \u2013 Untersuchungen, Stadien & n\u00e4chste Schritte | Gesundheit im Blick\",\"isPartOf\":{\"@id\":\"https:\/\/www.gesundheit-im-blick.at\/brustkrebs\/#website\"},\"datePublished\":\"2025-05-16T07:54:56+00:00\",\"dateModified\":\"2026-03-02T11:25:27+00:00\",\"description\":\"Eine Brustkrebs-Diagnose wirft viele Fragen auf. Erfahren Sie, welche Untersuchungen Klarheit schaffen, wie Stadien bestimmt werden und welche n\u00e4chsten Schritte wichtig sind.\",\"breadcrumb\":{\"@id\":\"https:\/\/www.gesundheit-im-blick.at\/brustkrebs\/diagnose\/#breadcrumb\"},\"inLanguage\":\"en-GB\",\"potentialAction\":[{\"@type\":\"ReadAction\",\"target\":[\"https:\/\/www.gesundheit-im-blick.at\/brustkrebs\/diagnose\/\"]}]},{\"@type\":\"BreadcrumbList\",\"@id\":\"https:\/\/www.gesundheit-im-blick.at\/brustkrebs\/diagnose\/#breadcrumb\",\"itemListElement\":[{\"@type\":\"ListItem\",\"position\":1,\"name\":\"Home\",\"item\":\"https:\/\/www.gesundheit-im-blick.at\/brustkrebs\/\"},{\"@type\":\"ListItem\",\"position\":2,\"name\":\"Diagnose\"}]},{\"@type\":\"WebSite\",\"@id\":\"https:\/\/www.gesundheit-im-blick.at\/brustkrebs\/#website\",\"url\":\"https:\/\/www.gesundheit-im-blick.at\/brustkrebs\/\",\"name\":\"Brustkrebs\",\"description\":\"Gesundheit im Blick\",\"potentialAction\":[{\"@type\":\"SearchAction\",\"target\":{\"@type\":\"EntryPoint\",\"urlTemplate\":\"https:\/\/www.gesundheit-im-blick.at\/brustkrebs\/?s={search_term_string}\"},\"query-input\":{\"@type\":\"PropertyValueSpecification\",\"valueRequired\":true,\"valueName\":\"search_term_string\"}}],\"inLanguage\":\"en-GB\"}]}<\/script>\n<!-- \/ Yoast SEO plugin. -->","yoast_head_json":{"title":"Brustkrebs Diagnose \u2013 Untersuchungen, Stadien & n\u00e4chste Schritte | Gesundheit im Blick","description":"Eine Brustkrebs-Diagnose wirft viele Fragen auf. Erfahren Sie, welche Untersuchungen Klarheit schaffen, wie Stadien bestimmt werden und welche n\u00e4chsten Schritte wichtig sind.","robots":{"index":"index","follow":"follow","max-snippet":"max-snippet:-1","max-image-preview":"max-image-preview:large","max-video-preview":"max-video-preview:-1"},"canonical":"https:\/\/www.gesundheit-im-blick.at\/brustkrebs\/diagnose\/","og_locale":"en_GB","og_type":"article","og_title":"Brustkrebs Diagnose \u2013 Untersuchungen, Stadien & n\u00e4chste Schritte | Gesundheit im Blick","og_description":"Eine Brustkrebs-Diagnose wirft viele Fragen auf. Erfahren Sie, welche Untersuchungen Klarheit schaffen, wie Stadien bestimmt werden und welche n\u00e4chsten Schritte wichtig sind.","og_url":"https:\/\/www.gesundheit-im-blick.at\/brustkrebs\/diagnose\/","og_site_name":"Brustkrebs","article_modified_time":"2026-03-02T11:25:27+00:00","twitter_card":"summary_large_image","schema":{"@context":"https:\/\/schema.org","@graph":[{"@type":"WebPage","@id":"https:\/\/www.gesundheit-im-blick.at\/brustkrebs\/diagnose\/","url":"https:\/\/www.gesundheit-im-blick.at\/brustkrebs\/diagnose\/","name":"Brustkrebs Diagnose \u2013 Untersuchungen, Stadien & n\u00e4chste Schritte | Gesundheit im Blick","isPartOf":{"@id":"https:\/\/www.gesundheit-im-blick.at\/brustkrebs\/#website"},"datePublished":"2025-05-16T07:54:56+00:00","dateModified":"2026-03-02T11:25:27+00:00","description":"Eine Brustkrebs-Diagnose wirft viele Fragen auf. Erfahren Sie, welche Untersuchungen Klarheit schaffen, wie Stadien bestimmt werden und welche n\u00e4chsten Schritte wichtig sind.","breadcrumb":{"@id":"https:\/\/www.gesundheit-im-blick.at\/brustkrebs\/diagnose\/#breadcrumb"},"inLanguage":"en-GB","potentialAction":[{"@type":"ReadAction","target":["https:\/\/www.gesundheit-im-blick.at\/brustkrebs\/diagnose\/"]}]},{"@type":"BreadcrumbList","@id":"https:\/\/www.gesundheit-im-blick.at\/brustkrebs\/diagnose\/#breadcrumb","itemListElement":[{"@type":"ListItem","position":1,"name":"Home","item":"https:\/\/www.gesundheit-im-blick.at\/brustkrebs\/"},{"@type":"ListItem","position":2,"name":"Diagnose"}]},{"@type":"WebSite","@id":"https:\/\/www.gesundheit-im-blick.at\/brustkrebs\/#website","url":"https:\/\/www.gesundheit-im-blick.at\/brustkrebs\/","name":"Brustkrebs","description":"Gesundheit im Blick","potentialAction":[{"@type":"SearchAction","target":{"@type":"EntryPoint","urlTemplate":"https:\/\/www.gesundheit-im-blick.at\/brustkrebs\/?s={search_term_string}"},"query-input":{"@type":"PropertyValueSpecification","valueRequired":true,"valueName":"search_term_string"}}],"inLanguage":"en-GB"}]}},"_links":{"self":[{"href":"https:\/\/www.gesundheit-im-blick.at\/brustkrebs\/wp-json\/wp\/v2\/pages\/2267","targetHints":{"allow":["GET"]}}],"collection":[{"href":"https:\/\/www.gesundheit-im-blick.at\/brustkrebs\/wp-json\/wp\/v2\/pages"}],"about":[{"href":"https:\/\/www.gesundheit-im-blick.at\/brustkrebs\/wp-json\/wp\/v2\/types\/page"}],"author":[{"embeddable":true,"href":"https:\/\/www.gesundheit-im-blick.at\/brustkrebs\/wp-json\/wp\/v2\/users\/1165"}],"replies":[{"embeddable":true,"href":"https:\/\/www.gesundheit-im-blick.at\/brustkrebs\/wp-json\/wp\/v2\/comments?post=2267"}],"version-history":[{"count":229,"href":"https:\/\/www.gesundheit-im-blick.at\/brustkrebs\/wp-json\/wp\/v2\/pages\/2267\/revisions"}],"predecessor-version":[{"id":6385,"href":"https:\/\/www.gesundheit-im-blick.at\/brustkrebs\/wp-json\/wp\/v2\/pages\/2267\/revisions\/6385"}],"wp:attachment":[{"href":"https:\/\/www.gesundheit-im-blick.at\/brustkrebs\/wp-json\/wp\/v2\/media?parent=2267"}],"wp:term":[{"taxonomy":"ga4_page_audience","embeddable":true,"href":"https:\/\/www.gesundheit-im-blick.at\/brustkrebs\/wp-json\/wp\/v2\/ga4_page_audience?post=2267"},{"taxonomy":"ga4_page_birn_id","embeddable":true,"href":"https:\/\/www.gesundheit-im-blick.at\/brustkrebs\/wp-json\/wp\/v2\/ga4_page_birn_id?post=2267"},{"taxonomy":"ga4_page_branding","embeddable":true,"href":"https:\/\/www.gesundheit-im-blick.at\/brustkrebs\/wp-json\/wp\/v2\/ga4_page_branding?post=2267"},{"taxonomy":"ga4_page_businessunit","embeddable":true,"href":"https:\/\/www.gesundheit-im-blick.at\/brustkrebs\/wp-json\/wp\/v2\/ga4_page_businessunit?post=2267"},{"taxonomy":"ga4_page_campaign","embeddable":true,"href":"https:\/\/www.gesundheit-im-blick.at\/brustkrebs\/wp-json\/wp\/v2\/ga4_page_campaign?post=2267"},{"taxonomy":"ga4_page_content_purpose","embeddable":true,"href":"https:\/\/www.gesundheit-im-blick.at\/brustkrebs\/wp-json\/wp\/v2\/ga4_page_content_purpose?post=2267"},{"taxonomy":"ga4_page_customer_journey_stage","embeddable":true,"href":"https:\/\/www.gesundheit-im-blick.at\/brustkrebs\/wp-json\/wp\/v2\/ga4_page_customer_journey_stage?post=2267"},{"taxonomy":"ga4_page_customer_specialty","embeddable":true,"href":"https:\/\/www.gesundheit-im-blick.at\/brustkrebs\/wp-json\/wp\/v2\/ga4_page_customer_specialty?post=2267"},{"taxonomy":"ga4_page_experience","embeddable":true,"href":"https:\/\/www.gesundheit-im-blick.at\/brustkrebs\/wp-json\/wp\/v2\/ga4_page_experience?post=2267"},{"taxonomy":"ga4_page_indication","embeddable":true,"href":"https:\/\/www.gesundheit-im-blick.at\/brustkrebs\/wp-json\/wp\/v2\/ga4_page_indication?post=2267"},{"taxonomy":"ga4_page_material_intent","embeddable":true,"href":"https:\/\/www.gesundheit-im-blick.at\/brustkrebs\/wp-json\/wp\/v2\/ga4_page_material_intent?post=2267"},{"taxonomy":"ga4_page_product","embeddable":true,"href":"https:\/\/www.gesundheit-im-blick.at\/brustkrebs\/wp-json\/wp\/v2\/ga4_page_product?post=2267"},{"taxonomy":"ga4_page_region","embeddable":true,"href":"https:\/\/www.gesundheit-im-blick.at\/brustkrebs\/wp-json\/wp\/v2\/ga4_page_region?post=2267"},{"taxonomy":"ga4_page_therapeuticarea","embeddable":true,"href":"https:\/\/www.gesundheit-im-blick.at\/brustkrebs\/wp-json\/wp\/v2\/ga4_page_therapeuticarea?post=2267"}],"curies":[{"name":"wp","href":"https:\/\/api.w.org\/{rel}","templated":true}]}}