{"id":1769,"date":"2025-03-25T12:30:15","date_gmt":"2025-03-25T12:30:15","guid":{"rendered":"https:\/\/mhh-global.com\/gesundheitimblick-at\/?page_id=1769"},"modified":"2026-03-02T12:26:10","modified_gmt":"2026-03-02T11:26:10","slug":"angehorigenhilfe","status":"publish","type":"page","link":"https:\/\/www.gesundheit-im-blick.at\/brustkrebs\/angehorigenhilfe\/","title":{"rendered":"Angeh\u00f6rigenhilfe"},"content":{"rendered":"\n<section class=\"mh-hero-5 mh-hero-5--default mh-hero-5--position-center-left mh-hero-5--aac33822f06f2c01dd0fc5c1c580f0f0 mh-hero-5--align-full\">\n        <figure class=\"mh-hero-5__image mh-image mh-image--c41484ea5676cc9d577b7347d2c56f60 with-aspect-ratio with-aspect-ratio--custom-only-large-screen\">\n        <div class=\"figure-outer\">\n            <div class=\"figure-inner\">\n                                            <img decoding=\"async\"\n        class=\"is-full-width\"\n        src=\"https:\/\/www.gesundheit-im-blick.at\/brustkrebs\/wp-content\/uploads\/sites\/578\/2025\/09\/Angehorigenhilfe.jpg?w=2048\"\n        width=\"2048\"\n        height=\"664\"\n        loading=\"lazy\"\n        alt=\"Angeho\u0308rigenhilfe - banner\"\n            \/>\n                                <\/div>\n        <\/div>\n            <\/figure>\n    \n\n<article class='mh-hero-5-content mh-hero-5-content--296ef3e628f47ff58c597b356df18b7f mh-hero-5-content--default'>\n    \n<h1  class=\"mh-hero-5-content__title mh-heading mh-heading--left mh-heading--2e89c2ccfabb5f67f1f2eec4ab963e6c\"><strong><mark style=\"background-color:rgba(0, 0, 0, 0);color:#c9689e\" class=\"has-inline-color\">Angeh\u00f6rigenhilfe<\/mark> bei Brustkrebs | Unterst\u00fctzung und Tipps<\/strong><\/h1>\n\n\n<p\n    class=\"mh-hero-5-content__text mh-paragraph mh-paragraph--left mh-paragraph--c4cc47e8dfbfbf70df6d3a4c9b534c5d\"\n    >\n    Eine Brustkrebsdiagnose betrifft nicht nur die Patientin selbst, sondern auch ihr gesamtes soziales Umfeld. Angeh\u00f6rige sind in dieser Situation wichtige Begleiterinnen und Begleiter: Sie leisten emotionale Unterst\u00fctzung, \u00fcbernehmen organisatorische Aufgaben und sind oft zentrale Ansprechpartner im Alltag. Gleichzeitig sind sie selbst belastet und ben\u00f6tigen Informationen, Beratung und Entlastung.<\/p>\n\n\n\n<p\n    class=\"mh-hero-5-content__text mh-paragraph mh-paragraph--left mh-paragraph--ea25f51d9cde66b2991f22494fb5d615\"\n    >\n    Sie fragen sich vielleicht, wie Sie bestm\u00f6glich helfen k\u00f6nnen, ohne sich selbst zu verlieren. Professionelle Unterst\u00fctzung, vertrauensvoller Austausch und verl\u00e4ssliche Informationen k\u00f6nnen dabei entlasten.<\/p>\n\n<\/article>\n\n<\/section>\n\n\n<div class=\"mh-element mh-element--ec7c1e5f472fa7dc1265fad8933bfa93 mh-element--align-full\">\n    <div class=\"mh-container\">\n        \n<div class=\"mh-columns mh-columns--align-full mh-column--c91088e112e1fda87a292c594e921e2a mh-columns--gutter-m\">\n    <div class=\"mh-columns-inner\">\n        \n<div class=\"mh-column mh-column--4da97a94361125ade014988108ad7fa7 mh-column--12 mh-column--m-12 mh-column--l-12\">\n    \n<h2  class=\"mh-heading mh-heading--center mh-heading--72c4b7127fd5f3112da6f51e9aadf290\"><strong><strong><strong>Nicht allein durch diese <mark style=\"background-color:rgba(0, 0, 0, 0);color:#c9689e\" class=\"has-inline-color\">Zeit<\/mark><\/strong><\/strong><\/strong><\/h2>\n\n\n<p\n    class=\"mh-paragraph mh-paragraph--center mh-paragraph--193df50e566db6d1becd11e3e4d77598\"\n    >\n    Die Erkrankung eines geliebten Menschen bringt viele Fragen und Unsicherheiten mit sich. Vielleicht fragen Sie sich, wie Sie am besten helfen k\u00f6nnen, ohne sich selbst zu verlieren. Professionelle Unterst\u00fctzung, vertrauensvoller Austausch und verst\u00e4ndliche Informationen k\u00f6nnen entlasten.<\/p>\n\n<\/div>\n\n    <\/div>\n<\/div>\n\n\n<div class=\"mh-columns mh-column--8a1d679f5ac32f0d29bd40a4efab5bb1 mh-columns--gutter-m\">\n    <div class=\"mh-columns-inner\">\n        \n<div class=\"mh-column mh-column--0e1106456baed61e8f430feaf911664d mh-column--12 mh-column--m-12 mh-column--l-12\">\n    \n<div class=\"mh-columns mh-columns--align-full mh-column--945c47f3729d443c280d7a800b4e0535 mh-columns--gutter-m\">\n    <div class=\"mh-columns-inner\">\n        \n<div class=\"mh-column mh-column--a5d2388cba49fc06c00d4ece8964710a mh-column--12 mh-column--m-4 mh-column--l-4\">\n    \n    <figure class=\"mh-image mh-image--0fb7e616b2779cc4ed342884ef96b545 with-aspect-ratio with-aspect-ratio--169\">\n        <div class=\"figure-outer\">\n            <div class=\"figure-inner\">\n                                            <img decoding=\"async\"\n        class=\"\"\n        src=\"https:\/\/www.gesundheit-im-blick.at\/brustkrebs\/wp-content\/uploads\/sites\/578\/2025\/09\/Beratungsstellen.png?w=1594\"\n        width=\"1594\"\n        height=\"902\"\n        loading=\"lazy\"\n        alt=\"Beratungsstellen\"\n            \/>\n                                <\/div>\n        <\/div>\n            <\/figure>\n\n\n<div class=\"mh-columns mh-column--0a05317c7190239f968cda939ac43d0c mh-columns--gutter-m\">\n    <div class=\"mh-columns-inner\">\n        \n<div class=\"mh-column mh-column--7a7cbb2d95d55881523b738ec4b084fd mh-column--12 mh-column--m-12 mh-column--l-12\">\n    \n<hr class=\"mh-spacer mh-spacer--05e3702d509c31d0a74e6afbf665d273\" aria-hidden=\"true\" \/>\n\n\n<h3  class=\"mh-heading mh-heading--center mh-heading--2fbac754559fb6f521f7cd3266b400f6\"><strong><strong><strong>Beratungsstellen<\/strong><\/strong><\/strong><\/h3>\n\n\n<p\n    class=\"mh-paragraph mh-paragraph--center mh-paragraph--2f6f41d2e3a84a373b543bf667f87cd1\"\n    >\n    In ganz \u00d6sterreich finden Angeh\u00f6rige Unterst\u00fctzung bei psychoonkologischen Diensten in Kliniken, der \u00d6sterreichischen Krebshilfe sowie spezialisierten Psychotherapeut:innen. Sie helfen im Umgang mit Gef\u00fchlen wie Angst oder Hilflosigkeit, unterst\u00fctzen bei der Kommunikation mit der Patientin und stellen praxisnahe Informationen sowie Brosch\u00fcren und Online-Materialien zu rechtlichen und sozialen Fragen bereit.<\/p>\n\n<\/div>\n\n    <\/div>\n<\/div>\n\n<\/div>\n\n\n<div class=\"mh-column mh-column--76c5ee81ad83352c1c8e070d5d57f8c5 mh-column--12 mh-column--m-4 mh-column--l-4\">\n    \n    <figure class=\"mh-image mh-image--9ae68f4c3d0587d52dddbc56e7d817d2 with-aspect-ratio with-aspect-ratio--169\">\n        <div class=\"figure-outer\">\n            <div class=\"figure-inner\">\n                                            <img decoding=\"async\"\n        class=\"\"\n        src=\"https:\/\/www.gesundheit-im-blick.at\/brustkrebs\/wp-content\/uploads\/sites\/578\/2025\/09\/Online-Communities.png?w=1595\"\n        width=\"1595\"\n        height=\"902\"\n        loading=\"lazy\"\n        alt=\"Online Communities\"\n            \/>\n                                <\/div>\n        <\/div>\n            <\/figure>\n\n\n<hr class=\"mh-spacer mh-spacer--05e3702d509c31d0a74e6afbf665d273\" aria-hidden=\"true\" \/>\n\n\n<div class=\"mh-columns mh-column--10189b011cbbc07cdc8d67abc1362ae3 mh-columns--gutter-m\">\n    <div class=\"mh-columns-inner\">\n        \n<div class=\"mh-column mh-column--e2d12d5833dd2dd8fbdfe8fac3b9f95c mh-column--12 mh-column--m-12 mh-column--l-12\">\n    \n<h3  class=\"mh-heading mh-heading--center mh-heading--96c4ab3c1f0807dfe73443e0642e7e1b\"><strong><strong>Online Communities<\/strong><\/strong><\/h3>\n\n\n<p\n    class=\"mh-content-19__text mh-paragraph mh-paragraph--center mh-paragraph--3068a22d2d16cd003c89bd9eb847c637\"\n    >\n    Digitale Plattformen erm\u00f6glichen es Angeh\u00f6rigen, Erfahrungen auszutauschen, Fragen zu stellen und auch anonym Unterst\u00fctzung zu suchen. Seri\u00f6se Communities werden moderiert und bieten gepr\u00fcfte Informationen. Sie k\u00f6nnen eine wertvolle Erg\u00e4nzung zur individuellen Beratung darstellen und sind jederzeit zug\u00e4nglich. Gerade in belastenden Situationen wirkt die digitale Unterst\u00fctzung wie ein Sicherheitsnetz. Wichtig ist, auf Qualit\u00e4t zu achten und Angebote von anerkannten Krebsorganisationen zu nutzen.<\/p>\n\n<\/div>\n\n    <\/div>\n<\/div>\n\n<\/div>\n\n\n<div class=\"mh-column mh-column--3847bfb26aa5f6c1d6dba790265603d6 mh-column--12 mh-column--m-4 mh-column--l-4\">\n    \n    <figure class=\"mh-image mh-image--f2fecea48072797cb6495d4f82af434d with-aspect-ratio with-aspect-ratio--169\">\n        <div class=\"figure-outer\">\n            <div class=\"figure-inner\">\n                                            <img decoding=\"async\"\n        class=\"\"\n        src=\"https:\/\/www.gesundheit-im-blick.at\/brustkrebs\/wp-content\/uploads\/sites\/578\/2025\/09\/Selbsthilfegruppen-fur-Angehorige.png?w=1594\"\n        width=\"1594\"\n        height=\"902\"\n        loading=\"lazy\"\n        alt=\"Selbsthilfegruppen fu\u0308r Angeho\u0308rige\"\n            \/>\n                                <\/div>\n        <\/div>\n            <\/figure>\n\n\n<hr class=\"mh-spacer mh-spacer--05e3702d509c31d0a74e6afbf665d273\" aria-hidden=\"true\" \/>\n\n\n<div class=\"mh-columns mh-column--0ee555d18b5e8ad68cb495569e22f89e mh-columns--gutter-m\">\n    <div class=\"mh-columns-inner\">\n        \n<div class=\"mh-column mh-column--b20cd5c7528ce4673dd6b9810168ee51 mh-column--12 mh-column--m-12 mh-column--l-12\">\n    \n<h3  class=\"mh-heading mh-heading--center mh-heading--c0ef367d75af71853a650c8f55a27729\"><strong><strong>Selbsthilfegruppen f\u00fcr Angeh\u00f6rige<\/strong><\/strong><\/h3>\n\n\n<p\n    class=\"mh-content-19__text mh-paragraph mh-paragraph--center mh-paragraph--67e57377fde5fd73497981e02466855c\"\n    >\n    Selbsthilfegruppen bieten Raum f\u00fcr pers\u00f6nlichen Austausch und gegenseitige Unterst\u00fctzung. Angeh\u00f6rige profitieren von praktischen Tipps, Verst\u00e4ndnis und dem Wissen, nicht allein zu sein. Die \u00d6sterreichische Krebshilfe und Europa Donna \u00d6sterreich vermitteln Kontakte zu regionalen Gruppen.<\/p>\n\n<\/div>\n\n    <\/div>\n<\/div>\n\n<\/div>\n\n    <\/div>\n<\/div>\n\n<\/div>\n\n    <\/div>\n<\/div>\n\n    <\/div>\n<\/div>\n\n\n<div id=\"explore\" class=\"mh-element mh-element--17090b1f4a8c8d20caf90a301ab8de4b mh-element--align-full\">\n    <div class=\"mh-container\">\n        \n<div class=\"mh-columns mh-column--bc07acba87466d08246867cf864cfdb6 mh-columns--gutter-m\">\n    <div class=\"mh-columns-inner\">\n        \n<div class=\"mh-column mh-column--71e31e9ce14b6f33ea0742c7b0b32bce mh-column--12 mh-column--m-12 mh-column--l-12\">\n    \n<h2  class=\"mh-heading mh-heading--center mh-heading--95a8911ff1bc25133c3e4d2565b576d7\"><strong>Praktische <mark style=\"background-color:rgba(0, 0, 0, 0);color:#c9689e\" class=\"has-inline-color\">Tipps<\/mark> f\u00fcr den Alltag<\/strong><\/h2>\n\n\n<p\n    class=\"mh-paragraph mh-paragraph--center mh-paragraph--e08007ec829557cfd4e0b27d24e5b9d2\"\n    >\n    \u00a0Angeh\u00f6rige stehen im Alltag oft vor ganz praktischen Herausforderungen. Die folgenden Tipps haben sich bew\u00e4hrt:<\/p>\n\n\n<hr class=\"mh-spacer mh-spacer--7fa5d9213a43f30968191ed7e4cb1185\" aria-hidden=\"true\" \/>\n\n\n<div class=\"mh-columns mh-column--e10514dd728d3257999304cf950b7713 mh-columns--gutter-l\">\n    <div class=\"mh-columns-inner\">\n        \n<div class=\"mh-column mh-column--82b31ccc805e8e7115f7bf32c660543d mh-column--12 mh-column--m-12 mh-column--l-6\">\n    \n<div class=\"mh-columns mh-columns--vertical-alignment-center mh-column--581f1fc679c81b4fb09edd9036135196 mh-columns--gutter-m\">\n    <div class=\"mh-columns-inner\">\n        \n<div class=\"mh-column mh-column--3f4f975686ebe764d86f82222d5cf84e mh-column--3 mh-column--m-2 mh-column--l-2\">\n    \n    <figure class=\"mh-image mh-image--409485add760b214e3a21f53aa917714\" >\n                            <img decoding=\"async\"\n        class=\"\"\n        src=\"https:\/\/www.gesundheit-im-blick.at\/brustkrebs\/wp-content\/uploads\/sites\/578\/2025\/09\/Tipps-01.svg?w=51\"\n        width=\"\"\n        height=\"\"\n        loading=\"lazy\"\n        alt=\"Tipps 01\"\n            \/>\n                        <\/figure>\n\n<\/div>\n\n\n<div class=\"mh-column mh-column--e20415a6cfea20eb1fac4d00f5e929de mh-column--12 mh-column--m-10 mh-column--l-10\">\n    \n<h4  class=\"mh-heading mh-heading--0de8d4b4dce523e57ad3df0e44abf595\"><strong>Offen \u00fcber Gef\u00fchle sprechen und \u00c4ngste ansprechen \u2013 Kommunikation ist ein wichtiger Schl\u00fcssel.<\/strong><\/h4>\n<\/div>\n\n    <\/div>\n<\/div>\n\n\n<hr class=\"mh-spacer mh-spacer--735925ab47ac7712d462f025be85d275\" aria-hidden=\"true\" \/>\n\n\n<hr class=\"mh-separator mh-separator--30ff167ef2ce32c745569d72020f7982\" aria-hidden=\"true\" \/>\n\n\n<hr class=\"mh-spacer mh-spacer--735925ab47ac7712d462f025be85d275\" aria-hidden=\"true\" \/>\n\n\n<div class=\"mh-columns mh-columns--vertical-alignment-center mh-column--a96e4a029b754ec35a54dd535a9bbac6 mh-columns--gutter-m\">\n    <div class=\"mh-columns-inner\">\n        \n<div class=\"mh-column mh-column--91290b141babc4f35e3eb8cb4dc6db56 mh-column--3 mh-column--m-2 mh-column--l-2\">\n    \n    <figure class=\"mh-image mh-image--5543ba9730c00a172bf568ae6a8a254d\" >\n                            <img decoding=\"async\"\n        class=\"\"\n        src=\"https:\/\/www.gesundheit-im-blick.at\/brustkrebs\/wp-content\/uploads\/sites\/578\/2025\/09\/Tipps-02.svg?w=51\"\n        width=\"\"\n        height=\"\"\n        loading=\"lazy\"\n        alt=\"Tipps 02\"\n            \/>\n                        <\/figure>\n\n<\/div>\n\n\n<div class=\"mh-column mh-column--fba6ba22970bf95079d365b8580c3ac9 mh-column--12 mh-column--m-10 mh-column--l-10\">\n    \n<h4  class=\"mh-heading mh-heading--8a3df25992f210f0526c1ff02e2ffe6a\"><strong>Unterst\u00fctzung im Alltag aufteilen, auch Freundeskreis oder Nachbarschaft einbinden.<\/strong><\/h4>\n<\/div>\n\n    <\/div>\n<\/div>\n\n\n<hr class=\"mh-spacer mh-spacer--735925ab47ac7712d462f025be85d275\" aria-hidden=\"true\" \/>\n\n\n<hr class=\"mh-separator mh-separator--30ff167ef2ce32c745569d72020f7982\" aria-hidden=\"true\" \/>\n\n\n<hr class=\"mh-spacer mh-spacer--735925ab47ac7712d462f025be85d275\" aria-hidden=\"true\" \/>\n\n\n<div class=\"mh-columns mh-columns--vertical-alignment-center mh-column--8a61a514dba6a762ba00ffacb2ff9666 mh-columns--gutter-m\">\n    <div class=\"mh-columns-inner\">\n        \n<div class=\"mh-column mh-column--81584c1b9da76e749740532ba6baf0a4 mh-column--3 mh-column--m-2 mh-column--l-2\">\n    \n    <figure class=\"mh-image mh-image--3b06503da2ce19727638c1ec73fba86b\" >\n                            <img decoding=\"async\"\n        class=\"\"\n        src=\"https:\/\/www.gesundheit-im-blick.at\/brustkrebs\/wp-content\/uploads\/sites\/578\/2025\/09\/Tipps-03.svg?w=51\"\n        width=\"\"\n        height=\"\"\n        loading=\"lazy\"\n        alt=\"Tipps 03\"\n            \/>\n                        <\/figure>\n\n<\/div>\n\n\n<div class=\"mh-column mh-column--00897ae4b89189595e2f235ee6149402 mh-column--12 mh-column--m-10 mh-column--l-10\">\n    \n<h4  class=\"mh-heading mh-heading--66d9610e91e5936de8a55cd67f640f18\"><strong>Eigene Bed\u00fcrfnisse ernst nehmen \u2013 regelm\u00e4\u00dfige Pausen und Selbstf\u00fcrsorge sind essenziell.<\/strong><\/h4>\n<\/div>\n\n    <\/div>\n<\/div>\n\n\n<hr class=\"mh-spacer mh-spacer--735925ab47ac7712d462f025be85d275\" aria-hidden=\"true\" \/>\n\n\n<hr class=\"mh-separator mh-separator--30ff167ef2ce32c745569d72020f7982\" aria-hidden=\"true\" \/>\n\n\n<hr class=\"mh-spacer mh-spacer--735925ab47ac7712d462f025be85d275\" aria-hidden=\"true\" \/>\n\n\n<div class=\"mh-columns mh-columns--vertical-alignment-center mh-column--ece25092c510adc35b1ed3a708682067 mh-columns--gutter-m\">\n    <div class=\"mh-columns-inner\">\n        \n<div class=\"mh-column mh-column--cfc95a82d8583697ef504cb13a45bdcd mh-column--3 mh-column--m-2 mh-column--l-2\">\n    \n    <figure class=\"mh-image mh-image--de06201d261852c7d6c6a8abbf5cd994\" >\n                            <img decoding=\"async\"\n        class=\"\"\n        src=\"https:\/\/www.gesundheit-im-blick.at\/brustkrebs\/wp-content\/uploads\/sites\/578\/2025\/09\/Tipps-04.svg?w=51\"\n        width=\"\"\n        height=\"\"\n        loading=\"lazy\"\n        alt=\"Tipps 04\"\n            \/>\n                        <\/figure>\n\n<\/div>\n\n\n<div class=\"mh-column mh-column--082b98a254ea8bed2d086be494f446da mh-column--12 mh-column--m-10 mh-column--l-10\">\n    \n<h4  class=\"mh-heading mh-heading--5067d08b7c791cdc2b8967262bb9d705\"><strong>Gespr\u00e4che mit \u00c4rzt:innen suchen, um Sicherheit im Umgang mit der Erkrankung zu gewinnen.<\/strong><\/h4>\n<\/div>\n\n    <\/div>\n<\/div>\n\n\n<hr class=\"mh-spacer mh-spacer--735925ab47ac7712d462f025be85d275\" aria-hidden=\"true\" \/>\n\n\n<hr class=\"mh-separator mh-separator--30ff167ef2ce32c745569d72020f7982\" aria-hidden=\"true\" \/>\n\n<\/div>\n\n\n<div class=\"mh-column mh-column--322ae61b41075b4b2e0b2b30c14f01e8 mh-column--12 mh-column--m-12 mh-column--l-6\">\n    \n<div class=\"mh-columns mh-columns--vertical-alignment-center mh-column--31a529f3079d6d586e4bae8936363ff3 mh-columns--gutter-m\">\n    <div class=\"mh-columns-inner\">\n        \n<div class=\"mh-column mh-column--bf46e68575e9dec7180189db9c702e0c mh-column--3 mh-column--m-2 mh-column--l-2\">\n    \n    <figure class=\"mh-image mh-image--9e47da1527c6cab563d7d4b6f5a0b4c7\" >\n                            <img decoding=\"async\"\n        class=\"\"\n        src=\"https:\/\/www.gesundheit-im-blick.at\/brustkrebs\/wp-content\/uploads\/sites\/578\/2025\/09\/Tipps-05.svg?w=51\"\n        width=\"\"\n        height=\"\"\n        loading=\"lazy\"\n        alt=\"Tipps 05\"\n            \/>\n                        <\/figure>\n\n<\/div>\n\n\n<div class=\"mh-column mh-column--f60b3c4f4993880ce4ca25a26b789b74 mh-column--12 mh-column--m-10 mh-column--l-10\">\n    \n<h4  class=\"mh-heading mh-heading--a5edfb31108c0f850f6f587112d003ad\"><strong>Kinder altersgerecht informieren und in den Prozess einbeziehen.<\/strong><\/h4>\n<\/div>\n\n    <\/div>\n<\/div>\n\n\n<hr class=\"mh-spacer mh-spacer--735925ab47ac7712d462f025be85d275\" aria-hidden=\"true\" \/>\n\n\n<hr class=\"mh-separator mh-separator--30ff167ef2ce32c745569d72020f7982\" aria-hidden=\"true\" \/>\n\n\n<hr class=\"mh-spacer mh-spacer--735925ab47ac7712d462f025be85d275\" aria-hidden=\"true\" \/>\n\n\n<div class=\"mh-columns mh-columns--vertical-alignment-center mh-column--1f39ca12a4499faeba3ebd11d282213a mh-columns--gutter-m\">\n    <div class=\"mh-columns-inner\">\n        \n<div class=\"mh-column mh-column--7519fccde27d55a8a20fdf604022b4a7 mh-column--3 mh-column--m-2 mh-column--l-2\">\n    \n    <figure class=\"mh-image mh-image--7be3c0c1b82a359e7c91752685abc433\" >\n                            <img decoding=\"async\"\n        class=\"\"\n        src=\"https:\/\/www.gesundheit-im-blick.at\/brustkrebs\/wp-content\/uploads\/sites\/578\/2025\/09\/Tipps-06.svg?w=51\"\n        width=\"\"\n        height=\"\"\n        loading=\"lazy\"\n        alt=\"Tipps 06\"\n            \/>\n                        <\/figure>\n\n<\/div>\n\n\n<div class=\"mh-column mh-column--576ebad20c79f3cf4fb7246f929b1beb mh-column--12 mh-column--m-10 mh-column--l-10\">\n    \n<h4  class=\"mh-heading mh-heading--left mh-heading--c725570ad24f209c441660072639a5b5\"><strong>Rechtliche und organisatorische Hilfen (Pflegekarenz, finanzielle Unterst\u00fctzung) fr\u00fchzeitig kl\u00e4ren.<\/strong><\/h4>\n<\/div>\n\n    <\/div>\n<\/div>\n\n\n<hr class=\"mh-spacer mh-spacer--735925ab47ac7712d462f025be85d275\" aria-hidden=\"true\" \/>\n\n\n<hr class=\"mh-separator mh-separator--30ff167ef2ce32c745569d72020f7982\" aria-hidden=\"true\" \/>\n\n\n<hr class=\"mh-spacer mh-spacer--735925ab47ac7712d462f025be85d275\" aria-hidden=\"true\" \/>\n\n\n<div class=\"mh-columns mh-columns--vertical-alignment-center mh-column--e897f4ac9f8f028bd70bd7cc5a0f4feb mh-columns--gutter-m\">\n    <div class=\"mh-columns-inner\">\n        \n<div class=\"mh-column mh-column--fa703bf5244c1bbf847b5008a08c4531 mh-column--3 mh-column--m-2 mh-column--l-2\">\n    \n    <figure class=\"mh-image mh-image--fa4076762e210cff8f9507cefa9d0740\" >\n                            <img decoding=\"async\"\n        class=\"\"\n        src=\"https:\/\/www.gesundheit-im-blick.at\/brustkrebs\/wp-content\/uploads\/sites\/578\/2025\/09\/Tipps-07.svg?w=51\"\n        width=\"\"\n        height=\"\"\n        loading=\"lazy\"\n        alt=\"Tipps 07\"\n            \/>\n                        <\/figure>\n\n<\/div>\n\n\n<div class=\"mh-column mh-column--cdf015d95d6ce019374bd259c09bcc84 mh-column--12 mh-column--m-10 mh-column--l-10\">\n    \n<h4  class=\"mh-heading mh-heading--7e7eaf664230650594a71562881105aa\"><strong>Checklisten f\u00fchren, um Arzttermine, Medikamente und organisatorische Aufgaben zu koordinieren.<\/strong><\/h4>\n<\/div>\n\n    <\/div>\n<\/div>\n\n\n<hr class=\"mh-spacer mh-spacer--735925ab47ac7712d462f025be85d275\" aria-hidden=\"true\" \/>\n\n\n<hr class=\"mh-separator mh-separator--30ff167ef2ce32c745569d72020f7982\" aria-hidden=\"true\" \/>\n\n\n<hr class=\"mh-spacer mh-spacer--735925ab47ac7712d462f025be85d275\" aria-hidden=\"true\" \/>\n\n\n<div class=\"mh-columns mh-columns--vertical-alignment-center mh-column--cc63dadda8779c92f54e1915020cba7d mh-columns--gutter-m\">\n    <div class=\"mh-columns-inner\">\n        \n<div class=\"mh-column mh-column--47c5ff4e39434f495a5f06a2b3d2e32d mh-column--3 mh-column--m-2 mh-column--l-2\">\n    \n    <figure class=\"mh-image mh-image--7bb102eda2d213d44e60063eb5654906\" >\n                            <img decoding=\"async\"\n        class=\"\"\n        src=\"https:\/\/www.gesundheit-im-blick.at\/brustkrebs\/wp-content\/uploads\/sites\/578\/2025\/09\/Tipps-08.svg?w=51\"\n        width=\"\"\n        height=\"\"\n        loading=\"lazy\"\n        alt=\"Tipps 08\"\n            \/>\n                        <\/figure>\n\n<\/div>\n\n\n<div class=\"mh-column mh-column--3be6093f4b762d2446b6c7e5d9ae1888 mh-column--12 mh-column--m-10 mh-column--l-10\">\n    \n<h4  class=\"mh-heading mh-heading--148bceec9214e0c0a97af7c7f66aaaa3\"><strong>Nicht alles allein machen wollen \u2013 Hilfe annehmen und bewusst um Unterst\u00fctzung bitten.<\/strong><\/h4>\n<\/div>\n\n    <\/div>\n<\/div>\n\n\n<hr class=\"mh-spacer mh-spacer--735925ab47ac7712d462f025be85d275\" aria-hidden=\"true\" \/>\n\n\n<hr class=\"mh-separator mh-separator--30ff167ef2ce32c745569d72020f7982\" aria-hidden=\"true\" \/>\n\n<\/div>\n\n    <\/div>\n<\/div>\n\n<\/div>\n\n    <\/div>\n<\/div>\n\n    <\/div>\n<\/div>\n\n\n<div class=\"mh-columns mh-column--43a0b5f1e9f04f6bac0862bb329f08c7 mh-columns--gutter-m\">\n    <div class=\"mh-columns-inner\">\n        \n<div class=\"mh-column mh-column--72daf90f9454bcdc66dc82519511a5af mh-column--12 mh-column--m-12 mh-column--l-12\">\n    \n<h2  class=\"mh-heading mh-heading--left mh-heading--bfb2e964c427560df071555584e9958a\"><strong>H\u00e4ufige <mark style=\"background-color:rgba(0, 0, 0, 0);color:#c9689e\" class=\"has-inline-color\">Fragen<\/mark> von Angeh\u00f6rigen<\/strong><\/h2>\n\n\n<section class=\"mh-content-14\">\n    \n<div class=\"mh-accordion mh-accordion--0294ac631fde3fbe8f93e4d14c409c72 mh-accordion--multiple\" data-configuration=\"{&quot;variation&quot;:&quot;multiple&quot;,&quot;speed&quot;:250}\">\n    \n\n<section class=\"mh-accordion-molecule mh-accordion-molecule--458bd30d11e7c2accb8342fa299807f5 mh-accordion-molecule--closed\"  >\n    <header class=\"mh-accordion-molecule-header\">\n                    <span class=\"mh-accordion-molecule-header__icon\">\n                        <img decoding=\"async\"\n        class=\"\"\n        src=\"https:\/\/www.gesundheit-im-blick.at\/brustkrebs\/wp-content\/uploads\/sites\/578\/2025\/09\/question-answer_11524634-2.svg\"\n        width=\"\"\n        height=\"\"\n        loading=\"lazy\"\n        alt=\"question-answer-icon\"\n            \/>\n                <\/span>\n                <h4 class=\"mh-accordion-molecule-header__heading\">\n            <button class=\"mh-accordion-molecule-header__heading-trigger\" aria-expanded=\"false\" type=\"button\">\n                <strong><strong>Wie kann ich meine Angeh\u00f6rige emotional unterst\u00fctzen?<\/strong><\/strong>            <\/button>\n        <\/h4>\n        <span class=\"mh-accordion-molecule-header__icon-dropdown\">\n            \n<svg width=\"1em\" height=\"1em\" class=\"mh-icon mh-icon--kind-generic mh-icon--name-dropdown-arrow mh-icon--dropdown-arrow\" role=\"img\" aria-hidden=\"true\">\n    \n    \n    <use xlink:href=\"https:\/\/www.gesundheit-im-blick.at\/brustkrebs\/wp-content\/themes\/cex-wpvip-mh-theme-3.1\/modules\/theme\/resources\/icons\/svg\/generic\/dropdown-arrow.svg#dropdown-arrow\"><\/use>\n<\/svg>\n        <\/span>\n    <\/header>\n    <div class=\"mh-accordion-molecule-content\">\n        <div class=\"mh-accordion-molecule-content__body\">\n            \n\n<p\n    class=\"mh-paragraph mh-paragraph--0e199dab76bcca45ccfd455daf0d623a\"\n    >\n    Empathische Unterst\u00fctzung bedeutet vor allem Zuh\u00f6ren und Pr\u00e4senz. Es geht weniger um L\u00f6sungen als darum, da zu sein, Gef\u00fchle ernst zu nehmen und R\u00fcckzug zu respektieren.<\/p>\n\n\n<hr class=\"mh-spacer mh-spacer--8059a3a2391246c927d67d322fd0288c\" aria-hidden=\"true\" \/>\n\n        <\/div>\n    <\/div>\n<\/section>\n\n\n\n<section class=\"mh-accordion-molecule mh-accordion-molecule--dcd5317431957f433e00ead9425c6b32 mh-accordion-molecule--closed\"  >\n    <header class=\"mh-accordion-molecule-header\">\n                    <span class=\"mh-accordion-molecule-header__icon\">\n                        <img decoding=\"async\"\n        class=\"\"\n        src=\"https:\/\/www.gesundheit-im-blick.at\/brustkrebs\/wp-content\/uploads\/sites\/578\/2025\/09\/question-answer_11524634-2.svg\"\n        width=\"\"\n        height=\"\"\n        loading=\"lazy\"\n        alt=\"question-answer-icon\"\n            \/>\n                <\/span>\n                <h4 class=\"mh-accordion-molecule-header__heading\">\n            <button class=\"mh-accordion-molecule-header__heading-trigger\" aria-expanded=\"false\" type=\"button\">\n                <strong><strong>Wo finde ich Unterst\u00fctzung f\u00fcr mich selbst?<\/strong><\/strong>            <\/button>\n        <\/h4>\n        <span class=\"mh-accordion-molecule-header__icon-dropdown\">\n            \n<svg width=\"1em\" height=\"1em\" class=\"mh-icon mh-icon--kind-generic mh-icon--name-dropdown-arrow mh-icon--dropdown-arrow\" role=\"img\" aria-hidden=\"true\">\n    \n    \n    <use xlink:href=\"https:\/\/www.gesundheit-im-blick.at\/brustkrebs\/wp-content\/themes\/cex-wpvip-mh-theme-3.1\/modules\/theme\/resources\/icons\/svg\/generic\/dropdown-arrow.svg#dropdown-arrow\"><\/use>\n<\/svg>\n        <\/span>\n    <\/header>\n    <div class=\"mh-accordion-molecule-content\">\n        <div class=\"mh-accordion-molecule-content__body\">\n            \n\n<p\n    class=\"mh-paragraph mh-paragraph--4f396053ee78b4b557c3b3a2fc4e6cea\"\n    >\n    Beratungsstellen wie die \u00d6sterreichische Krebshilfe bieten Entlastungsgespr\u00e4che, praktische Tipps und Kontakte zu Selbsthilfegruppen \u2013 auch f\u00fcr Angeh\u00f6rige.<\/p>\n\n\n<hr class=\"mh-spacer mh-spacer--c9ec6d9328a0582caf46bf99e4818141\" aria-hidden=\"true\" \/>\n\n        <\/div>\n    <\/div>\n<\/section>\n\n\n\n<section class=\"mh-accordion-molecule mh-accordion-molecule--4e44b6ab39c877cc4313756e9c89d447 mh-accordion-molecule--closed\"  >\n    <header class=\"mh-accordion-molecule-header\">\n                    <span class=\"mh-accordion-molecule-header__icon\">\n                        <img decoding=\"async\"\n        class=\"\"\n        src=\"https:\/\/www.gesundheit-im-blick.at\/brustkrebs\/wp-content\/uploads\/sites\/578\/2025\/09\/question-answer_11524634-2.svg\"\n        width=\"\"\n        height=\"\"\n        loading=\"lazy\"\n        alt=\"question-answer-icon\"\n            \/>\n                <\/span>\n                <h4 class=\"mh-accordion-molecule-header__heading\">\n            <button class=\"mh-accordion-molecule-header__heading-trigger\" aria-expanded=\"false\" type=\"button\">\n                <strong><strong>Wie gehe ich mit meiner eigenen Belastung um?<\/strong><\/strong>            <\/button>\n        <\/h4>\n        <span class=\"mh-accordion-molecule-header__icon-dropdown\">\n            \n<svg width=\"1em\" height=\"1em\" class=\"mh-icon mh-icon--kind-generic mh-icon--name-dropdown-arrow mh-icon--dropdown-arrow\" role=\"img\" aria-hidden=\"true\">\n    \n    \n    <use xlink:href=\"https:\/\/www.gesundheit-im-blick.at\/brustkrebs\/wp-content\/themes\/cex-wpvip-mh-theme-3.1\/modules\/theme\/resources\/icons\/svg\/generic\/dropdown-arrow.svg#dropdown-arrow\"><\/use>\n<\/svg>\n        <\/span>\n    <\/header>\n    <div class=\"mh-accordion-molecule-content\">\n        <div class=\"mh-accordion-molecule-content__body\">\n            \n\n<p\n    class=\"mh-paragraph mh-paragraph--d2d6e58247bcfce25ec225fd18db6311\"\n    >\n    Achten Sie bewusst auf Ihre Grenzen. Holen Sie sich psychologische Unterst\u00fctzung, legen Sie Pausen ein und sprechen Sie \u00fcber Ihre Gef\u00fchle.<\/p>\n\n\n<hr class=\"mh-spacer mh-spacer--c9ec6d9328a0582caf46bf99e4818141\" aria-hidden=\"true\" \/>\n\n        <\/div>\n    <\/div>\n<\/section>\n\n\n\n<section class=\"mh-accordion-molecule mh-accordion-molecule--5db326fb9b32c9bbb39626afb6132a8a mh-accordion-molecule--closed\"  >\n    <header class=\"mh-accordion-molecule-header\">\n                    <span class=\"mh-accordion-molecule-header__icon\">\n                        <img decoding=\"async\"\n        class=\"\"\n        src=\"https:\/\/www.gesundheit-im-blick.at\/brustkrebs\/wp-content\/uploads\/sites\/578\/2025\/09\/question-answer_11524634-2.svg\"\n        width=\"\"\n        height=\"\"\n        loading=\"lazy\"\n        alt=\"question-answer-icon\"\n            \/>\n                <\/span>\n                <h4 class=\"mh-accordion-molecule-header__heading\">\n            <button class=\"mh-accordion-molecule-header__heading-trigger\" aria-expanded=\"false\" type=\"button\">\n                <strong><strong>Gibt es Austauschm\u00f6glichkeiten mit anderen Angeh\u00f6rigen?<\/strong><\/strong>            <\/button>\n        <\/h4>\n        <span class=\"mh-accordion-molecule-header__icon-dropdown\">\n            \n<svg width=\"1em\" height=\"1em\" class=\"mh-icon mh-icon--kind-generic mh-icon--name-dropdown-arrow mh-icon--dropdown-arrow\" role=\"img\" aria-hidden=\"true\">\n    \n    \n    <use xlink:href=\"https:\/\/www.gesundheit-im-blick.at\/brustkrebs\/wp-content\/themes\/cex-wpvip-mh-theme-3.1\/modules\/theme\/resources\/icons\/svg\/generic\/dropdown-arrow.svg#dropdown-arrow\"><\/use>\n<\/svg>\n        <\/span>\n    <\/header>\n    <div class=\"mh-accordion-molecule-content\">\n        <div class=\"mh-accordion-molecule-content__body\">\n            \n\n<p\n    class=\"mh-paragraph mh-paragraph--4bff3e6622f3dc91b627c926316ccdfc\"\n    >\n    Ja. Viele regionale Organisationen und Online-Communities bieten Gespr\u00e4chsgruppen oder moderierte Foren speziell f\u00fcr Angeh\u00f6rige an.<\/p>\n\n\n<hr class=\"mh-spacer mh-spacer--c9ec6d9328a0582caf46bf99e4818141\" aria-hidden=\"true\" \/>\n\n        <\/div>\n    <\/div>\n<\/section>\n\n\n\n<section class=\"mh-accordion-molecule mh-accordion-molecule--59d8b9a45f3edb5c6c4d4ffaa75aef72 mh-accordion-molecule--closed\"  >\n    <header class=\"mh-accordion-molecule-header\">\n                    <span class=\"mh-accordion-molecule-header__icon\">\n                        <img decoding=\"async\"\n        class=\"\"\n        src=\"https:\/\/www.gesundheit-im-blick.at\/brustkrebs\/wp-content\/uploads\/sites\/578\/2025\/09\/question-answer_11524634-2.svg\"\n        width=\"\"\n        height=\"\"\n        loading=\"lazy\"\n        alt=\"question-answer-icon\"\n            \/>\n                <\/span>\n                <h4 class=\"mh-accordion-molecule-header__heading\">\n            <button class=\"mh-accordion-molecule-header__heading-trigger\" aria-expanded=\"false\" type=\"button\">\n                <strong><strong><strong>Was tun, wenn ich mich \u00fcberfordert f\u00fchle?<\/strong><\/strong><\/strong>            <\/button>\n        <\/h4>\n        <span class=\"mh-accordion-molecule-header__icon-dropdown\">\n            \n<svg width=\"1em\" height=\"1em\" class=\"mh-icon mh-icon--kind-generic mh-icon--name-dropdown-arrow mh-icon--dropdown-arrow\" role=\"img\" aria-hidden=\"true\">\n    \n    \n    <use xlink:href=\"https:\/\/www.gesundheit-im-blick.at\/brustkrebs\/wp-content\/themes\/cex-wpvip-mh-theme-3.1\/modules\/theme\/resources\/icons\/svg\/generic\/dropdown-arrow.svg#dropdown-arrow\"><\/use>\n<\/svg>\n        <\/span>\n    <\/header>\n    <div class=\"mh-accordion-molecule-content\">\n        <div class=\"mh-accordion-molecule-content__body\">\n            \n\n<p\n    class=\"mh-paragraph mh-paragraph--c8f838c4e710a85686ae9dc592b6177e\"\n    >\n    \u00dcberforderung ist eine normale Reaktion. Wenden Sie sich an eine psychosoziale Beratungsstelle, sprechen Sie mit Ihrem Hausarzt oder nutzen Sie anonyme Hotlines. Denken Sie daran: Nur wer gut f\u00fcr sich sorgt, kann auch andere langfristig unterst\u00fctzen.<\/p>\n\n\n<hr class=\"mh-spacer mh-spacer--c9ec6d9328a0582caf46bf99e4818141\" aria-hidden=\"true\" \/>\n\n        <\/div>\n    <\/div>\n<\/section>\n\n<\/div>\n\n<\/section>\n\n<\/div>\n\n    <\/div>\n<\/div>\n\n\n<hr class=\"mh-spacer mh-spacer--9d50d31cb6c3cd803a932836350b83ce\" aria-hidden=\"true\" \/>\n\n\n<hr class=\"mh-separator mh-separator--dc15e96140d4f6cd3924eceb006312f8\" aria-hidden=\"true\" \/>\n","protected":false},"excerpt":{"rendered":"","protected":false},"author":1165,"featured_media":0,"parent":0,"menu_order":0,"comment_status":"closed","ping_status":"closed","template":"blank-canvas-template.php","meta":{"_mh_page_language":"en_GB","_mh_page_is_rtl":false,"editor_notices":[],"footnotes":""},"ga4_page_audience":[788],"ga4_page_birn_id":[],"ga4_page_branding":[227],"ga4_page_businessunit":[231],"ga4_page_campaign":[],"ga4_page_content_purpose":[715],"ga4_page_customer_journey_stage":[],"ga4_page_customer_specialty":[],"ga4_page_experience":[],"ga4_page_indication":[431],"ga4_page_material_intent":[438],"ga4_page_product":[522],"ga4_page_region":[662],"ga4_page_therapeuticarea":[689],"class_list":["post-1769","page","type-page","status-publish","hentry"],"yoast_head":"<!-- This site is optimized with the Yoast SEO plugin v23.9 - https:\/\/yoast.com\/wordpress\/plugins\/seo\/ -->\n<title>Angeh\u00f6rigenhilfe bei Brustkrebs | Gesundheit im Blick<\/title>\n<meta name=\"description\" content=\"Brustkrebs betrifft auch Angeh\u00f6rige. Erfahren Sie, wie Sie Betroffene unterst\u00fctzen, eigene Belastungen bew\u00e4ltigen und Hilfe durch Beratungsstellen, Communities &amp; Selbsthilfegruppen finden.\" \/>\n<meta name=\"robots\" content=\"index, follow, max-snippet:-1, max-image-preview:large, max-video-preview:-1\" \/>\n<link rel=\"canonical\" href=\"https:\/\/www.gesundheit-im-blick.at\/brustkrebs\/angehorigenhilfe\/\" \/>\n<meta property=\"og:locale\" content=\"en_GB\" \/>\n<meta property=\"og:type\" content=\"article\" \/>\n<meta property=\"og:title\" content=\"Angeh\u00f6rigenhilfe bei Brustkrebs | Gesundheit im Blick\" \/>\n<meta property=\"og:description\" content=\"Brustkrebs betrifft auch Angeh\u00f6rige. Erfahren Sie, wie Sie Betroffene unterst\u00fctzen, eigene Belastungen bew\u00e4ltigen und Hilfe durch Beratungsstellen, Communities &amp; Selbsthilfegruppen finden.\" \/>\n<meta property=\"og:url\" content=\"https:\/\/www.gesundheit-im-blick.at\/brustkrebs\/angehorigenhilfe\/\" \/>\n<meta property=\"og:site_name\" content=\"Brustkrebs\" \/>\n<meta property=\"article:modified_time\" content=\"2026-03-02T11:26:10+00:00\" \/>\n<meta name=\"twitter:card\" content=\"summary_large_image\" \/>\n<script type=\"application\/ld+json\" class=\"yoast-schema-graph\">{\"@context\":\"https:\/\/schema.org\",\"@graph\":[{\"@type\":\"WebPage\",\"@id\":\"https:\/\/www.gesundheit-im-blick.at\/brustkrebs\/angehorigenhilfe\/\",\"url\":\"https:\/\/www.gesundheit-im-blick.at\/brustkrebs\/angehorigenhilfe\/\",\"name\":\"Angeh\u00f6rigenhilfe bei Brustkrebs | Gesundheit im Blick\",\"isPartOf\":{\"@id\":\"https:\/\/www.gesundheit-im-blick.at\/brustkrebs\/#website\"},\"datePublished\":\"2025-03-25T12:30:15+00:00\",\"dateModified\":\"2026-03-02T11:26:10+00:00\",\"description\":\"Brustkrebs betrifft auch Angeh\u00f6rige. Erfahren Sie, wie Sie Betroffene unterst\u00fctzen, eigene Belastungen bew\u00e4ltigen und Hilfe durch Beratungsstellen, Communities & Selbsthilfegruppen finden.\",\"breadcrumb\":{\"@id\":\"https:\/\/www.gesundheit-im-blick.at\/brustkrebs\/angehorigenhilfe\/#breadcrumb\"},\"inLanguage\":\"en-GB\",\"potentialAction\":[{\"@type\":\"ReadAction\",\"target\":[\"https:\/\/www.gesundheit-im-blick.at\/brustkrebs\/angehorigenhilfe\/\"]}]},{\"@type\":\"BreadcrumbList\",\"@id\":\"https:\/\/www.gesundheit-im-blick.at\/brustkrebs\/angehorigenhilfe\/#breadcrumb\",\"itemListElement\":[{\"@type\":\"ListItem\",\"position\":1,\"name\":\"Home\",\"item\":\"https:\/\/www.gesundheit-im-blick.at\/brustkrebs\/\"},{\"@type\":\"ListItem\",\"position\":2,\"name\":\"Angeh\u00f6rigenhilfe\"}]},{\"@type\":\"WebSite\",\"@id\":\"https:\/\/www.gesundheit-im-blick.at\/brustkrebs\/#website\",\"url\":\"https:\/\/www.gesundheit-im-blick.at\/brustkrebs\/\",\"name\":\"Brustkrebs\",\"description\":\"Gesundheit im Blick\",\"potentialAction\":[{\"@type\":\"SearchAction\",\"target\":{\"@type\":\"EntryPoint\",\"urlTemplate\":\"https:\/\/www.gesundheit-im-blick.at\/brustkrebs\/?s={search_term_string}\"},\"query-input\":{\"@type\":\"PropertyValueSpecification\",\"valueRequired\":true,\"valueName\":\"search_term_string\"}}],\"inLanguage\":\"en-GB\"}]}<\/script>\n<!-- \/ Yoast SEO plugin. -->","yoast_head_json":{"title":"Angeh\u00f6rigenhilfe bei Brustkrebs | Gesundheit im Blick","description":"Brustkrebs betrifft auch Angeh\u00f6rige. Erfahren Sie, wie Sie Betroffene unterst\u00fctzen, eigene Belastungen bew\u00e4ltigen und Hilfe durch Beratungsstellen, Communities & Selbsthilfegruppen finden.","robots":{"index":"index","follow":"follow","max-snippet":"max-snippet:-1","max-image-preview":"max-image-preview:large","max-video-preview":"max-video-preview:-1"},"canonical":"https:\/\/www.gesundheit-im-blick.at\/brustkrebs\/angehorigenhilfe\/","og_locale":"en_GB","og_type":"article","og_title":"Angeh\u00f6rigenhilfe bei Brustkrebs | Gesundheit im Blick","og_description":"Brustkrebs betrifft auch Angeh\u00f6rige. Erfahren Sie, wie Sie Betroffene unterst\u00fctzen, eigene Belastungen bew\u00e4ltigen und Hilfe durch Beratungsstellen, Communities & Selbsthilfegruppen finden.","og_url":"https:\/\/www.gesundheit-im-blick.at\/brustkrebs\/angehorigenhilfe\/","og_site_name":"Brustkrebs","article_modified_time":"2026-03-02T11:26:10+00:00","twitter_card":"summary_large_image","schema":{"@context":"https:\/\/schema.org","@graph":[{"@type":"WebPage","@id":"https:\/\/www.gesundheit-im-blick.at\/brustkrebs\/angehorigenhilfe\/","url":"https:\/\/www.gesundheit-im-blick.at\/brustkrebs\/angehorigenhilfe\/","name":"Angeh\u00f6rigenhilfe bei Brustkrebs | Gesundheit im Blick","isPartOf":{"@id":"https:\/\/www.gesundheit-im-blick.at\/brustkrebs\/#website"},"datePublished":"2025-03-25T12:30:15+00:00","dateModified":"2026-03-02T11:26:10+00:00","description":"Brustkrebs betrifft auch Angeh\u00f6rige. Erfahren Sie, wie Sie Betroffene unterst\u00fctzen, eigene Belastungen bew\u00e4ltigen und Hilfe durch Beratungsstellen, Communities & Selbsthilfegruppen finden.","breadcrumb":{"@id":"https:\/\/www.gesundheit-im-blick.at\/brustkrebs\/angehorigenhilfe\/#breadcrumb"},"inLanguage":"en-GB","potentialAction":[{"@type":"ReadAction","target":["https:\/\/www.gesundheit-im-blick.at\/brustkrebs\/angehorigenhilfe\/"]}]},{"@type":"BreadcrumbList","@id":"https:\/\/www.gesundheit-im-blick.at\/brustkrebs\/angehorigenhilfe\/#breadcrumb","itemListElement":[{"@type":"ListItem","position":1,"name":"Home","item":"https:\/\/www.gesundheit-im-blick.at\/brustkrebs\/"},{"@type":"ListItem","position":2,"name":"Angeh\u00f6rigenhilfe"}]},{"@type":"WebSite","@id":"https:\/\/www.gesundheit-im-blick.at\/brustkrebs\/#website","url":"https:\/\/www.gesundheit-im-blick.at\/brustkrebs\/","name":"Brustkrebs","description":"Gesundheit im Blick","potentialAction":[{"@type":"SearchAction","target":{"@type":"EntryPoint","urlTemplate":"https:\/\/www.gesundheit-im-blick.at\/brustkrebs\/?s={search_term_string}"},"query-input":{"@type":"PropertyValueSpecification","valueRequired":true,"valueName":"search_term_string"}}],"inLanguage":"en-GB"}]}},"_links":{"self":[{"href":"https:\/\/www.gesundheit-im-blick.at\/brustkrebs\/wp-json\/wp\/v2\/pages\/1769","targetHints":{"allow":["GET"]}}],"collection":[{"href":"https:\/\/www.gesundheit-im-blick.at\/brustkrebs\/wp-json\/wp\/v2\/pages"}],"about":[{"href":"https:\/\/www.gesundheit-im-blick.at\/brustkrebs\/wp-json\/wp\/v2\/types\/page"}],"author":[{"embeddable":true,"href":"https:\/\/www.gesundheit-im-blick.at\/brustkrebs\/wp-json\/wp\/v2\/users\/1165"}],"replies":[{"embeddable":true,"href":"https:\/\/www.gesundheit-im-blick.at\/brustkrebs\/wp-json\/wp\/v2\/comments?post=1769"}],"version-history":[{"count":130,"href":"https:\/\/www.gesundheit-im-blick.at\/brustkrebs\/wp-json\/wp\/v2\/pages\/1769\/revisions"}],"predecessor-version":[{"id":6372,"href":"https:\/\/www.gesundheit-im-blick.at\/brustkrebs\/wp-json\/wp\/v2\/pages\/1769\/revisions\/6372"}],"wp:attachment":[{"href":"https:\/\/www.gesundheit-im-blick.at\/brustkrebs\/wp-json\/wp\/v2\/media?parent=1769"}],"wp:term":[{"taxonomy":"ga4_page_audience","embeddable":true,"href":"https:\/\/www.gesundheit-im-blick.at\/brustkrebs\/wp-json\/wp\/v2\/ga4_page_audience?post=1769"},{"taxonomy":"ga4_page_birn_id","embeddable":true,"href":"https:\/\/www.gesundheit-im-blick.at\/brustkrebs\/wp-json\/wp\/v2\/ga4_page_birn_id?post=1769"},{"taxonomy":"ga4_page_branding","embeddable":true,"href":"https:\/\/www.gesundheit-im-blick.at\/brustkrebs\/wp-json\/wp\/v2\/ga4_page_branding?post=1769"},{"taxonomy":"ga4_page_businessunit","embeddable":true,"href":"https:\/\/www.gesundheit-im-blick.at\/brustkrebs\/wp-json\/wp\/v2\/ga4_page_businessunit?post=1769"},{"taxonomy":"ga4_page_campaign","embeddable":true,"href":"https:\/\/www.gesundheit-im-blick.at\/brustkrebs\/wp-json\/wp\/v2\/ga4_page_campaign?post=1769"},{"taxonomy":"ga4_page_content_purpose","embeddable":true,"href":"https:\/\/www.gesundheit-im-blick.at\/brustkrebs\/wp-json\/wp\/v2\/ga4_page_content_purpose?post=1769"},{"taxonomy":"ga4_page_customer_journey_stage","embeddable":true,"href":"https:\/\/www.gesundheit-im-blick.at\/brustkrebs\/wp-json\/wp\/v2\/ga4_page_customer_journey_stage?post=1769"},{"taxonomy":"ga4_page_customer_specialty","embeddable":true,"href":"https:\/\/www.gesundheit-im-blick.at\/brustkrebs\/wp-json\/wp\/v2\/ga4_page_customer_specialty?post=1769"},{"taxonomy":"ga4_page_experience","embeddable":true,"href":"https:\/\/www.gesundheit-im-blick.at\/brustkrebs\/wp-json\/wp\/v2\/ga4_page_experience?post=1769"},{"taxonomy":"ga4_page_indication","embeddable":true,"href":"https:\/\/www.gesundheit-im-blick.at\/brustkrebs\/wp-json\/wp\/v2\/ga4_page_indication?post=1769"},{"taxonomy":"ga4_page_material_intent","embeddable":true,"href":"https:\/\/www.gesundheit-im-blick.at\/brustkrebs\/wp-json\/wp\/v2\/ga4_page_material_intent?post=1769"},{"taxonomy":"ga4_page_product","embeddable":true,"href":"https:\/\/www.gesundheit-im-blick.at\/brustkrebs\/wp-json\/wp\/v2\/ga4_page_product?post=1769"},{"taxonomy":"ga4_page_region","embeddable":true,"href":"https:\/\/www.gesundheit-im-blick.at\/brustkrebs\/wp-json\/wp\/v2\/ga4_page_region?post=1769"},{"taxonomy":"ga4_page_therapeuticarea","embeddable":true,"href":"https:\/\/www.gesundheit-im-blick.at\/brustkrebs\/wp-json\/wp\/v2\/ga4_page_therapeuticarea?post=1769"}],"curies":[{"name":"wp","href":"https:\/\/api.w.org\/{rel}","templated":true}]}}